{"id":114137,"date":"2025-08-04T13:16:03","date_gmt":"2025-08-04T13:16:03","guid":{"rendered":"https:\/\/mwc-cmm.org\/?post_type=mwcresource&#038;p=114137"},"modified":"2025-08-04T13:16:11","modified_gmt":"2025-08-04T13:16:11","slug":"mwc-100-challenge-photos","status":"publish","type":"mwcresource","link":"https:\/\/mwc-cmm.org\/en\/resources\/mwc-100-challenge-photos\/","title":{"rendered":"MWC 100 Challenge: Photos"},"content":{"rendered":"\n<figure class=\"wp-block-image size-large\"><img decoding=\"async\" width=\"1024\" height=\"576\" data-src=\"https:\/\/mwc-cmm.org\/wp-content\/uploads\/2025\/07\/100th-MWC-1024x576.jpg\" alt=\"100th MWC collage\" class=\"wp-image-116149 lazyload\" data-srcset=\"https:\/\/mwc-cmm.org\/wp-content\/uploads\/2025\/07\/100th-MWC-1024x576.jpg 1024w, https:\/\/mwc-cmm.org\/wp-content\/uploads\/2025\/07\/100th-MWC-300x169.jpg 300w, https:\/\/mwc-cmm.org\/wp-content\/uploads\/2025\/07\/100th-MWC-768x432.jpg 768w, https:\/\/mwc-cmm.org\/wp-content\/uploads\/2025\/07\/100th-MWC.jpg 1366w\" data-sizes=\"(max-width: 1024px) 100vw, 1024px\" src=\"data:image\/svg+xml;base64,PHN2ZyB3aWR0aD0iMSIgaGVpZ2h0PSIxIiB4bWxucz0iaHR0cDovL3d3dy53My5vcmcvMjAwMC9zdmciPjwvc3ZnPg==\" style=\"--smush-placeholder-width: 1024px; --smush-placeholder-aspect-ratio: 1024\/576;\" \/><\/figure>\n\n\n\n<h2 class=\"wp-block-heading\">1925-1951<\/h2>\n\n\n\n<details class=\"wp-block-details is-layout-flow wp-block-details-is-layout-flow\"><summary>click arrow to view photos<\/summary>\n<div class=\"wp-block-media-text is-stacked-on-mobile\"><figure class=\"wp-block-media-text__media\"><img decoding=\"async\" width=\"600\" height=\"370\" data-src=\"https:\/\/mwc-cmm.org\/wp-content\/uploads\/2025\/06\/1925MCUSAArchive-14412821606_798790b6b2_o.jpg\" alt=\"\" class=\"wp-image-113997 size-full lazyload\" data-srcset=\"https:\/\/mwc-cmm.org\/wp-content\/uploads\/2025\/06\/1925MCUSAArchive-14412821606_798790b6b2_o.jpg 600w, https:\/\/mwc-cmm.org\/wp-content\/uploads\/2025\/06\/1925MCUSAArchive-14412821606_798790b6b2_o-300x185.jpg 300w\" data-sizes=\"(max-width: 600px) 100vw, 600px\" src=\"data:image\/svg+xml;base64,PHN2ZyB3aWR0aD0iMSIgaGVpZ2h0PSIxIiB4bWxucz0iaHR0cDovL3d3dy53My5vcmcvMjAwMC9zdmciPjwvc3ZnPg==\" style=\"--smush-placeholder-width: 600px; --smush-placeholder-aspect-ratio: 600\/370;\" \/><\/figure><div class=\"wp-block-media-text__content\">\n<p><strong>1925 Switzerland&nbsp;<\/strong><br>Mennonite World Conference Assembly 1, Basel Switzerland, 1925<\/p>\n\n\n\n<p class=\"has-gray-color has-text-color has-link-color has-small-font-size wp-elements-7f96a8ec21474e0d405511eb70e0f017\">Mennonite World Conference Records, 1923-2012. X-009. Mennonite Church USA Archives &#8211; Elkhart. Elkhart, Indiana. Box 19, Folder 1  | <sup><a href=\"https:\/\/www.flickr.com\/photos\/mennonitechurchusa-archives\/14412821606\/in\/album-72157645193761482\">Flickr<\/a><\/sup><\/p>\n<\/div><\/div>\n\n\n\n<div class=\"wp-block-media-text is-stacked-on-mobile\"><figure class=\"wp-block-media-text__media\"><img decoding=\"async\" width=\"800\" height=\"500\" data-src=\"https:\/\/mwc-cmm.org\/wp-content\/uploads\/2025\/06\/1927MCUSAArchive6761162709_819133e5fb_o.jpg\" alt=\"\" class=\"wp-image-114011 size-full lazyload\" data-srcset=\"https:\/\/mwc-cmm.org\/wp-content\/uploads\/2025\/06\/1927MCUSAArchive6761162709_819133e5fb_o.jpg 800w, https:\/\/mwc-cmm.org\/wp-content\/uploads\/2025\/06\/1927MCUSAArchive6761162709_819133e5fb_o-300x188.jpg 300w, https:\/\/mwc-cmm.org\/wp-content\/uploads\/2025\/06\/1927MCUSAArchive6761162709_819133e5fb_o-768x480.jpg 768w\" data-sizes=\"(max-width: 800px) 100vw, 800px\" src=\"data:image\/svg+xml;base64,PHN2ZyB3aWR0aD0iMSIgaGVpZ2h0PSIxIiB4bWxucz0iaHR0cDovL3d3dy53My5vcmcvMjAwMC9zdmciPjwvc3ZnPg==\" style=\"--smush-placeholder-width: 800px; --smush-placeholder-aspect-ratio: 800\/500;\" \/><\/figure><div class=\"wp-block-media-text__content\">\n<p><strong>1927 USA&nbsp;<\/strong><br>Western District youth retreat on Bethel College campus; spelling out the letters B R for &#8220;Bethel Retreat&#8221;. August 1927<\/p>\n\n\n\n<p class=\"has-gray-color has-text-color has-link-color has-small-font-size wp-elements-9bf9746aaa9f441c638dda7dea96bbe6\">Mennonite Library and Archives at Bethel College, North Newton, Kansas | <a href=\"https:\/\/flic.kr\/p\/bisJ7R\">Flickr<\/a><\/p>\n<\/div><\/div>\n\n\n\n<div class=\"wp-block-media-text is-stacked-on-mobile\"><figure class=\"wp-block-media-text__media\"><img decoding=\"async\" width=\"943\" height=\"601\" data-src=\"https:\/\/mwc-cmm.org\/wp-content\/uploads\/2025\/06\/1930Cornelius-Tilitzkys-home.jpg\" alt=\"\" class=\"wp-image-114025 size-full lazyload\" data-srcset=\"https:\/\/mwc-cmm.org\/wp-content\/uploads\/2025\/06\/1930Cornelius-Tilitzkys-home.jpg 943w, https:\/\/mwc-cmm.org\/wp-content\/uploads\/2025\/06\/1930Cornelius-Tilitzkys-home-300x191.jpg 300w, https:\/\/mwc-cmm.org\/wp-content\/uploads\/2025\/06\/1930Cornelius-Tilitzkys-home-768x489.jpg 768w\" data-sizes=\"(max-width: 943px) 100vw, 943px\" src=\"data:image\/svg+xml;base64,PHN2ZyB3aWR0aD0iMSIgaGVpZ2h0PSIxIiB4bWxucz0iaHR0cDovL3d3dy53My5vcmcvMjAwMC9zdmciPjwvc3ZnPg==\" style=\"--smush-placeholder-width: 943px; --smush-placeholder-aspect-ratio: 943\/601;\" \/><\/figure><div class=\"wp-block-media-text__content\">\n<p><strong>1930s Canada\u00a0<\/strong><br><em>Abbotsford Mennonitengemeinde\u202f<\/em>(now Level Ground Mennonite Church) <\/p>\n\n\n\n<p class=\"has-gray-color has-text-color has-link-color has-small-font-size wp-elements-a7479f80d5794684b1be9dae4ea60c6d\">Photo submitted by Rita Ewert.<\/p>\n<\/div><\/div>\n\n\n\n<div class=\"wp-block-media-text is-stacked-on-mobile\"><figure class=\"wp-block-media-text__media\"><img decoding=\"async\" width=\"555\" height=\"370\" data-src=\"https:\/\/mwc-cmm.org\/wp-content\/uploads\/2025\/06\/1930MCUSAArchive14432798581_62f2339099_o.jpg\" alt=\"\" class=\"wp-image-114039 size-full lazyload\" data-srcset=\"https:\/\/mwc-cmm.org\/wp-content\/uploads\/2025\/06\/1930MCUSAArchive14432798581_62f2339099_o.jpg 555w, https:\/\/mwc-cmm.org\/wp-content\/uploads\/2025\/06\/1930MCUSAArchive14432798581_62f2339099_o-300x200.jpg 300w\" data-sizes=\"(max-width: 555px) 100vw, 555px\" src=\"data:image\/svg+xml;base64,PHN2ZyB3aWR0aD0iMSIgaGVpZ2h0PSIxIiB4bWxucz0iaHR0cDovL3d3dy53My5vcmcvMjAwMC9zdmciPjwvc3ZnPg==\" style=\"--smush-placeholder-width: 555px; --smush-placeholder-aspect-ratio: 555\/370;\" \/><\/figure><div class=\"wp-block-media-text__content\">\n<p><strong>1930 Poland<\/strong><br>Mennonite World Conference Assembly 2, Danzig, Poland 1930<\/p>\n\n\n\n<p class=\"has-gray-color has-text-color has-link-color has-small-font-size wp-elements-33d0ba56965b96401062eedb1bc7b604\">Mennonite World Conference Records, 1923-2012. X-009. Mennonite Church USA Archives &#8211; Elkhart. Elkhart, Indiana, Box 20, Folder 2. Mennonite World Conference | <a href=\"https:\/\/www.flickr.com\/photos\/mennonitechurchusa-archives\/14432798581\/in\/album-72157645194029332\/\">Flickr<\/a><\/p>\n<\/div><\/div>\n\n\n\n<div class=\"wp-block-media-text is-stacked-on-mobile\"><figure class=\"wp-block-media-text__media\"><img decoding=\"async\" width=\"1024\" height=\"584\" data-src=\"https:\/\/mwc-cmm.org\/wp-content\/uploads\/2025\/06\/1935MBMA250-10-152-1024x584.jpg\" alt=\"\" class=\"wp-image-114053 size-full lazyload\" data-srcset=\"https:\/\/mwc-cmm.org\/wp-content\/uploads\/2025\/06\/1935MBMA250-10-152-1024x584.jpg 1024w, https:\/\/mwc-cmm.org\/wp-content\/uploads\/2025\/06\/1935MBMA250-10-152-300x171.jpg 300w, https:\/\/mwc-cmm.org\/wp-content\/uploads\/2025\/06\/1935MBMA250-10-152-768x438.jpg 768w, https:\/\/mwc-cmm.org\/wp-content\/uploads\/2025\/06\/1935MBMA250-10-152-1536x876.jpg 1536w, https:\/\/mwc-cmm.org\/wp-content\/uploads\/2025\/06\/1935MBMA250-10-152-2048x1168.jpg 2048w\" data-sizes=\"(max-width: 1024px) 100vw, 1024px\" src=\"data:image\/svg+xml;base64,PHN2ZyB3aWR0aD0iMSIgaGVpZ2h0PSIxIiB4bWxucz0iaHR0cDovL3d3dy53My5vcmcvMjAwMC9zdmciPjwvc3ZnPg==\" style=\"--smush-placeholder-width: 1024px; --smush-placeholder-aspect-ratio: 1024\/584;\" \/><\/figure><div class=\"wp-block-media-text__content\">\n<p><strong>1935 DR Congo\u00a0<\/strong><br>A. A. Janzen baptizing at the Lonyo River, 1935<\/p>\n\n\n\n<p class=\"has-gray-color has-text-color has-link-color has-small-font-size wp-elements-9c19383a3b402fe43c8dd5e022d44f62\">Mennonite Library &amp; Archives at Fresno Pacific University, Multiply (Mennonite Brethren Missions) \/ Congo, A250-10-152.jpg | <a href=\"https:\/\/fresno.canto.com\/v\/MennoniteBrethrenMissions\/album\/MT1G0?display=thumbnail&amp;viewIndex=2&amp;gSortingForward&amp;gOrderProp=name&amp;referenceTo=&amp;from=thumbnail&amp;column=image&amp;id=t5l3j4av990pn7cf8j0noopm24\">DigitalFPU<\/a><\/p>\n<\/div><\/div>\n\n\n\n<div class=\"wp-block-media-text is-stacked-on-mobile\"><figure class=\"wp-block-media-text__media\"><img decoding=\"async\" width=\"600\" height=\"358\" data-src=\"https:\/\/mwc-cmm.org\/wp-content\/uploads\/2025\/06\/1936MCUSAArchive14495209741_3f866914fb_o.jpg\" alt=\"\" class=\"wp-image-114067 size-full lazyload\" data-srcset=\"https:\/\/mwc-cmm.org\/wp-content\/uploads\/2025\/06\/1936MCUSAArchive14495209741_3f866914fb_o.jpg 600w, https:\/\/mwc-cmm.org\/wp-content\/uploads\/2025\/06\/1936MCUSAArchive14495209741_3f866914fb_o-300x179.jpg 300w\" data-sizes=\"(max-width: 600px) 100vw, 600px\" src=\"data:image\/svg+xml;base64,PHN2ZyB3aWR0aD0iMSIgaGVpZ2h0PSIxIiB4bWxucz0iaHR0cDovL3d3dy53My5vcmcvMjAwMC9zdmciPjwvc3ZnPg==\" style=\"--smush-placeholder-width: 600px; --smush-placeholder-aspect-ratio: 600\/358;\" \/><\/figure><div class=\"wp-block-media-text__content\">\n<p><strong>1936 Netherlands&nbsp;&nbsp;<\/strong><br>Mennonite World Conference Assembly 3, Amsterdam, Netherlands, 1936<\/p>\n\n\n\n<p class=\"has-gray-color has-text-color has-link-color has-small-font-size wp-elements-1c7e0dc30fa00c23dccac38b17dc8c45\">Mennonite World Conference Records, 1923-2012. X-009. Mennonite Church USA Archives &#8211; Elkhart. Elkhart, Indiana. Box 19, Folder 3. Mennonite World Conference Assembly 3, Amsterdam, Netherlands, 1936 | <a href=\"https:\/\/www.flickr.com\/photos\/mennonitechurchusa-archives\/14495209741\/in\/album-72157645151201116\/\">Flickr<\/a><\/p>\n<\/div><\/div>\n\n\n\n<div class=\"wp-block-media-text is-stacked-on-mobile\"><figure class=\"wp-block-media-text__media\"><img decoding=\"async\" width=\"1024\" height=\"657\" data-src=\"https:\/\/mwc-cmm.org\/wp-content\/uploads\/2025\/06\/1940MBMA250-11-346-1024x657.jpg\" alt=\"\" class=\"wp-image-114081 size-full lazyload\" data-srcset=\"https:\/\/mwc-cmm.org\/wp-content\/uploads\/2025\/06\/1940MBMA250-11-346-1024x657.jpg 1024w, https:\/\/mwc-cmm.org\/wp-content\/uploads\/2025\/06\/1940MBMA250-11-346-300x192.jpg 300w, https:\/\/mwc-cmm.org\/wp-content\/uploads\/2025\/06\/1940MBMA250-11-346-768x493.jpg 768w, https:\/\/mwc-cmm.org\/wp-content\/uploads\/2025\/06\/1940MBMA250-11-346.jpg 1152w\" data-sizes=\"(max-width: 1024px) 100vw, 1024px\" src=\"data:image\/svg+xml;base64,PHN2ZyB3aWR0aD0iMSIgaGVpZ2h0PSIxIiB4bWxucz0iaHR0cDovL3d3dy53My5vcmcvMjAwMC9zdmciPjwvc3ZnPg==\" style=\"--smush-placeholder-width: 1024px; --smush-placeholder-aspect-ratio: 1024\/657;\" \/><\/figure><div class=\"wp-block-media-text__content\">\n<p><strong>1940 Paraguay\u00a0<\/strong><br>Lengua worship service in Paraguay, 1940<\/p>\n\n\n\n<p class=\"has-gray-color has-text-color has-link-color has-small-font-size wp-elements-2289794e1cfe718700744243c2e36d04\">Mennonite Library &amp; Archives at Fresno Pacific University, Multiply (Mennonite Brethren Missions) \/ Paraguay, A250-11-346.jpg | <a href=\"https:\/\/fresno.canto.com\/v\/MennoniteBrethrenMissions\/album\/NU5LK?display=thumbnail&amp;viewIndex=2&amp;gSortingForward&amp;gOrderProp=name&amp;referenceTo=&amp;from=thumbnail\">DigitalFPU<\/a><\/p>\n<\/div><\/div>\n\n\n\n<div class=\"wp-block-media-text is-stacked-on-mobile\"><figure class=\"wp-block-media-text__media\"><img decoding=\"async\" width=\"569\" height=\"394\" data-src=\"https:\/\/mwc-cmm.org\/wp-content\/uploads\/2025\/06\/1948MCUSAArchive14436442074_88fbd77b9e_o.jpg\" alt=\"\" class=\"wp-image-114095 size-full lazyload\" data-srcset=\"https:\/\/mwc-cmm.org\/wp-content\/uploads\/2025\/06\/1948MCUSAArchive14436442074_88fbd77b9e_o.jpg 569w, https:\/\/mwc-cmm.org\/wp-content\/uploads\/2025\/06\/1948MCUSAArchive14436442074_88fbd77b9e_o-300x208.jpg 300w\" data-sizes=\"(max-width: 569px) 100vw, 569px\" src=\"data:image\/svg+xml;base64,PHN2ZyB3aWR0aD0iMSIgaGVpZ2h0PSIxIiB4bWxucz0iaHR0cDovL3d3dy53My5vcmcvMjAwMC9zdmciPjwvc3ZnPg==\" style=\"--smush-placeholder-width: 569px; --smush-placeholder-aspect-ratio: 569\/394;\" \/><\/figure><div class=\"wp-block-media-text__content\">\n<p><strong>1948 USA<\/strong><br>Mennonite World Conference Assembly 4, Goshen\/Newton, United States, 1948. Fellowship across the seas. Mrs. Leendertz from Holland with conservative Amish sisters from Indiana<\/p>\n\n\n\n<p class=\"has-gray-color has-text-color has-link-color has-small-font-size wp-elements-259f72c3256ff937d2a722d972a03e55\">Mennonite World Conference Records, 1923-2012. X-009. Mennonite Church USA Archives &#8211; Elkhart. Elkhart, Indiana. Box 19, Folder 4. Mennonite World Conference Assembly 4, Goshen\/Newton, United States, 1948 | <a href=\"https:\/\/www.flickr.com\/photos\/mennonitechurchusa-archives\/14436442074\/in\/album-72157645194264302\/\">Flickr<\/a><\/p>\n<\/div><\/div>\n\n\n\n<div class=\"wp-block-media-text is-stacked-on-mobile\"><figure class=\"wp-block-media-text__media\"><img decoding=\"async\" width=\"1024\" height=\"1006\" data-src=\"https:\/\/mwc-cmm.org\/wp-content\/uploads\/2025\/06\/1950MBMShannon082-1024x1006.jpg\" alt=\"\" class=\"wp-image-114109 size-full lazyload\" data-srcset=\"https:\/\/mwc-cmm.org\/wp-content\/uploads\/2025\/06\/1950MBMShannon082-1024x1006.jpg 1024w, https:\/\/mwc-cmm.org\/wp-content\/uploads\/2025\/06\/1950MBMShannon082-300x295.jpg 300w, https:\/\/mwc-cmm.org\/wp-content\/uploads\/2025\/06\/1950MBMShannon082-768x755.jpg 768w, https:\/\/mwc-cmm.org\/wp-content\/uploads\/2025\/06\/1950MBMShannon082-1536x1509.jpg 1536w, https:\/\/mwc-cmm.org\/wp-content\/uploads\/2025\/06\/1950MBMShannon082-2048x2012.jpg 2048w\" data-sizes=\"(max-width: 1024px) 100vw, 1024px\" src=\"data:image\/svg+xml;base64,PHN2ZyB3aWR0aD0iMSIgaGVpZ2h0PSIxIiB4bWxucz0iaHR0cDovL3d3dy53My5vcmcvMjAwMC9zdmciPjwvc3ZnPg==\" style=\"--smush-placeholder-width: 1024px; --smush-placeholder-aspect-ratio: 1024\/1006;\" \/><\/figure><div class=\"wp-block-media-text__content\">\n<p><strong>1950 DR Congo\u00a0<\/strong><br>Elisabeth Shannon with Congolese women and girls who learned to read the New Testament in Tshokwe language, ca. 1950-1953<\/p>\n\n\n\n<p class=\"has-gray-color has-text-color has-link-color has-small-font-size wp-elements-0e998281c7f5bd2498f6aab37dc4d4fc\">Mennonite Library &amp; Archives at Fresno Pacific University, Multiply (Mennonite Brethren Missions) \/ Congo, Shannon082.jpg | <a href=\"https:\/\/fresno.canto.com\/v\/MennoniteBrethrenMissions\/album\/MT1G0?display=thumbnail&amp;viewIndex=2&amp;gSortingForward&amp;gOrderProp=name&amp;referenceTo=&amp;from=thumbnail\">DigitalFPU<\/a><\/p>\n<\/div><\/div>\n\n\n\n<div class=\"wp-block-media-text is-stacked-on-mobile\"><figure class=\"wp-block-media-text__media\"><img decoding=\"async\" width=\"592\" height=\"421\" data-src=\"https:\/\/mwc-cmm.org\/wp-content\/uploads\/2025\/06\/1951AmyJinidBaba.jpg\" alt=\"\" class=\"wp-image-114123 size-full lazyload\" data-srcset=\"https:\/\/mwc-cmm.org\/wp-content\/uploads\/2025\/06\/1951AmyJinidBaba.jpg 592w, https:\/\/mwc-cmm.org\/wp-content\/uploads\/2025\/06\/1951AmyJinidBaba-300x213.jpg 300w\" data-sizes=\"(max-width: 592px) 100vw, 592px\" src=\"data:image\/svg+xml;base64,PHN2ZyB3aWR0aD0iMSIgaGVpZ2h0PSIxIiB4bWxucz0iaHR0cDovL3d3dy53My5vcmcvMjAwMC9zdmciPjwvc3ZnPg==\" style=\"--smush-placeholder-width: 592px; --smush-placeholder-aspect-ratio: 592\/421;\" \/><\/figure><div class=\"wp-block-media-text__content\">\n<p><strong>1951 India\u00a0<\/strong><br>Bihar Mennonite Mandli<\/p>\n\n\n\n<p class=\"has-gray-color has-text-color has-link-color has-small-font-size wp-elements-786ee3bd01cab441b77e989d5d46f80c\">Photo submitted by Amy Jinid Baba<\/p>\n<\/div><\/div>\n\n\n\n<p><\/p>\n<\/details>\n\n\n\n<h2 class=\"wp-block-heading\">1952-1964<\/h2>\n\n\n\n<details class=\"wp-block-details is-layout-flow wp-block-details-is-layout-flow\"><summary>click arrow to view photos<\/summary>\n<div class=\"wp-block-media-text is-stacked-on-mobile\"><figure class=\"wp-block-media-text__media\"><img decoding=\"async\" width=\"576\" height=\"431\" data-src=\"https:\/\/mwc-cmm.org\/wp-content\/uploads\/2025\/06\/1952MCUSAArchive14436706444_18c65f7449_o.jpg\" alt=\"\" class=\"wp-image-114704 size-full lazyload\" data-srcset=\"https:\/\/mwc-cmm.org\/wp-content\/uploads\/2025\/06\/1952MCUSAArchive14436706444_18c65f7449_o.jpg 576w, https:\/\/mwc-cmm.org\/wp-content\/uploads\/2025\/06\/1952MCUSAArchive14436706444_18c65f7449_o-300x224.jpg 300w\" data-sizes=\"(max-width: 576px) 100vw, 576px\" src=\"data:image\/svg+xml;base64,PHN2ZyB3aWR0aD0iMSIgaGVpZ2h0PSIxIiB4bWxucz0iaHR0cDovL3d3dy53My5vcmcvMjAwMC9zdmciPjwvc3ZnPg==\" style=\"--smush-placeholder-width: 576px; --smush-placeholder-aspect-ratio: 576\/431;\" \/><\/figure><div class=\"wp-block-media-text__content\">\n<p><strong>1952 Switzerland<\/strong><br>Mennonite World Conference Assembly 5, Basel, Switzerland, 1952<\/p>\n\n\n\n<p class=\"has-gray-color has-text-color has-link-color has-small-font-size wp-elements-c4ec45612fdb86db1844a144a3a4f640\">Mennonite World Conference Records, 1923-2012. X-009. Mennonite Church USA Archives &#8211; Elkhart. Elkhart, Indiana. Box 19, Folder 5. Mennonite World Conference Assembly 5, Basel, Switzerland | <a href=\"https:\/\/www.flickr.com\/photos\/mennonitechurchusa-archives\/14436706444\/in\/album-72157645208261835\">Flickr<\/a><\/p>\n<\/div><\/div>\n\n\n\n<div class=\"wp-block-media-text is-stacked-on-mobile\"><figure class=\"wp-block-media-text__media\"><img decoding=\"async\" width=\"448\" height=\"315\" data-src=\"https:\/\/mwc-cmm.org\/wp-content\/uploads\/2025\/06\/1954MCUSAArchive8245598198_af71284321_o.jpg\" alt=\"\" class=\"wp-image-114690 size-full lazyload\" data-srcset=\"https:\/\/mwc-cmm.org\/wp-content\/uploads\/2025\/06\/1954MCUSAArchive8245598198_af71284321_o.jpg 448w, https:\/\/mwc-cmm.org\/wp-content\/uploads\/2025\/06\/1954MCUSAArchive8245598198_af71284321_o-300x211.jpg 300w\" data-sizes=\"(max-width: 448px) 100vw, 448px\" src=\"data:image\/svg+xml;base64,PHN2ZyB3aWR0aD0iMSIgaGVpZ2h0PSIxIiB4bWxucz0iaHR0cDovL3d3dy53My5vcmcvMjAwMC9zdmciPjwvc3ZnPg==\" style=\"--smush-placeholder-width: 448px; --smush-placeholder-aspect-ratio: 448\/315;\" \/><\/figure><div class=\"wp-block-media-text__content\">\n<p><strong>1954 Brazil<\/strong><br>Mission to Araguacema, Brazil: feeding children<\/p>\n\n\n\n<p class=\"has-gray-color has-text-color has-link-color has-small-font-size wp-elements-00933286a318b46eb01e445e968cd6e4\">Mennonite Board of Missions Photograph Collection. IV-10-7.2 Box 2 Folder 17, Photo #24. Mennonite Church USA Archives &#8211; Elkhart. Elkhart, Indiana. | Citation: Mennonite Board of Missions Photo #24 | <a href=\"https:\/\/www.flickr.com\/photos\/mennonitechurchusa-archives\/8245598198\/in\/album-72157632057958609\">Flickr<\/a><\/p>\n<\/div><\/div>\n\n\n\n<div class=\"wp-block-media-text is-stacked-on-mobile\"><figure class=\"wp-block-media-text__media\"><img decoding=\"async\" width=\"715\" height=\"821\" data-src=\"https:\/\/mwc-cmm.org\/wp-content\/uploads\/2025\/06\/1957MCUSAArchive53266244906_5f6c59ac55_o.jpg\" alt=\"\" class=\"wp-image-114648 size-full lazyload\" data-srcset=\"https:\/\/mwc-cmm.org\/wp-content\/uploads\/2025\/06\/1957MCUSAArchive53266244906_5f6c59ac55_o.jpg 715w, https:\/\/mwc-cmm.org\/wp-content\/uploads\/2025\/06\/1957MCUSAArchive53266244906_5f6c59ac55_o-261x300.jpg 261w\" data-sizes=\"(max-width: 715px) 100vw, 715px\" src=\"data:image\/svg+xml;base64,PHN2ZyB3aWR0aD0iMSIgaGVpZ2h0PSIxIiB4bWxucz0iaHR0cDovL3d3dy53My5vcmcvMjAwMC9zdmciPjwvc3ZnPg==\" style=\"--smush-placeholder-width: 715px; --smush-placeholder-aspect-ratio: 715\/821;\" \/><\/figure><div class=\"wp-block-media-text__content\">\n<p><strong>1957 Jamaica<\/strong><br>Three children born within a month in the Constant Spring, Jamaica, congregation. Left to right: Irene Moore with Rosemarie, Joyce Jones with David, and Erma Metzler with Philip Larry, 1957<\/p>\n\n\n\n<p class=\"has-gray-color has-text-color has-link-color has-small-font-size wp-elements-f5da20203f84aeeea574159cf68069ca\">Mennonite Board of Missions Photograph Collection. IV-10-7.2, Box 5, Folder 33, Photo #27. Mennonite Church Archives. Elkhart, Indiana. | <a href=\"https:\/\/www.flickr.com\/photos\/mennonitechurchusa-archives\/53266244906\/in\/album-72177720311967409\/\">Flickr<\/a><br><\/p>\n<\/div><\/div>\n\n\n\n<div class=\"wp-block-media-text is-stacked-on-mobile\"><figure class=\"wp-block-media-text__media\"><img decoding=\"async\" width=\"592\" height=\"393\" data-src=\"https:\/\/mwc-cmm.org\/wp-content\/uploads\/2025\/06\/1957MCUSAArchive14475649376_ebd334342b_o.jpg\" alt=\"\" class=\"wp-image-114662 size-full lazyload\" data-srcset=\"https:\/\/mwc-cmm.org\/wp-content\/uploads\/2025\/06\/1957MCUSAArchive14475649376_ebd334342b_o.jpg 592w, https:\/\/mwc-cmm.org\/wp-content\/uploads\/2025\/06\/1957MCUSAArchive14475649376_ebd334342b_o-300x199.jpg 300w\" data-sizes=\"(max-width: 592px) 100vw, 592px\" src=\"data:image\/svg+xml;base64,PHN2ZyB3aWR0aD0iMSIgaGVpZ2h0PSIxIiB4bWxucz0iaHR0cDovL3d3dy53My5vcmcvMjAwMC9zdmciPjwvc3ZnPg==\" style=\"--smush-placeholder-width: 592px; --smush-placeholder-aspect-ratio: 592\/393;\" \/><\/figure><div class=\"wp-block-media-text__content\">\n<p><strong>1957 Germany<\/strong><br>Mennonite World Conference Assembly 6, Karlsruhe, Germany, 1957. From left to right:Theo Gl\u00fcck, Olin A. Krehbiel, Abraham Braun, Harold S. Bender, H.W. Meihuizen, H.H. Janzen, Samuel Gerber<\/p>\n\n\n\n<p class=\"has-gray-color has-text-color has-link-color has-small-font-size wp-elements-08327f3aef0e6fee3e4ec9b0c478d530\">Mennonite World Conference Records, 1923-2012. X-009. Mennonite Church USA Archives &#8211; Elkhart. Elkhart, Indiana. Box 19, Folder 6. | <a href=\"https:\/\/www.flickr.com\/photos\/mennonitechurchusa-archives\/14475649376\/in\/album-72157645196320371\/\">Flickr<\/a><\/p>\n<\/div><\/div>\n\n\n\n<div class=\"wp-block-media-text is-stacked-on-mobile\"><figure class=\"wp-block-media-text__media\"><img decoding=\"async\" width=\"1016\" height=\"696\" data-src=\"https:\/\/mwc-cmm.org\/wp-content\/uploads\/2025\/06\/1957MBMA250-8-10.jpg\" alt=\"\" class=\"wp-image-114676 size-full lazyload\" data-srcset=\"https:\/\/mwc-cmm.org\/wp-content\/uploads\/2025\/06\/1957MBMA250-8-10.jpg 1016w, https:\/\/mwc-cmm.org\/wp-content\/uploads\/2025\/06\/1957MBMA250-8-10-300x206.jpg 300w, https:\/\/mwc-cmm.org\/wp-content\/uploads\/2025\/06\/1957MBMA250-8-10-768x526.jpg 768w\" data-sizes=\"(max-width: 1016px) 100vw, 1016px\" src=\"data:image\/svg+xml;base64,PHN2ZyB3aWR0aD0iMSIgaGVpZ2h0PSIxIiB4bWxucz0iaHR0cDovL3d3dy53My5vcmcvMjAwMC9zdmciPjwvc3ZnPg==\" style=\"--smush-placeholder-width: 1016px; --smush-placeholder-aspect-ratio: 1016\/696;\" \/><\/figure><div class=\"wp-block-media-text__content\">\n<p><strong>1957 Japan<\/strong><br>Kyoichi Kitano performing baptism in Nosegawa River, August 18, 1957<\/p>\n\n\n\n<p class=\"has-gray-color has-text-color has-link-color has-small-font-size wp-elements-f16b5d574789ba2262d1653c9743ed97\">Mennonite Library &amp; Archives at Fresno Pacific University, Multiply (Mennonite Brethren Missions) | <a href=\"https:\/\/fresno.canto.com\/v\/MennoniteBrethrenMissions\/album\/RPGNV?display=thumbnail&amp;viewIndex=2&amp;gSortingForward&amp;gOrderProp=name&amp;referenceTo=&amp;from=thumbnail\">DigitalFPU<\/a><\/p>\n<\/div><\/div>\n\n\n\n<div class=\"wp-block-media-text is-stacked-on-mobile\"><figure class=\"wp-block-media-text__media\"><img decoding=\"async\" width=\"1024\" height=\"630\" data-src=\"https:\/\/mwc-cmm.org\/wp-content\/uploads\/2025\/06\/1959MBMA250-6-127-1024x630.jpg\" alt=\"\" class=\"wp-image-114634 size-full lazyload\" data-srcset=\"https:\/\/mwc-cmm.org\/wp-content\/uploads\/2025\/06\/1959MBMA250-6-127-1024x630.jpg 1024w, https:\/\/mwc-cmm.org\/wp-content\/uploads\/2025\/06\/1959MBMA250-6-127-300x184.jpg 300w, https:\/\/mwc-cmm.org\/wp-content\/uploads\/2025\/06\/1959MBMA250-6-127-768x472.jpg 768w, https:\/\/mwc-cmm.org\/wp-content\/uploads\/2025\/06\/1959MBMA250-6-127-1536x944.jpg 1536w, https:\/\/mwc-cmm.org\/wp-content\/uploads\/2025\/06\/1959MBMA250-6-127.jpg 1667w\" data-sizes=\"(max-width: 1024px) 100vw, 1024px\" src=\"data:image\/svg+xml;base64,PHN2ZyB3aWR0aD0iMSIgaGVpZ2h0PSIxIiB4bWxucz0iaHR0cDovL3d3dy53My5vcmcvMjAwMC9zdmciPjwvc3ZnPg==\" style=\"--smush-placeholder-width: 1024px; --smush-placeholder-aspect-ratio: 1024\/630;\" \/><\/figure><div class=\"wp-block-media-text__content\">\n<p><strong>1959 India<\/strong><br>Easter Sunday baptism at Mahbubnagar<\/p>\n\n\n\n<p class=\"has-gray-color has-text-color has-link-color has-small-font-size wp-elements-a286ea325c4f6608055cf0de23f7f577\">Mennonite Library &amp; Archives at Fresno Pacific University, Multiply (Mennonite Brethren Missions) \/ Congo, A250-6-127.jpg | <a href=\"https:\/\/fresno.canto.com\/v\/MennoniteBrethrenMissions\/album\/H7IE4?display=thumbnail&amp;viewIndex=2&amp;gSortingForward&amp;gOrderProp=name&amp;referenceTo=&amp;from=thumbnail\">DigitalFPU<\/a><\/p>\n<\/div><\/div>\n\n\n\n<div class=\"wp-block-media-text is-stacked-on-mobile\"><figure class=\"wp-block-media-text__media\"><img decoding=\"async\" width=\"1024\" height=\"734\" data-src=\"https:\/\/mwc-cmm.org\/wp-content\/uploads\/2025\/06\/1960MBMA250-12-0210-1024x734.jpg\" alt=\"\" class=\"wp-image-114620 size-full lazyload\" data-srcset=\"https:\/\/mwc-cmm.org\/wp-content\/uploads\/2025\/06\/1960MBMA250-12-0210-1024x734.jpg 1024w, https:\/\/mwc-cmm.org\/wp-content\/uploads\/2025\/06\/1960MBMA250-12-0210-300x215.jpg 300w, https:\/\/mwc-cmm.org\/wp-content\/uploads\/2025\/06\/1960MBMA250-12-0210-768x551.jpg 768w, https:\/\/mwc-cmm.org\/wp-content\/uploads\/2025\/06\/1960MBMA250-12-0210.jpg 1116w\" data-sizes=\"(max-width: 1024px) 100vw, 1024px\" src=\"data:image\/svg+xml;base64,PHN2ZyB3aWR0aD0iMSIgaGVpZ2h0PSIxIiB4bWxucz0iaHR0cDovL3d3dy53My5vcmcvMjAwMC9zdmciPjwvc3ZnPg==\" style=\"--smush-placeholder-width: 1024px; --smush-placeholder-aspect-ratio: 1024\/734;\" \/><\/figure><div class=\"wp-block-media-text__content\">\n<p><strong>1960 Brazil<\/strong><br>Guarituba Mennonite Brethren Church<\/p>\n\n\n\n<p class=\"has-gray-color has-text-color has-link-color has-small-font-size wp-elements-9b46000b1558e911205b74aa505af3c5\">Mennonite Library &amp; Archives at Fresno Pacific University, Multiply (Mennonite Brethren Missions) \/ Brazil, A250-12-0210.jpg. | <a href=\"https:\/\/fresno.canto.com\/v\/MennoniteBrethrenMissions\/album\/OKH2R?display=thumbnail&amp;viewIndex=2&amp;gSortingForward&amp;gOrderProp=name&amp;referenceTo=&amp;from=thumbnail\">DigitalFPU<\/a><\/p>\n<\/div><\/div>\n\n\n\n<div class=\"wp-block-media-text is-stacked-on-mobile\"><figure class=\"wp-block-media-text__media\"><img decoding=\"async\" width=\"568\" height=\"451\" data-src=\"https:\/\/mwc-cmm.org\/wp-content\/uploads\/2025\/06\/1962MCUSAArchive14252000519_d4b29ef49b_o.jpg\" alt=\"\" class=\"wp-image-114606 size-full lazyload\" data-srcset=\"https:\/\/mwc-cmm.org\/wp-content\/uploads\/2025\/06\/1962MCUSAArchive14252000519_d4b29ef49b_o.jpg 568w, https:\/\/mwc-cmm.org\/wp-content\/uploads\/2025\/06\/1962MCUSAArchive14252000519_d4b29ef49b_o-300x238.jpg 300w\" data-sizes=\"(max-width: 568px) 100vw, 568px\" src=\"data:image\/svg+xml;base64,PHN2ZyB3aWR0aD0iMSIgaGVpZ2h0PSIxIiB4bWxucz0iaHR0cDovL3d3dy53My5vcmcvMjAwMC9zdmciPjwvc3ZnPg==\" style=\"--smush-placeholder-width: 568px; --smush-placeholder-aspect-ratio: 568\/451;\" \/><\/figure><div class=\"wp-block-media-text__content\">\n<p><strong>1962 Canada<\/strong><br>Mennonite World Conference Assembly 7, Kitchener, Ontario, 1962<\/p>\n\n\n\n<p class=\"has-gray-color has-text-color has-link-color has-small-font-size wp-elements-76746ba4865eaaaba50e79ead0ac54d8\">Mennonite World Conference Records, 1923-2012. X-009. Mennonite Church USA Archives &#8211; Elkhart. Elkhart, Indiana. Box 19, Folder 7.  | <a href=\"https:\/\/www.flickr.com\/photos\/mennonitechurchusa-archives\/14252000519\/in\/album-72157644796729418\/\">Flickr<\/a><\/p>\n<\/div><\/div>\n\n\n\n<div class=\"wp-block-media-text is-stacked-on-mobile\"><figure class=\"wp-block-media-text__media\"><img decoding=\"async\" width=\"592\" height=\"448\" data-src=\"https:\/\/mwc-cmm.org\/wp-content\/uploads\/2025\/06\/1963MCUSAArchive38236862156_5623907793_o.jpg\" alt=\"\" class=\"wp-image-114592 size-full lazyload\" data-srcset=\"https:\/\/mwc-cmm.org\/wp-content\/uploads\/2025\/06\/1963MCUSAArchive38236862156_5623907793_o.jpg 592w, https:\/\/mwc-cmm.org\/wp-content\/uploads\/2025\/06\/1963MCUSAArchive38236862156_5623907793_o-300x227.jpg 300w\" data-sizes=\"(max-width: 592px) 100vw, 592px\" src=\"data:image\/svg+xml;base64,PHN2ZyB3aWR0aD0iMSIgaGVpZ2h0PSIxIiB4bWxucz0iaHR0cDovL3d3dy53My5vcmcvMjAwMC9zdmciPjwvc3ZnPg==\" style=\"--smush-placeholder-width: 592px; --smush-placeholder-aspect-ratio: 592\/448;\" \/><\/figure><div class=\"wp-block-media-text__content\">\n<p><strong>1963 Ethiopia\u00a0<\/strong><br>Ethiopian women, 1963<\/p>\n\n\n\n<p class=\"has-gray-color has-text-color has-link-color has-small-font-size wp-elements-f7457156e580be640b0b4e469c2fd3db\">Mennonite Board of Missions Photograph Collection, IV-10-7.2, Box 3, Folder 3, Photo 1. Mennonite Church USA Archives, Elkhart, Indiana. | <a href=\"https:\/\/www.flickr.com\/photos\/mennonitechurchusa-archives\/38236862156\/in\/album-72157688243539761\/\">Flickr<\/a><\/p>\n<\/div><\/div>\n\n\n\n<div class=\"wp-block-media-text is-stacked-on-mobile\"><figure class=\"wp-block-media-text__media\"><img decoding=\"async\" width=\"1024\" height=\"691\" data-src=\"https:\/\/mwc-cmm.org\/wp-content\/uploads\/2025\/06\/1964JRonBylerPICT0116-1024x691.jpg\" alt=\"\" class=\"wp-image-114578 size-full lazyload\" data-srcset=\"https:\/\/mwc-cmm.org\/wp-content\/uploads\/2025\/06\/1964JRonBylerPICT0116-1024x691.jpg 1024w, https:\/\/mwc-cmm.org\/wp-content\/uploads\/2025\/06\/1964JRonBylerPICT0116-300x202.jpg 300w, https:\/\/mwc-cmm.org\/wp-content\/uploads\/2025\/06\/1964JRonBylerPICT0116-768x518.jpg 768w, https:\/\/mwc-cmm.org\/wp-content\/uploads\/2025\/06\/1964JRonBylerPICT0116.jpg 1476w\" data-sizes=\"(max-width: 1024px) 100vw, 1024px\" src=\"data:image\/svg+xml;base64,PHN2ZyB3aWR0aD0iMSIgaGVpZ2h0PSIxIiB4bWxucz0iaHR0cDovL3d3dy53My5vcmcvMjAwMC9zdmciPjwvc3ZnPg==\" style=\"--smush-placeholder-width: 1024px; --smush-placeholder-aspect-ratio: 1024\/691;\" \/><\/figure><div class=\"wp-block-media-text__content\">\n<p><strong>1964 USA&nbsp;<\/strong><br>Eighth Street Mennonite Church, Goshen, Indiana USA.<\/p>\n\n\n\n<p class=\"has-gray-color has-text-color has-link-color has-small-font-size wp-elements-9597f1215b257fdf35738628a966a673\">Photo submitted by: J Ron Byler<\/p>\n<\/div><\/div>\n\n\n\n<p><\/p>\n<\/details>\n\n\n\n<h2 class=\"wp-block-heading\"><strong>1964\u20131975<\/strong><\/h2>\n\n\n\n<details class=\"wp-block-details is-layout-flow wp-block-details-is-layout-flow\"><summary>click arrow to view photos<\/summary>\n<div class=\"wp-block-media-text is-stacked-on-mobile\"><figure class=\"wp-block-media-text__media\"><img decoding=\"async\" width=\"561\" height=\"473\" data-src=\"https:\/\/mwc-cmm.org\/wp-content\/uploads\/2025\/06\/1964MCUSAArchive37797501251_f195a0a545_o.jpg\" alt=\"\" class=\"wp-image-114844 size-full lazyload\" data-srcset=\"https:\/\/mwc-cmm.org\/wp-content\/uploads\/2025\/06\/1964MCUSAArchive37797501251_f195a0a545_o.jpg 561w, https:\/\/mwc-cmm.org\/wp-content\/uploads\/2025\/06\/1964MCUSAArchive37797501251_f195a0a545_o-300x253.jpg 300w\" data-sizes=\"(max-width: 561px) 100vw, 561px\" src=\"data:image\/svg+xml;base64,PHN2ZyB3aWR0aD0iMSIgaGVpZ2h0PSIxIiB4bWxucz0iaHR0cDovL3d3dy53My5vcmcvMjAwMC9zdmciPjwvc3ZnPg==\" style=\"--smush-placeholder-width: 561px; --smush-placeholder-aspect-ratio: 561\/473;\" \/><\/figure><div class=\"wp-block-media-text__content\">\n<p><strong>1964 Costa Rica<\/strong><br>The Vargas Family, all of whom accepted Christ in November 1964. First contact was through radio \u2013 Luzy Verdad Eli, far left, has taken 5 correspondence courses. Don Lincho, 78 with Bible in hand, spends hours reading aloud. His illiterate wife as well as his daughter listen as he reads, 1964<\/p>\n\n\n\n<p class=\"has-gray-color has-text-color has-link-color has-small-font-size wp-elements-39aec57bc25d537165d98e126971b97d\">Mennonite Board of Missions Photos from Costa Rica 1964-1965. IV-10-7.2 Box 3 Folder 23, Photo # 3. Mennonite Church Archives-Elkhart, Indiana. |<a href=\"https:\/\/www.flickr.com\/photos\/mennonitechurchusa-archives\/37797501251\/in\/album-72157688085645614\/\"> Flickr<\/a><\/p>\n<\/div><\/div>\n\n\n\n<div class=\"wp-block-media-text is-stacked-on-mobile\"><figure class=\"wp-block-media-text__media\"><img decoding=\"async\" width=\"1024\" height=\"673\" data-src=\"https:\/\/mwc-cmm.org\/wp-content\/uploads\/2025\/06\/1965MBMA250-8-1105-1024x673.jpg\" alt=\"\" class=\"wp-image-114830 size-full lazyload\" data-srcset=\"https:\/\/mwc-cmm.org\/wp-content\/uploads\/2025\/06\/1965MBMA250-8-1105-1024x673.jpg 1024w, https:\/\/mwc-cmm.org\/wp-content\/uploads\/2025\/06\/1965MBMA250-8-1105-300x197.jpg 300w, https:\/\/mwc-cmm.org\/wp-content\/uploads\/2025\/06\/1965MBMA250-8-1105-768x505.jpg 768w, https:\/\/mwc-cmm.org\/wp-content\/uploads\/2025\/06\/1965MBMA250-8-1105.jpg 1228w\" data-sizes=\"(max-width: 1024px) 100vw, 1024px\" src=\"data:image\/svg+xml;base64,PHN2ZyB3aWR0aD0iMSIgaGVpZ2h0PSIxIiB4bWxucz0iaHR0cDovL3d3dy53My5vcmcvMjAwMC9zdmciPjwvc3ZnPg==\" style=\"--smush-placeholder-width: 1024px; --smush-placeholder-aspect-ratio: 1024\/673;\" \/><\/figure><div class=\"wp-block-media-text__content\">\n<p><strong>1965 Japan<\/strong><br>Choir from Soujiji church singing at dedication, 1965<\/p>\n\n\n\n<p class=\"has-gray-color has-text-color has-link-color has-small-font-size wp-elements-e13eefdef2b4bd94771bfc2ef3aa0c90\">Mennonite Library &amp; Archives at Fresno Pacific University, Multiply (Mennonite Brethren Missions) \/ Japan, A250-8-1105.jpg | <a href=\"https:\/\/fresno.canto.com\/v\/MennoniteBrethrenMissions\/album\/RPGNV?display=thumbnail&amp;viewIndex=2&amp;gSortingForward&amp;gOrderProp=name&amp;referenceTo=&amp;from=curatedView&amp;column=image&amp;id=i218jfdcip61f4eurs0ebh7u1c\">DigitalFPU<\/a><\/p>\n<\/div><\/div>\n\n\n\n<div class=\"wp-block-media-text is-stacked-on-mobile\"><figure class=\"wp-block-media-text__media\"><img decoding=\"async\" width=\"1024\" height=\"708\" data-src=\"https:\/\/mwc-cmm.org\/wp-content\/uploads\/2025\/06\/1966MBMA250-13-3-1024x708.jpg\" alt=\"\" class=\"wp-image-114816 size-full lazyload\" data-srcset=\"https:\/\/mwc-cmm.org\/wp-content\/uploads\/2025\/06\/1966MBMA250-13-3-1024x708.jpg 1024w, https:\/\/mwc-cmm.org\/wp-content\/uploads\/2025\/06\/1966MBMA250-13-3-300x207.jpg 300w, https:\/\/mwc-cmm.org\/wp-content\/uploads\/2025\/06\/1966MBMA250-13-3-768x531.jpg 768w, https:\/\/mwc-cmm.org\/wp-content\/uploads\/2025\/06\/1966MBMA250-13-3.jpg 1060w\" data-sizes=\"(max-width: 1024px) 100vw, 1024px\" src=\"data:image\/svg+xml;base64,PHN2ZyB3aWR0aD0iMSIgaGVpZ2h0PSIxIiB4bWxucz0iaHR0cDovL3d3dy53My5vcmcvMjAwMC9zdmciPjwvc3ZnPg==\" style=\"--smush-placeholder-width: 1024px; --smush-placeholder-aspect-ratio: 1024\/708;\" \/><\/figure><div class=\"wp-block-media-text__content\">\n<p><strong>1966 Colombia<\/strong><br>Anibal Aguirre baptizing Victor Gomez in Colombia, 1966<\/p>\n\n\n\n<p class=\"has-gray-color has-text-color has-link-color has-small-font-size wp-elements-6e4f1f7bc8058e01778e6b13a479a68e\">Mennonite Library &amp; Archives at Fresno Pacific University, Multiply (Mennonite Brethren Missions) \/ Colombia, A250-13-3.jpg. | <a href=\"https:\/\/fresno.canto.com\/v\/MennoniteBrethrenMissions\/library?keyword=baptism%20Colombia%201966&amp;viewIndex=2&amp;display=thumbnail&amp;referenceTo=&amp;from=thumbnail&amp;column=image&amp;id=127i1lgn9p5s5bmq1tv802ch11\">DigitalFPU<\/a><\/p>\n<\/div><\/div>\n\n\n\n<div class=\"wp-block-media-text is-stacked-on-mobile\"><figure class=\"wp-block-media-text__media\"><img decoding=\"async\" width=\"600\" height=\"363\" data-src=\"https:\/\/mwc-cmm.org\/wp-content\/uploads\/2025\/06\/1967MCUSAArchive14445810045_ac61f3d55c_o.jpg\" alt=\"\" class=\"wp-image-114802 size-full lazyload\" data-srcset=\"https:\/\/mwc-cmm.org\/wp-content\/uploads\/2025\/06\/1967MCUSAArchive14445810045_ac61f3d55c_o.jpg 600w, https:\/\/mwc-cmm.org\/wp-content\/uploads\/2025\/06\/1967MCUSAArchive14445810045_ac61f3d55c_o-300x182.jpg 300w\" data-sizes=\"(max-width: 600px) 100vw, 600px\" src=\"data:image\/svg+xml;base64,PHN2ZyB3aWR0aD0iMSIgaGVpZ2h0PSIxIiB4bWxucz0iaHR0cDovL3d3dy53My5vcmcvMjAwMC9zdmciPjwvc3ZnPg==\" style=\"--smush-placeholder-width: 600px; --smush-placeholder-aspect-ratio: 600\/363;\" \/><\/figure><div class=\"wp-block-media-text__content\">\n<p><strong>1967 Netherlands<\/strong><br>Mennonite World Conference Assembly 8, Amsterdam, Netherlands, 1967<\/p>\n\n\n\n<p class=\"has-gray-color has-text-color has-link-color has-small-font-size wp-elements-3555f296999851ba032f32ee4165078b\">Mennonite World Conference Records, 1923-2012. X-009. Mennonite Church USA Archives &#8211; Elkhart. Elkhart, Indiana. Box 19, Folder 8. | <a href=\"https:\/\/www.flickr.com\/photos\/mennonitechurchusa-archives\/14445810045\/in\/album-72157645210739411\/\">Flickr<\/a><\/p>\n<\/div><\/div>\n\n\n\n<div class=\"wp-block-media-text is-stacked-on-mobile\"><figure class=\"wp-block-media-text__media\"><img decoding=\"async\" width=\"550\" height=\"392\" data-src=\"https:\/\/mwc-cmm.org\/wp-content\/uploads\/2025\/06\/1969MCUSAArchive14640152053_ce99b57497_o.jpg\" alt=\"\" class=\"wp-image-114788 size-full lazyload\" data-srcset=\"https:\/\/mwc-cmm.org\/wp-content\/uploads\/2025\/06\/1969MCUSAArchive14640152053_ce99b57497_o.jpg 550w, https:\/\/mwc-cmm.org\/wp-content\/uploads\/2025\/06\/1969MCUSAArchive14640152053_ce99b57497_o-300x214.jpg 300w\" data-sizes=\"(max-width: 550px) 100vw, 550px\" src=\"data:image\/svg+xml;base64,PHN2ZyB3aWR0aD0iMSIgaGVpZ2h0PSIxIiB4bWxucz0iaHR0cDovL3d3dy53My5vcmcvMjAwMC9zdmciPjwvc3ZnPg==\" style=\"--smush-placeholder-width: 550px; --smush-placeholder-aspect-ratio: 550\/392;\" \/><\/figure><div class=\"wp-block-media-text__content\">\n<p><strong>1969 DRC&nbsp;<\/strong><br>Mennonite World Conference Executive Committee Meeting, Kinshasa, Congo, 1969. From left to right:&nbsp;Million Belete, Vikter Dorsch, Sarya TMC Tanzania, Samata Said, Somalia, Mrs. and Mr. Reeds, Somalia, Bihan Kiros, Ethiopia, Don Jacobs.<\/p>\n\n\n\n<p class=\"has-gray-color has-text-color has-link-color has-small-font-size wp-elements-2f637942e3e4a63cb6b03fa655ef25ec\">Mennonite World Conference Records, 1923-2012. X-009. Mennonite Church USA Archives &#8211; Elkhart. Elkhart, Indiana. Box 21, Folder 6. | <a href=\"https:\/\/www.flickr.com\/photos\/mennonitechurchusa-archives\/14640152053\/in\/album-72157645560339546\/\">Flickr<\/a><\/p>\n<\/div><\/div>\n\n\n\n<div class=\"wp-block-media-text is-stacked-on-mobile\"><figure class=\"wp-block-media-text__media\"><img decoding=\"async\" width=\"550\" height=\"374\" data-src=\"https:\/\/mwc-cmm.org\/wp-content\/uploads\/2025\/06\/1970MCUSAArchive44040923395_dee0eefa5d_o.jpg\" alt=\"\" class=\"wp-image-114774 size-full lazyload\" data-srcset=\"https:\/\/mwc-cmm.org\/wp-content\/uploads\/2025\/06\/1970MCUSAArchive44040923395_dee0eefa5d_o.jpg 550w, https:\/\/mwc-cmm.org\/wp-content\/uploads\/2025\/06\/1970MCUSAArchive44040923395_dee0eefa5d_o-300x204.jpg 300w\" data-sizes=\"(max-width: 550px) 100vw, 550px\" src=\"data:image\/svg+xml;base64,PHN2ZyB3aWR0aD0iMSIgaGVpZ2h0PSIxIiB4bWxucz0iaHR0cDovL3d3dy53My5vcmcvMjAwMC9zdmciPjwvc3ZnPg==\" style=\"--smush-placeholder-width: 550px; --smush-placeholder-aspect-ratio: 550\/374;\" \/><\/figure><div class=\"wp-block-media-text__content\">\n<p><strong>1970 Colombia<\/strong><br>Saturday club Union de Viviende Church Cali Colombia<\/p>\n\n\n\n<p class=\"has-gray-color has-text-color has-link-color has-small-font-size wp-elements-0ab1a00e38d4126ed7aba05d8e86a8fb\">Mennonite Board of Missions photo collection, 1970 from Honduras. IV-10-7.2 Box 3 Folders 48, Photo\u00a0#09.\u00a0Mennonite Church USA Archives-Elkhart, Indiana. | <a href=\"https:\/\/www.flickr.com\/photos\/mennonitechurchusa-archives\/44040923395\/in\/album-72157698336338672\">Flickr<\/a><\/p>\n<\/div><\/div>\n\n\n\n<div class=\"wp-block-media-text is-stacked-on-mobile\"><figure class=\"wp-block-media-text__media\"><img decoding=\"async\" width=\"600\" height=\"390\" data-src=\"https:\/\/mwc-cmm.org\/wp-content\/uploads\/2025\/06\/1972MCUSAArchive14422871456_21565e02c3_o.jpg\" alt=\"\" class=\"wp-image-114760 size-full lazyload\" data-srcset=\"https:\/\/mwc-cmm.org\/wp-content\/uploads\/2025\/06\/1972MCUSAArchive14422871456_21565e02c3_o.jpg 600w, https:\/\/mwc-cmm.org\/wp-content\/uploads\/2025\/06\/1972MCUSAArchive14422871456_21565e02c3_o-300x195.jpg 300w\" data-sizes=\"(max-width: 600px) 100vw, 600px\" src=\"data:image\/svg+xml;base64,PHN2ZyB3aWR0aD0iMSIgaGVpZ2h0PSIxIiB4bWxucz0iaHR0cDovL3d3dy53My5vcmcvMjAwMC9zdmciPjwvc3ZnPg==\" style=\"--smush-placeholder-width: 600px; --smush-placeholder-aspect-ratio: 600\/390;\" \/><\/figure><div class=\"wp-block-media-text__content\">\n<p><strong>1972 Brazil<\/strong><br>Mennonite World Conference Assembly 9, Curitiba, Brazil, 1972<\/p>\n\n\n\n<p class=\"has-gray-color has-text-color has-link-color has-small-font-size wp-elements-d2666411c2d0bb197a1ae29801a619c7\">Mennonite World Conference Records, 1923-2012. X-009. Mennonite Church USA Archives &#8211; Elkhart. Elkhart, Indiana. Box 19, Folder 9. | <a href=\"https:\/\/www.flickr.com\/photos\/mennonitechurchusa-archives\/14422871456\/in\/album-72157644812021330\">Flickr<\/a><\/p>\n<\/div><\/div>\n\n\n\n<div class=\"wp-block-media-text is-stacked-on-mobile\"><figure class=\"wp-block-media-text__media\"><img decoding=\"async\" width=\"600\" height=\"405\" data-src=\"https:\/\/mwc-cmm.org\/wp-content\/uploads\/2025\/06\/1973MCUSAArchive14511495581_2b0a96f78a_o.jpg\" alt=\"\" class=\"wp-image-114746 size-full lazyload\" data-srcset=\"https:\/\/mwc-cmm.org\/wp-content\/uploads\/2025\/06\/1973MCUSAArchive14511495581_2b0a96f78a_o.jpg 600w, https:\/\/mwc-cmm.org\/wp-content\/uploads\/2025\/06\/1973MCUSAArchive14511495581_2b0a96f78a_o-300x203.jpg 300w\" data-sizes=\"(max-width: 600px) 100vw, 600px\" src=\"data:image\/svg+xml;base64,PHN2ZyB3aWR0aD0iMSIgaGVpZ2h0PSIxIiB4bWxucz0iaHR0cDovL3d3dy53My5vcmcvMjAwMC9zdmciPjwvc3ZnPg==\" style=\"--smush-placeholder-width: 600px; --smush-placeholder-aspect-ratio: 600\/405;\" \/><\/figure><div class=\"wp-block-media-text__content\">\n<p><strong>1973 <em>unknown<\/em>&nbsp;<\/strong><br>Mennonite World Conference Presidium Meeting, 1973<br>Paul Kraybill and Million Belete<\/p>\n\n\n\n<p class=\"has-gray-color has-text-color has-link-color has-small-font-size wp-elements-fa1c5b0c026624e71978918e999844f3\">Mennonite World Conference Records, 1923-2012. X-009. Mennonite Church USA Archives &#8211; Elkhart. Elkhart, Indiana. Box 21, Folder 3. | <a href=\"https:\/\/www.flickr.com\/photos\/mennonitechurchusa-archives\/14511495581\/in\/album-72157644970491968\/\">Flickr<\/a><\/p>\n<\/div><\/div>\n\n\n\n<div class=\"wp-block-media-text is-stacked-on-mobile\"><figure class=\"wp-block-media-text__media\"><img decoding=\"async\" width=\"1024\" height=\"614\" data-src=\"https:\/\/mwc-cmm.org\/wp-content\/uploads\/2025\/06\/1974MBMA250-21-020-1024x614.jpg\" alt=\"\" class=\"wp-image-114732 size-full lazyload\" data-srcset=\"https:\/\/mwc-cmm.org\/wp-content\/uploads\/2025\/06\/1974MBMA250-21-020-1024x614.jpg 1024w, https:\/\/mwc-cmm.org\/wp-content\/uploads\/2025\/06\/1974MBMA250-21-020-300x180.jpg 300w, https:\/\/mwc-cmm.org\/wp-content\/uploads\/2025\/06\/1974MBMA250-21-020-768x460.jpg 768w, https:\/\/mwc-cmm.org\/wp-content\/uploads\/2025\/06\/1974MBMA250-21-020-1536x921.jpg 1536w, https:\/\/mwc-cmm.org\/wp-content\/uploads\/2025\/06\/1974MBMA250-21-020-2048x1227.jpg 2048w\" data-sizes=\"(max-width: 1024px) 100vw, 1024px\" src=\"data:image\/svg+xml;base64,PHN2ZyB3aWR0aD0iMSIgaGVpZ2h0PSIxIiB4bWxucz0iaHR0cDovL3d3dy53My5vcmcvMjAwMC9zdmciPjwvc3ZnPg==\" style=\"--smush-placeholder-width: 1024px; --smush-placeholder-aspect-ratio: 1024\/614;\" \/><\/figure><div class=\"wp-block-media-text__content\">\n<p><strong>1974 Indonesia<\/strong><br>Vernon Wiebe meeting with Indonesian church representatives, 1974. Left-right: Vernon Wiebe, unidentified, Charles Christano, Andreas Setiawan, Timothy Sudiharto.<\/p>\n\n\n\n<p class=\"has-gray-color has-text-color has-link-color has-small-font-size wp-elements-bda199fe2e800c6b53d3feb6844f4e71\">Mennonite Library &amp; Archives at Fresno Pacific University, Multiply (Mennonite Brethren Missions) \/ Indonesia, 50-21-020.jpg | <a href=\"https:\/\/fresno.canto.com\/v\/MennoniteBrethrenMissions\/album\/TN3KH?display=curatedView&amp;viewIndex=2&amp;gSortingForward&amp;gOrderProp=name&amp;referenceTo=&amp;from=curatedView&amp;column=image&amp;id=l2ra126q090o56212iom5bck5g\">DigitalFPU<\/a><\/p>\n<\/div><\/div>\n\n\n\n<div class=\"wp-block-media-text is-stacked-on-mobile\"><figure class=\"wp-block-media-text__media\"><img decoding=\"async\" width=\"600\" height=\"405\" data-src=\"https:\/\/mwc-cmm.org\/wp-content\/uploads\/2025\/06\/1975MCUSAArchive14513808462_2b54cc6d77_o.jpg\" alt=\"\" class=\"wp-image-114718 size-full lazyload\" data-srcset=\"https:\/\/mwc-cmm.org\/wp-content\/uploads\/2025\/06\/1975MCUSAArchive14513808462_2b54cc6d77_o.jpg 600w, https:\/\/mwc-cmm.org\/wp-content\/uploads\/2025\/06\/1975MCUSAArchive14513808462_2b54cc6d77_o-300x203.jpg 300w\" data-sizes=\"(max-width: 600px) 100vw, 600px\" src=\"data:image\/svg+xml;base64,PHN2ZyB3aWR0aD0iMSIgaGVpZ2h0PSIxIiB4bWxucz0iaHR0cDovL3d3dy53My5vcmcvMjAwMC9zdmciPjwvc3ZnPg==\" style=\"--smush-placeholder-width: 600px; --smush-placeholder-aspect-ratio: 600\/405;\" \/><\/figure><div class=\"wp-block-media-text__content\">\n<p><strong>1975 Puerto Rico<\/strong><br>Mennonite World Conference Presidium Meeting, San Juan, Puerto Rico, 1975. Representatives attending the Expanded MWC Presidium.<\/p>\n\n\n\n<p class=\"has-gray-color has-text-color has-link-color has-small-font-size wp-elements-2f84626f482b09b847efcb4ee5295bb3\">Mennonite World Conference Records, 1923-2012. X-009. Mennonite Church USA Archives &#8211; Elkhart. Elkhart, Indiana. Box 21, Folder 4. | <a href=\"https:\/\/www.flickr.com\/photos\/mennonitechurchusa-archives\/14513808462\/in\/album-72157645329956826\">Flickr<\/a><\/p>\n<\/div><\/div>\n\n\n\n<p><\/p>\n<\/details>\n\n\n\n<h2 class=\"wp-block-heading\"><strong>1976-1983<\/strong><\/h2>\n\n\n\n<details class=\"wp-block-details is-layout-flow wp-block-details-is-layout-flow\"><summary>click arrow to view photos<\/summary>\n<div class=\"wp-block-media-text is-stacked-on-mobile\"><figure class=\"wp-block-media-text__media\"><img decoding=\"async\" width=\"1024\" height=\"701\" data-src=\"https:\/\/mwc-cmm.org\/wp-content\/uploads\/2025\/06\/1976MBMA250-19-0176-1024x701.jpg\" alt=\"\" class=\"wp-image-114872 size-full lazyload\" data-srcset=\"https:\/\/mwc-cmm.org\/wp-content\/uploads\/2025\/06\/1976MBMA250-19-0176-1024x701.jpg 1024w, https:\/\/mwc-cmm.org\/wp-content\/uploads\/2025\/06\/1976MBMA250-19-0176-300x205.jpg 300w, https:\/\/mwc-cmm.org\/wp-content\/uploads\/2025\/06\/1976MBMA250-19-0176-768x526.jpg 768w, https:\/\/mwc-cmm.org\/wp-content\/uploads\/2025\/06\/1976MBMA250-19-0176-1536x1052.jpg 1536w, https:\/\/mwc-cmm.org\/wp-content\/uploads\/2025\/06\/1976MBMA250-19-0176-2048x1402.jpg 2048w\" data-sizes=\"(max-width: 1024px) 100vw, 1024px\" src=\"data:image\/svg+xml;base64,PHN2ZyB3aWR0aD0iMSIgaGVpZ2h0PSIxIiB4bWxucz0iaHR0cDovL3d3dy53My5vcmcvMjAwMC9zdmciPjwvc3ZnPg==\" style=\"--smush-placeholder-width: 1024px; --smush-placeholder-aspect-ratio: 1024\/701;\" \/><\/figure><div class=\"wp-block-media-text__content\">\n<p><strong>1976 Austria<\/strong><br>Tulpengasse church in Vienna, Austria, 1976<\/p>\n\n\n\n<p class=\"has-gray-color has-text-color has-link-color has-small-font-size wp-elements-a4b944d7762182279e4a3d4d4907c8bc\">Mennonite Library &amp; Archives at Fresno Pacific University, Multiply (Mennonite Brethren Missions) \/ Austria &amp; Germany, A250-19-0176. | <a href=\"https:\/\/fresno.canto.com\/v\/MennoniteBrethrenMissions\/album\/G1JQQ?display=thumbnail&amp;viewIndex=2&amp;gSortingForward&amp;gOrderProp=name&amp;referenceTo=&amp;from=fitView&amp;column=image&amp;id=sov8ms38u52c5clcn5k4af834q\">DigitalFPU<\/a><\/p>\n<\/div><\/div>\n\n\n\n<div class=\"wp-block-media-text is-stacked-on-mobile\"><figure class=\"wp-block-media-text__media\"><img decoding=\"async\" width=\"1024\" height=\"723\" data-src=\"https:\/\/mwc-cmm.org\/wp-content\/uploads\/2025\/06\/1978MBMA250-12-0107-1024x723.jpg\" alt=\"\" class=\"wp-image-114886 size-full lazyload\" data-srcset=\"https:\/\/mwc-cmm.org\/wp-content\/uploads\/2025\/06\/1978MBMA250-12-0107-1024x723.jpg 1024w, https:\/\/mwc-cmm.org\/wp-content\/uploads\/2025\/06\/1978MBMA250-12-0107-300x212.jpg 300w, https:\/\/mwc-cmm.org\/wp-content\/uploads\/2025\/06\/1978MBMA250-12-0107-768x542.jpg 768w, https:\/\/mwc-cmm.org\/wp-content\/uploads\/2025\/06\/1978MBMA250-12-0107.jpg 1108w\" data-sizes=\"(max-width: 1024px) 100vw, 1024px\" src=\"data:image\/svg+xml;base64,PHN2ZyB3aWR0aD0iMSIgaGVpZ2h0PSIxIiB4bWxucz0iaHR0cDovL3d3dy53My5vcmcvMjAwMC9zdmciPjwvc3ZnPg==\" style=\"--smush-placeholder-width: 1024px; --smush-placeholder-aspect-ratio: 1024\/723;\" \/><\/figure><div class=\"wp-block-media-text__content\">\n<p><strong>1978 Brazil<\/strong><br>Young people of Campo Belo and Jardim Santo Antonio singing at baptismal service of Jardim Santo Eduardo church.<\/p>\n\n\n\n<p class=\"has-gray-color has-text-color has-link-color has-small-font-size wp-elements-1f32d14df16335580660ec11d4f6cb97\">Mennonite Library &amp; Archives at Fresno Pacific University, Multiply (Mennonite Brethren Missions) \/ Brazil, A250-12-0107.jpg. | <a href=\"https:\/\/fresno.canto.com\/v\/MennoniteBrethrenMissions\/library?keyword=baptism&amp;gSortingForward&amp;gOrderProp=name&amp;viewIndex=2&amp;display=fitView&amp;referenceTo=&amp;from=fitView&amp;column=image&amp;id=q1k5bud7ot1kr5v4k9c01v5q29\">DigitalFPU<\/a><\/p>\n<\/div><\/div>\n\n\n\n<div class=\"wp-block-media-text is-stacked-on-mobile\"><figure class=\"wp-block-media-text__media\"><img decoding=\"async\" width=\"600\" height=\"775\" data-src=\"https:\/\/mwc-cmm.org\/wp-content\/uploads\/2025\/06\/1978MCUSAArchive14428259486_bf641b7374_o.jpg\" alt=\"\" class=\"wp-image-114900 size-full lazyload\" data-srcset=\"https:\/\/mwc-cmm.org\/wp-content\/uploads\/2025\/06\/1978MCUSAArchive14428259486_bf641b7374_o.jpg 600w, https:\/\/mwc-cmm.org\/wp-content\/uploads\/2025\/06\/1978MCUSAArchive14428259486_bf641b7374_o-232x300.jpg 232w\" data-sizes=\"(max-width: 600px) 100vw, 600px\" src=\"data:image\/svg+xml;base64,PHN2ZyB3aWR0aD0iMSIgaGVpZ2h0PSIxIiB4bWxucz0iaHR0cDovL3d3dy53My5vcmcvMjAwMC9zdmciPjwvc3ZnPg==\" style=\"--smush-placeholder-width: 600px; --smush-placeholder-aspect-ratio: 600\/775;\" \/><\/figure><div class=\"wp-block-media-text__content\">\n<p><strong>1978 USA&nbsp;<\/strong><br>Mennonite World Conference Assembly 10, Wichita, KS. United States, 1978<\/p>\n\n\n\n<p class=\"has-gray-color has-text-color has-link-color has-small-font-size wp-elements-72d9a420651644c4d5f79dbcd526df31\">Mennonite World Conference Records, 1923-2012. X-009. Mennonite Church USA Archives &#8211; Elkhart. Elkhart, Indiana. Box 19, Folder 10. | <a href=\"https:\/\/www.flickr.com\/photos\/mennonitechurchusa-archives\/14428259486\/in\/album-72157644812154590\/\">Flickr<\/a><\/p>\n<\/div><\/div>\n\n\n\n<div class=\"wp-block-media-text is-stacked-on-mobile\"><figure class=\"wp-block-media-text__media\"><img decoding=\"async\" width=\"600\" height=\"403\" data-src=\"https:\/\/mwc-cmm.org\/wp-content\/uploads\/2025\/06\/1978MCUSAArchive14449932002_c84b8a5f11_o.jpg\" alt=\"\" class=\"wp-image-114914 size-full lazyload\" data-srcset=\"https:\/\/mwc-cmm.org\/wp-content\/uploads\/2025\/06\/1978MCUSAArchive14449932002_c84b8a5f11_o.jpg 600w, https:\/\/mwc-cmm.org\/wp-content\/uploads\/2025\/06\/1978MCUSAArchive14449932002_c84b8a5f11_o-300x202.jpg 300w\" data-sizes=\"(max-width: 600px) 100vw, 600px\" src=\"data:image\/svg+xml;base64,PHN2ZyB3aWR0aD0iMSIgaGVpZ2h0PSIxIiB4bWxucz0iaHR0cDovL3d3dy53My5vcmcvMjAwMC9zdmciPjwvc3ZnPg==\" style=\"--smush-placeholder-width: 600px; --smush-placeholder-aspect-ratio: 600\/403;\" \/><\/figure><div class=\"wp-block-media-text__content\">\n<p><strong>1978 USA&nbsp;<\/strong><br>Mennonite World Conference Assembly 10, Wichita, KS. United States, 1978. Exhibition Hall.<\/p>\n\n\n\n<p class=\"has-gray-color has-text-color has-link-color has-small-font-size wp-elements-3297acc7c6ee7a223247f21bcd30312b\">Mennonite World Conference Records, 1923-2012. X-009. Mennonite Church USA Archives &#8211; Elkhart. Elkhart, Indiana. Box 19, Folder 10.| <a href=\"https:\/\/www.flickr.com\/photos\/mennonitechurchusa-archives\/14449932002\/in\/album-72157644812154590\/\">Flickr<\/a><\/p>\n<\/div><\/div>\n\n\n\n<div class=\"wp-block-media-text is-stacked-on-mobile\"><figure class=\"wp-block-media-text__media\"><img decoding=\"async\" width=\"600\" height=\"460\" data-src=\"https:\/\/mwc-cmm.org\/wp-content\/uploads\/2025\/06\/1978MCUSAArchive14452758965_c84ebbbe4d_o.jpg\" alt=\"\" class=\"wp-image-114928 size-full lazyload\" data-srcset=\"https:\/\/mwc-cmm.org\/wp-content\/uploads\/2025\/06\/1978MCUSAArchive14452758965_c84ebbbe4d_o.jpg 600w, https:\/\/mwc-cmm.org\/wp-content\/uploads\/2025\/06\/1978MCUSAArchive14452758965_c84ebbbe4d_o-300x230.jpg 300w\" data-sizes=\"(max-width: 600px) 100vw, 600px\" src=\"data:image\/svg+xml;base64,PHN2ZyB3aWR0aD0iMSIgaGVpZ2h0PSIxIiB4bWxucz0iaHR0cDovL3d3dy53My5vcmcvMjAwMC9zdmciPjwvc3ZnPg==\" style=\"--smush-placeholder-width: 600px; --smush-placeholder-aspect-ratio: 600\/460;\" \/><\/figure><div class=\"wp-block-media-text__content\">\n<p><strong>1978 USA&nbsp;<\/strong><br>Mennonite World Conference Assembly 10, Wichita, KS. United States, 1978. Kenya Choir.<\/p>\n\n\n\n<p class=\"has-gray-color has-text-color has-link-color has-small-font-size wp-elements-57d230f089d02728654f9aa359b614af\">Mennonite World Conference Records, 1923-2012. X-009. Mennonite Church USA Archives &#8211; Elkhart. Elkhart, Indiana. Box 19, Folder 10. | <a href=\"https:\/\/www.flickr.com\/photos\/mennonitechurchusa-archives\/14452758965\/in\/album-72157644812154590\/\">Flickr<\/a><\/p>\n<\/div><\/div>\n\n\n\n<div class=\"wp-block-media-text is-stacked-on-mobile\"><figure class=\"wp-block-media-text__media\"><img decoding=\"async\" width=\"1024\" height=\"709\" data-src=\"https:\/\/mwc-cmm.org\/wp-content\/uploads\/2025\/06\/1979SinodeJKIMalam-Oikomene1-1-1024x709.jpg\" alt=\"\" class=\"wp-image-114942 size-full lazyload\" data-srcset=\"https:\/\/mwc-cmm.org\/wp-content\/uploads\/2025\/06\/1979SinodeJKIMalam-Oikomene1-1-1024x709.jpg 1024w, https:\/\/mwc-cmm.org\/wp-content\/uploads\/2025\/06\/1979SinodeJKIMalam-Oikomene1-1-300x208.jpg 300w, https:\/\/mwc-cmm.org\/wp-content\/uploads\/2025\/06\/1979SinodeJKIMalam-Oikomene1-1-768x532.jpg 768w, https:\/\/mwc-cmm.org\/wp-content\/uploads\/2025\/06\/1979SinodeJKIMalam-Oikomene1-1.jpg 1098w\" data-sizes=\"(max-width: 1024px) 100vw, 1024px\" src=\"data:image\/svg+xml;base64,PHN2ZyB3aWR0aD0iMSIgaGVpZ2h0PSIxIiB4bWxucz0iaHR0cDovL3d3dy53My5vcmcvMjAwMC9zdmciPjwvc3ZnPg==\" style=\"--smush-placeholder-width: 1024px; --smush-placeholder-aspect-ratio: 1024\/709;\" \/><\/figure><div class=\"wp-block-media-text__content\">\n<p><strong>1979 Indonesia<\/strong>&nbsp;<br>Oikomene Night Fellowship.<\/p>\n\n\n\n<p class=\"has-gray-color has-text-color has-link-color has-small-font-size wp-elements-0c3568aa52848a975133fb50d8e1415f\">Photo submitted by JKI Maranatha\u00a0<\/p>\n<\/div><\/div>\n\n\n\n<div class=\"wp-block-media-text is-stacked-on-mobile\"><figure class=\"wp-block-media-text__media\"><img decoding=\"async\" width=\"1024\" height=\"734\" data-src=\"https:\/\/mwc-cmm.org\/wp-content\/uploads\/2025\/06\/1981MBMA250-6-116-1024x734.jpg\" alt=\"\" class=\"wp-image-114956 size-full lazyload\" data-srcset=\"https:\/\/mwc-cmm.org\/wp-content\/uploads\/2025\/06\/1981MBMA250-6-116-1024x734.jpg 1024w, https:\/\/mwc-cmm.org\/wp-content\/uploads\/2025\/06\/1981MBMA250-6-116-300x215.jpg 300w, https:\/\/mwc-cmm.org\/wp-content\/uploads\/2025\/06\/1981MBMA250-6-116-768x551.jpg 768w, https:\/\/mwc-cmm.org\/wp-content\/uploads\/2025\/06\/1981MBMA250-6-116.jpg 1464w\" data-sizes=\"(max-width: 1024px) 100vw, 1024px\" src=\"data:image\/svg+xml;base64,PHN2ZyB3aWR0aD0iMSIgaGVpZ2h0PSIxIiB4bWxucz0iaHR0cDovL3d3dy53My5vcmcvMjAwMC9zdmciPjwvc3ZnPg==\" style=\"--smush-placeholder-width: 1024px; --smush-placeholder-aspect-ratio: 1024\/734;\" \/><\/figure><div class=\"wp-block-media-text__content\">\n<p><strong>1981 India<\/strong><br>Baptism in Delhi, July 1981.<\/p>\n\n\n\n<p class=\"has-gray-color has-text-color has-link-color has-small-font-size wp-elements-43ffda0358650a6434d03aa6be465583\">Mennonite Library &amp; Archives at Fresno Pacific University, Multiply (Mennonite Brethren Missions) \/ India, A250-6-116.jpg | <a href=\"https:\/\/fresno.canto.com\/v\/MennoniteBrethrenMissions\/album\/H7IE4?display=thumbnail&amp;viewIndex=2&amp;gSortingForward&amp;gOrderProp=name&amp;referenceTo=&amp;from=thumbnail&amp;column=image&amp;id=9kdq5ant291tjak7bnro17bb4j\">DigitalFPU<\/a><\/p>\n<\/div><\/div>\n\n\n\n<div class=\"wp-block-media-text is-stacked-on-mobile\"><figure class=\"wp-block-media-text__media\"><img decoding=\"async\" width=\"541\" height=\"363\" data-src=\"https:\/\/mwc-cmm.org\/wp-content\/uploads\/2025\/06\/1981MCUSAArchive14526952643_8400b853d6_o.jpg\" alt=\"\" class=\"wp-image-114970 size-full lazyload\" data-srcset=\"https:\/\/mwc-cmm.org\/wp-content\/uploads\/2025\/06\/1981MCUSAArchive14526952643_8400b853d6_o.jpg 541w, https:\/\/mwc-cmm.org\/wp-content\/uploads\/2025\/06\/1981MCUSAArchive14526952643_8400b853d6_o-300x201.jpg 300w\" data-sizes=\"(max-width: 541px) 100vw, 541px\" src=\"data:image\/svg+xml;base64,PHN2ZyB3aWR0aD0iMSIgaGVpZ2h0PSIxIiB4bWxucz0iaHR0cDovL3d3dy53My5vcmcvMjAwMC9zdmciPjwvc3ZnPg==\" style=\"--smush-placeholder-width: 541px; --smush-placeholder-aspect-ratio: 541\/363;\" \/><\/figure><div class=\"wp-block-media-text__content\">\n<p><strong>1981 Kenya&nbsp;<\/strong><br>Mennonite World Conference General Council Meeting, Nairobi, Kenya, 1981. Former residents and workers from Somalia sing a Somali song.<\/p>\n\n\n\n<p class=\"has-gray-color has-text-color has-link-color has-small-font-size wp-elements-a239ab48efde048adaadca9069924d1f\">Mennonite World Conference Records, 1923-2012. X-009. Mennonite Church USA Archives &#8211; Elkhart. Elkhart, Indiana. Box 21, Folder 1. | <a href=\"https:\/\/www.flickr.com\/photos\/mennonitechurchusa-archives\/14526952643\/in\/album-72157645354331742\/\">Flickr<\/a><\/p>\n<\/div><\/div>\n\n\n\n<div class=\"wp-block-media-text is-stacked-on-mobile\"><figure class=\"wp-block-media-text__media\"><img decoding=\"async\" width=\"1024\" height=\"629\" data-src=\"https:\/\/mwc-cmm.org\/wp-content\/uploads\/2025\/06\/1982MBMA250-18-016-1024x629.jpg\" alt=\"\" class=\"wp-image-114984 size-full lazyload\" data-srcset=\"https:\/\/mwc-cmm.org\/wp-content\/uploads\/2025\/06\/1982MBMA250-18-016-1024x629.jpg 1024w, https:\/\/mwc-cmm.org\/wp-content\/uploads\/2025\/06\/1982MBMA250-18-016-300x184.jpg 300w, https:\/\/mwc-cmm.org\/wp-content\/uploads\/2025\/06\/1982MBMA250-18-016-768x472.jpg 768w, https:\/\/mwc-cmm.org\/wp-content\/uploads\/2025\/06\/1982MBMA250-18-016-1536x944.jpg 1536w, https:\/\/mwc-cmm.org\/wp-content\/uploads\/2025\/06\/1982MBMA250-18-016-2048x1259.jpg 2048w\" data-sizes=\"(max-width: 1024px) 100vw, 1024px\" src=\"data:image\/svg+xml;base64,PHN2ZyB3aWR0aD0iMSIgaGVpZ2h0PSIxIiB4bWxucz0iaHR0cDovL3d3dy53My5vcmcvMjAwMC9zdmciPjwvc3ZnPg==\" style=\"--smush-placeholder-width: 1024px; --smush-placeholder-aspect-ratio: 1024\/629;\" \/><\/figure><div class=\"wp-block-media-text__content\">\n<p><strong>1982 Uruguay&nbsp;<\/strong><br>Mennonite Brethren Bible Institue director Frank Martens explaining schedule to prospective students, 1982.<\/p>\n\n\n\n<p class=\"has-gray-color has-text-color has-link-color has-small-font-size wp-elements-a14da8a24f36d005c41b063cc39a8b5c\">Mennonite Library &amp; Archives at Fresno Pacific University, Multiply (Mennonite Brethren Missions) \/ Uruguay, A250-18-016.jpg. | <a href=\"https:\/\/fresno.canto.com\/v\/MennoniteBrethrenMissions\/album\/KRF36?display=curatedView&amp;viewIndex=2&amp;gSortingForward&amp;gOrderProp=name&amp;referenceTo=&amp;from=curatedView&amp;column=image&amp;id=40vlc316it7grdo48i24boo14d\">DigitalFPU<\/a><\/p>\n<\/div><\/div>\n\n\n\n<div class=\"wp-block-media-text is-stacked-on-mobile\"><figure class=\"wp-block-media-text__media\"><img decoding=\"async\" width=\"1024\" height=\"707\" data-src=\"https:\/\/mwc-cmm.org\/wp-content\/uploads\/2025\/06\/1983MBMA250-18-105-1024x707.jpg\" alt=\"\" class=\"wp-image-114998 size-full lazyload\" data-srcset=\"https:\/\/mwc-cmm.org\/wp-content\/uploads\/2025\/06\/1983MBMA250-18-105-1024x707.jpg 1024w, https:\/\/mwc-cmm.org\/wp-content\/uploads\/2025\/06\/1983MBMA250-18-105-300x207.jpg 300w, https:\/\/mwc-cmm.org\/wp-content\/uploads\/2025\/06\/1983MBMA250-18-105-768x530.jpg 768w, https:\/\/mwc-cmm.org\/wp-content\/uploads\/2025\/06\/1983MBMA250-18-105-1536x1060.jpg 1536w, https:\/\/mwc-cmm.org\/wp-content\/uploads\/2025\/06\/1983MBMA250-18-105-2048x1414.jpg 2048w\" data-sizes=\"(max-width: 1024px) 100vw, 1024px\" src=\"data:image\/svg+xml;base64,PHN2ZyB3aWR0aD0iMSIgaGVpZ2h0PSIxIiB4bWxucz0iaHR0cDovL3d3dy53My5vcmcvMjAwMC9zdmciPjwvc3ZnPg==\" style=\"--smush-placeholder-width: 1024px; --smush-placeholder-aspect-ratio: 1024\/707;\" \/><\/figure><div class=\"wp-block-media-text__content\">\n<p><strong>1983 Uruguay<\/strong><br>Sunday school class at Sayago Church in Montevideo, Uruguay, 1983.<\/p>\n\n\n\n<p class=\"has-gray-color has-text-color has-link-color has-small-font-size wp-elements-260f0d929373466e1bbf5687962ec254\">Mennonite Library &amp; Archives at Fresno Pacific University, Multiply (Mennonite Brethren Missions) \/ Uruguay, A250-18-105.jpg. | <a href=\"https:\/\/fresno.canto.com\/v\/MennoniteBrethrenMissions\/album\/KRF36?display=curatedView&amp;viewIndex=2&amp;gSortingForward&amp;gOrderProp=name&amp;referenceTo=&amp;from=curatedView&amp;column=image&amp;id=h1otdi0co97a5191c0bod85o5q\">DigitalFPU<\/a><\/p>\n<\/div><\/div>\n\n\n\n<p><\/p>\n<\/details>\n\n\n\n<h2 class=\"wp-block-heading\"><strong><strong>1984\u20131991<\/strong><\/strong><\/h2>\n\n\n\n<details class=\"wp-block-details is-layout-flow wp-block-details-is-layout-flow\"><summary>click arrow to view photos<\/summary>\n<div class=\"wp-block-media-text is-stacked-on-mobile\"><figure class=\"wp-block-media-text__media\"><img decoding=\"async\" width=\"600\" height=\"399\" data-src=\"https:\/\/mwc-cmm.org\/wp-content\/uploads\/2025\/06\/1984MCUSAArchive14460014245_1a984c2523_o.jpg\" alt=\"\" class=\"wp-image-115026 size-full lazyload\" data-srcset=\"https:\/\/mwc-cmm.org\/wp-content\/uploads\/2025\/06\/1984MCUSAArchive14460014245_1a984c2523_o.jpg 600w, https:\/\/mwc-cmm.org\/wp-content\/uploads\/2025\/06\/1984MCUSAArchive14460014245_1a984c2523_o-300x200.jpg 300w\" data-sizes=\"(max-width: 600px) 100vw, 600px\" src=\"data:image\/svg+xml;base64,PHN2ZyB3aWR0aD0iMSIgaGVpZ2h0PSIxIiB4bWxucz0iaHR0cDovL3d3dy53My5vcmcvMjAwMC9zdmciPjwvc3ZnPg==\" style=\"--smush-placeholder-width: 600px; --smush-placeholder-aspect-ratio: 600\/399;\" \/><\/figure><div class=\"wp-block-media-text__content\">\n<p><strong>1984 France&nbsp;<\/strong><br>Mennonite World Conference Assembly 11, Strasbourg, France, 1984. Congress Hall<\/p>\n\n\n\n<p class=\"has-gray-color has-text-color has-link-color has-small-font-size wp-elements-a6703f958bbca2ad4737ab85dedae231\">Mennonite World Conference Records, 1923-2012. X-009. Mennonite Church USA Archives &#8211; Elkhart. Elkhart, Indiana. Box 20, Folder 3 | <a href=\"https:\/\/www.flickr.com\/photos\/mennonitechurchusa-archives\/14460014245\/in\/album-72157644839332190\">Flickr<\/a><\/p>\n<\/div><\/div>\n\n\n\n<div class=\"wp-block-media-text is-stacked-on-mobile\"><figure class=\"wp-block-media-text__media\"><img decoding=\"async\" width=\"600\" height=\"400\" data-src=\"https:\/\/mwc-cmm.org\/wp-content\/uploads\/2025\/06\/1987MCUSAArchive14512535705_2159e983aa_o.jpg\" alt=\"\" class=\"wp-image-115054 size-full lazyload\" data-srcset=\"https:\/\/mwc-cmm.org\/wp-content\/uploads\/2025\/06\/1987MCUSAArchive14512535705_2159e983aa_o.jpg 600w, https:\/\/mwc-cmm.org\/wp-content\/uploads\/2025\/06\/1987MCUSAArchive14512535705_2159e983aa_o-300x200.jpg 300w\" data-sizes=\"(max-width: 600px) 100vw, 600px\" src=\"data:image\/svg+xml;base64,PHN2ZyB3aWR0aD0iMSIgaGVpZ2h0PSIxIiB4bWxucz0iaHR0cDovL3d3dy53My5vcmcvMjAwMC9zdmciPjwvc3ZnPg==\" style=\"--smush-placeholder-width: 600px; --smush-placeholder-aspect-ratio: 600\/400;\" \/><\/figure><div class=\"wp-block-media-text__content\">\n<p><strong>1987 Paraguay&nbsp;<\/strong><br>Mennonite World Conference General Council Meeting, Paraguay, 1987. The Chulupi Choir from the Yalve Sanga settlement sings at a special Paraguay music program during General Council sessions.<\/p>\n\n\n\n<p class=\"has-gray-color has-text-color has-link-color has-small-font-size wp-elements-28422792a89bc21ae17374452b2c7f61\">Mennonite World Conference Records, 1923-2012. X-009. Mennonite Church USA Archives &#8211; Elkhart. Elkhart, Indiana. Box 21, Folder 2. | <a href=\"https:\/\/www.flickr.com\/photos\/mennonitechurchusa-archives\/14512535705\/in\/album-72157645377391754\/\">Flickr<\/a><\/p>\n<\/div><\/div>\n\n\n\n<div class=\"wp-block-media-text is-stacked-on-mobile\"><figure class=\"wp-block-media-text__media\"><img decoding=\"async\" width=\"590\" height=\"389\" data-src=\"https:\/\/mwc-cmm.org\/wp-content\/uploads\/2025\/06\/1987MCUSAArchive14511892592_2c4c0487c1_o.jpg\" alt=\"\" class=\"wp-image-115040 size-full lazyload\" data-srcset=\"https:\/\/mwc-cmm.org\/wp-content\/uploads\/2025\/06\/1987MCUSAArchive14511892592_2c4c0487c1_o.jpg 590w, https:\/\/mwc-cmm.org\/wp-content\/uploads\/2025\/06\/1987MCUSAArchive14511892592_2c4c0487c1_o-300x198.jpg 300w\" data-sizes=\"(max-width: 590px) 100vw, 590px\" src=\"data:image\/svg+xml;base64,PHN2ZyB3aWR0aD0iMSIgaGVpZ2h0PSIxIiB4bWxucz0iaHR0cDovL3d3dy53My5vcmcvMjAwMC9zdmciPjwvc3ZnPg==\" style=\"--smush-placeholder-width: 590px; --smush-placeholder-aspect-ratio: 590\/389;\" \/><\/figure><div class=\"wp-block-media-text__content\">\n<p><strong>1987 Paraguay&nbsp;<\/strong><br>Mennonite World Conference General Council Meeting, Paraguay, 1987. Mukanza Ilungaholding hands with Hansulrich Gerber.<\/p>\n\n\n\n<p class=\"has-gray-color has-text-color has-link-color has-small-font-size wp-elements-99db1928a6b07ac17a5e48007e35981d\">Mennonite World Conference Records, 1923-2012. X-009. Mennonite Church USA Archives &#8211; Elkhart. Elkhart, Indiana. Box 21, Folder 2.| <a href=\"https:\/\/www.flickr.com\/photos\/mennonitechurchusa-archives\/14511892592\/in\/album-72157645377391754\/\">Flickr<\/a><\/p>\n<\/div><\/div>\n\n\n\n<div class=\"wp-block-media-text is-stacked-on-mobile\"><figure class=\"wp-block-media-text__media\"><img decoding=\"async\" width=\"1024\" height=\"682\" data-src=\"https:\/\/mwc-cmm.org\/wp-content\/uploads\/2025\/06\/1988MBMA250-14-1060-1024x682.jpg\" alt=\"\" class=\"wp-image-115068 size-full lazyload\" data-srcset=\"https:\/\/mwc-cmm.org\/wp-content\/uploads\/2025\/06\/1988MBMA250-14-1060-1024x682.jpg 1024w, https:\/\/mwc-cmm.org\/wp-content\/uploads\/2025\/06\/1988MBMA250-14-1060-300x200.jpg 300w, https:\/\/mwc-cmm.org\/wp-content\/uploads\/2025\/06\/1988MBMA250-14-1060-768x512.jpg 768w, https:\/\/mwc-cmm.org\/wp-content\/uploads\/2025\/06\/1988MBMA250-14-1060-1536x1023.jpg 1536w, https:\/\/mwc-cmm.org\/wp-content\/uploads\/2025\/06\/1988MBMA250-14-1060-2048x1364.jpg 2048w\" data-sizes=\"(max-width: 1024px) 100vw, 1024px\" src=\"data:image\/svg+xml;base64,PHN2ZyB3aWR0aD0iMSIgaGVpZ2h0PSIxIiB4bWxucz0iaHR0cDovL3d3dy53My5vcmcvMjAwMC9zdmciPjwvc3ZnPg==\" style=\"--smush-placeholder-width: 1024px; --smush-placeholder-aspect-ratio: 1024\/682;\" \/><\/figure><div class=\"wp-block-media-text__content\">\n<p><strong>1988 Peru<\/strong><br>Agnes Penner and children outside Mennonite Brethren church in Vichayal. ca. 1988.<\/p>\n\n\n\n<p class=\"has-gray-color has-text-color has-link-color has-small-font-size wp-elements-6006ec6d8cac8a87b44bf9c4e52c0e9f\">Mennonite Library &amp; Archives at Fresno Pacific University, Multiply (Mennonite Brethren Missions) \/ Peru, A250-14-1060.jpg. | <a href=\"https:\/\/fresno.canto.com\/v\/MennoniteBrethrenMissions\/album\/UJ66N?display=curatedView&amp;viewIndex=2&amp;gSortingForward&amp;gOrderProp=name&amp;referenceTo=&amp;from=curatedView&amp;column=image&amp;id=6l536b1ou544h9h80v3hst0n3i\">DigitalFPU<\/a><\/p>\n<\/div><\/div>\n\n\n\n<div class=\"wp-block-media-text is-stacked-on-mobile\"><figure class=\"wp-block-media-text__media\"><img decoding=\"async\" width=\"1024\" height=\"746\" data-src=\"https:\/\/mwc-cmm.org\/wp-content\/uploads\/2025\/06\/1989MBMA250-19-0132-1024x746.jpg\" alt=\"\" class=\"wp-image-115082 size-full lazyload\" data-srcset=\"https:\/\/mwc-cmm.org\/wp-content\/uploads\/2025\/06\/1989MBMA250-19-0132-1024x746.jpg 1024w, https:\/\/mwc-cmm.org\/wp-content\/uploads\/2025\/06\/1989MBMA250-19-0132-300x219.jpg 300w, https:\/\/mwc-cmm.org\/wp-content\/uploads\/2025\/06\/1989MBMA250-19-0132-768x560.jpg 768w, https:\/\/mwc-cmm.org\/wp-content\/uploads\/2025\/06\/1989MBMA250-19-0132.jpg 1400w\" data-sizes=\"(max-width: 1024px) 100vw, 1024px\" src=\"data:image\/svg+xml;base64,PHN2ZyB3aWR0aD0iMSIgaGVpZ2h0PSIxIiB4bWxucz0iaHR0cDovL3d3dy53My5vcmcvMjAwMC9zdmciPjwvc3ZnPg==\" style=\"--smush-placeholder-width: 1024px; --smush-placeholder-aspect-ratio: 1024\/746;\" \/><\/figure><div class=\"wp-block-media-text__content\">\n<p><strong>1989 Austria<\/strong><br>Evangelistic meeting in Innsbruck, Austria, May 1989<\/p>\n\n\n\n<p class=\"has-gray-color has-text-color has-link-color has-small-font-size wp-elements-70141bfb74600814b0cb2bee128e9212\">Mennonite Library &amp; Archives at Fresno Pacific University, Multiply (Mennonite Brethren Missions) \/ Austria &amp; Germany, A250-19-0132.jpg. | <a href=\"https:\/\/fresno.canto.com\/v\/MennoniteBrethrenMissions\/album\/G1JQQ?display=thumbnail&amp;viewIndex=2&amp;gSortingForward&amp;gOrderProp=name&amp;referenceTo=&amp;from=fitView&amp;column=image&amp;id=auokkhc6dt1cbf7i5shavaj74t\">DigitalFPU<\/a><\/p>\n<\/div><\/div>\n\n\n\n<div class=\"wp-block-media-text is-stacked-on-mobile\"><figure class=\"wp-block-media-text__media\"><img decoding=\"async\" width=\"807\" height=\"544\" data-src=\"https:\/\/mwc-cmm.org\/wp-content\/uploads\/2025\/06\/1990MCUSAArchive6939822693_bb799b9c27_o.jpg\" alt=\"\" class=\"wp-image-115124 size-full lazyload\" data-srcset=\"https:\/\/mwc-cmm.org\/wp-content\/uploads\/2025\/06\/1990MCUSAArchive6939822693_bb799b9c27_o.jpg 807w, https:\/\/mwc-cmm.org\/wp-content\/uploads\/2025\/06\/1990MCUSAArchive6939822693_bb799b9c27_o-300x202.jpg 300w, https:\/\/mwc-cmm.org\/wp-content\/uploads\/2025\/06\/1990MCUSAArchive6939822693_bb799b9c27_o-768x518.jpg 768w\" data-sizes=\"(max-width: 807px) 100vw, 807px\" src=\"data:image\/svg+xml;base64,PHN2ZyB3aWR0aD0iMSIgaGVpZ2h0PSIxIiB4bWxucz0iaHR0cDovL3d3dy53My5vcmcvMjAwMC9zdmciPjwvc3ZnPg==\" style=\"--smush-placeholder-width: 807px; --smush-placeholder-aspect-ratio: 807\/544;\" \/><\/figure><div class=\"wp-block-media-text__content\">\n<p><strong>1990 Canada<\/strong><br>Mennonite World Conference. Twelfth Mennonite World Conference, 1990, Winnipeg, Canada. Jake Pauls, with the bendiction at the end of a memorable evening.<\/p>\n\n\n\n<p class=\"has-gray-color has-text-color has-link-color has-small-font-size wp-elements-f5531c6b5f18770fa10678f49da1770b\">Slides by T. Klassen; Script by John Dyck. X-9 Box 52 Folder 4 Slide 24. Mennonite Church USA Archives &#8211; Elkhart. Elkhart, Indiana.| <a href=\"https:\/\/www.flickr.com\/photos\/mennonitechurchusa-archives\/6939822693\/in\/album-72157629478231965\">Flickr<\/a><\/p>\n<\/div><\/div>\n\n\n\n<div class=\"wp-block-media-text is-stacked-on-mobile\"><figure class=\"wp-block-media-text__media\"><img decoding=\"async\" width=\"1024\" height=\"721\" data-src=\"https:\/\/mwc-cmm.org\/wp-content\/uploads\/2025\/06\/1990MBMA250-13-961-1024x721.jpg\" alt=\"\" class=\"wp-image-115110 size-full lazyload\" data-srcset=\"https:\/\/mwc-cmm.org\/wp-content\/uploads\/2025\/06\/1990MBMA250-13-961-1024x721.jpg 1024w, https:\/\/mwc-cmm.org\/wp-content\/uploads\/2025\/06\/1990MBMA250-13-961-300x211.jpg 300w, https:\/\/mwc-cmm.org\/wp-content\/uploads\/2025\/06\/1990MBMA250-13-961-768x540.jpg 768w, https:\/\/mwc-cmm.org\/wp-content\/uploads\/2025\/06\/1990MBMA250-13-961.jpg 1478w\" data-sizes=\"(max-width: 1024px) 100vw, 1024px\" src=\"data:image\/svg+xml;base64,PHN2ZyB3aWR0aD0iMSIgaGVpZ2h0PSIxIiB4bWxucz0iaHR0cDovL3d3dy53My5vcmcvMjAwMC9zdmciPjwvc3ZnPg==\" style=\"--smush-placeholder-width: 1024px; --smush-placeholder-aspect-ratio: 1024\/721;\" \/><\/figure><div class=\"wp-block-media-text__content\">\n<p><strong>1990 Colombia<\/strong><br>Iglesia Cristiana Comunidad de Paz in Bogota, March 1990. Galen Wiest and Linda Wiest are on left.<\/p>\n\n\n\n<p class=\"has-gray-color has-text-color has-link-color has-small-font-size wp-elements-8a09bf0a67af9b0706480958588bb8e9\">Mennonite Library &amp; Archives at Fresno Pacific University, Multiply (Mennonite Brethren Missions) \/ Colombia, A250-13-961.jpg. | <a href=\"https:\/\/fresno.canto.com\/v\/MennoniteBrethrenMissions\/library?keyword=1990&amp;gSortingForward&amp;gOrderProp=name&amp;viewIndex=2&amp;display=thumbnail&amp;referenceTo=&amp;from=thumbnail&amp;column=image&amp;id=00suu9cnpd6n94mj662blcu53u\">DigitalFPU<\/a><\/p>\n<\/div><\/div>\n\n\n\n<div class=\"wp-block-media-text is-stacked-on-mobile\"><figure class=\"wp-block-media-text__media\"><img decoding=\"async\" width=\"1024\" height=\"820\" data-src=\"https:\/\/mwc-cmm.org\/wp-content\/uploads\/2025\/06\/1990MBMA250-12-962-1024x820.jpg\" alt=\"\" class=\"wp-image-115096 size-full lazyload\" data-srcset=\"https:\/\/mwc-cmm.org\/wp-content\/uploads\/2025\/06\/1990MBMA250-12-962-1024x820.jpg 1024w, https:\/\/mwc-cmm.org\/wp-content\/uploads\/2025\/06\/1990MBMA250-12-962-300x240.jpg 300w, https:\/\/mwc-cmm.org\/wp-content\/uploads\/2025\/06\/1990MBMA250-12-962-768x615.jpg 768w, https:\/\/mwc-cmm.org\/wp-content\/uploads\/2025\/06\/1990MBMA250-12-962-1536x1230.jpg 1536w, https:\/\/mwc-cmm.org\/wp-content\/uploads\/2025\/06\/1990MBMA250-12-962.jpg 1918w\" data-sizes=\"(max-width: 1024px) 100vw, 1024px\" src=\"data:image\/svg+xml;base64,PHN2ZyB3aWR0aD0iMSIgaGVpZ2h0PSIxIiB4bWxucz0iaHR0cDovL3d3dy53My5vcmcvMjAwMC9zdmciPjwvc3ZnPg==\" style=\"--smush-placeholder-width: 1024px; --smush-placeholder-aspect-ratio: 1024\/820;\" \/><\/figure><div class=\"wp-block-media-text__content\">\n<p><strong>1990 Brazil<\/strong><br>Sunday school class in Sao Paulo, 1990.<\/p>\n\n\n\n<p class=\"has-gray-color has-text-color has-link-color has-small-font-size wp-elements-1445dfea32822f08cd67572620021150\">Mennonite Library &amp; Archives at Fresno Pacific University, Multiply (Mennonite Brethren Missions) \/ Brazil, A250-12-962.jpg | <a href=\"https:\/\/fresno.canto.com\/v\/MennoniteBrethrenMissions\/library?keyword=1990&amp;gSortingForward&amp;gOrderProp=name&amp;viewIndex=2&amp;display=thumbnail&amp;referenceTo=&amp;from=thumbnail&amp;column=image&amp;id=frc5obedc57a52h2rmrf9ku27r\">DigitalFPU<\/a><\/p>\n<\/div><\/div>\n\n\n\n<div class=\"wp-block-media-text is-stacked-on-mobile\"><figure class=\"wp-block-media-text__media\"><img decoding=\"async\" width=\"1024\" height=\"673\" data-src=\"https:\/\/mwc-cmm.org\/wp-content\/uploads\/2025\/06\/1991MBMA250-17-19-1024x673.jpg\" alt=\"\" class=\"wp-image-115152 size-full lazyload\" data-srcset=\"https:\/\/mwc-cmm.org\/wp-content\/uploads\/2025\/06\/1991MBMA250-17-19-1024x673.jpg 1024w, https:\/\/mwc-cmm.org\/wp-content\/uploads\/2025\/06\/1991MBMA250-17-19-300x197.jpg 300w, https:\/\/mwc-cmm.org\/wp-content\/uploads\/2025\/06\/1991MBMA250-17-19-768x505.jpg 768w, https:\/\/mwc-cmm.org\/wp-content\/uploads\/2025\/06\/1991MBMA250-17-19-1536x1009.jpg 1536w, https:\/\/mwc-cmm.org\/wp-content\/uploads\/2025\/06\/1991MBMA250-17-19-2048x1346.jpg 2048w\" data-sizes=\"(max-width: 1024px) 100vw, 1024px\" src=\"data:image\/svg+xml;base64,PHN2ZyB3aWR0aD0iMSIgaGVpZ2h0PSIxIiB4bWxucz0iaHR0cDovL3d3dy53My5vcmcvMjAwMC9zdmciPjwvc3ZnPg==\" style=\"--smush-placeholder-width: 1024px; --smush-placeholder-aspect-ratio: 1024\/673;\" \/><\/figure><div class=\"wp-block-media-text__content\">\n<p><strong>1991 Panama<\/strong><br>Pastor Jose Perez leads Panama City MB Church spiritual retreat at Santa Clara Beach, 1991. Jose&#8217;s wife Suyapa Perez is seated at foot of cross. Jacob and Marlene Tice, are 3rd and 5th from left.<\/p>\n\n\n\n<p class=\"has-gray-color has-text-color has-link-color has-small-font-size wp-elements-14237e62ad2e951442a1e59a22a34b72\">Mennonite Library &amp; Archives at Fresno Pacific University, Multiply (Mennonite Brethren Missions) \/ Panama, A250-17-19.jpg. | <a href=\"https:\/\/fresno.canto.com\/v\/MennoniteBrethrenMissions\/album\/VFV3L?display=curatedView&amp;viewIndex=2&amp;gSortingForward&amp;gOrderProp=name&amp;referenceTo=&amp;from=fitView&amp;column=image&amp;id=ks7vog3qg153h7pmh07omv5i2i\">DigitalFPU<\/a><\/p>\n<\/div><\/div>\n\n\n\n<div class=\"wp-block-media-text is-stacked-on-mobile\"><figure class=\"wp-block-media-text__media\"><img decoding=\"async\" width=\"689\" height=\"1024\" data-src=\"https:\/\/mwc-cmm.org\/wp-content\/uploads\/2025\/06\/1991IrmaSulistyorini-689x1024.jpg\" alt=\"\" class=\"wp-image-115138 size-full lazyload\" data-srcset=\"https:\/\/mwc-cmm.org\/wp-content\/uploads\/2025\/06\/1991IrmaSulistyorini-689x1024.jpg 689w, https:\/\/mwc-cmm.org\/wp-content\/uploads\/2025\/06\/1991IrmaSulistyorini-202x300.jpg 202w, https:\/\/mwc-cmm.org\/wp-content\/uploads\/2025\/06\/1991IrmaSulistyorini-768x1141.jpg 768w, https:\/\/mwc-cmm.org\/wp-content\/uploads\/2025\/06\/1991IrmaSulistyorini-1034x1536.jpg 1034w, https:\/\/mwc-cmm.org\/wp-content\/uploads\/2025\/06\/1991IrmaSulistyorini.jpg 1329w\" data-sizes=\"(max-width: 689px) 100vw, 689px\" src=\"data:image\/svg+xml;base64,PHN2ZyB3aWR0aD0iMSIgaGVpZ2h0PSIxIiB4bWxucz0iaHR0cDovL3d3dy53My5vcmcvMjAwMC9zdmciPjwvc3ZnPg==\" style=\"--smush-placeholder-width: 689px; --smush-placeholder-aspect-ratio: 689\/1024;\" \/><\/figure><div class=\"wp-block-media-text__content\">\n<p><strong>1991 Indonesia&nbsp;<\/strong><br>GKMI Keling, Indonesia.<\/p>\n\n\n\n<p class=\"has-gray-color has-text-color has-link-color has-small-font-size wp-elements-2b0e3fb0b2fd23712dc9f7ea7e59ee03\">Photo submitted by Irma Sulistyorini.<\/p>\n<\/div><\/div>\n\n\n\n<p><\/p>\n<\/details>\n\n\n\n<h2 class=\"wp-block-heading\"><strong>1995\u20132009<\/strong>&nbsp;<\/h2>\n\n\n\n<details class=\"wp-block-details is-layout-flow wp-block-details-is-layout-flow\"><summary>click arrow to view photos<\/summary>\n<div class=\"wp-block-media-text is-stacked-on-mobile\"><figure class=\"wp-block-media-text__media\"><img decoding=\"async\" width=\"1024\" height=\"812\" data-src=\"https:\/\/mwc-cmm.org\/wp-content\/uploads\/2025\/06\/1995DodanimLansVasquezCamposImage_20250305_0030-1024x812.jpg\" alt=\"\" class=\"wp-image-115183 size-full lazyload\" data-srcset=\"https:\/\/mwc-cmm.org\/wp-content\/uploads\/2025\/06\/1995DodanimLansVasquezCamposImage_20250305_0030-1024x812.jpg 1024w, https:\/\/mwc-cmm.org\/wp-content\/uploads\/2025\/06\/1995DodanimLansVasquezCamposImage_20250305_0030-300x238.jpg 300w, https:\/\/mwc-cmm.org\/wp-content\/uploads\/2025\/06\/1995DodanimLansVasquezCamposImage_20250305_0030-768x609.jpg 768w, https:\/\/mwc-cmm.org\/wp-content\/uploads\/2025\/06\/1995DodanimLansVasquezCamposImage_20250305_0030.jpg 1292w\" data-sizes=\"(max-width: 1024px) 100vw, 1024px\" src=\"data:image\/svg+xml;base64,PHN2ZyB3aWR0aD0iMSIgaGVpZ2h0PSIxIiB4bWxucz0iaHR0cDovL3d3dy53My5vcmcvMjAwMC9zdmciPjwvc3ZnPg==\" style=\"--smush-placeholder-width: 1024px; --smush-placeholder-aspect-ratio: 1024\/812;\" \/><\/figure><div class=\"wp-block-media-text__content\">\n<p><strong>1995 Guatemala\u00a0<\/strong><br>Iglesia Menonita Roca de Salvaci\u00f3n<\/p>\n\n\n\n<p class=\"has-gray-color has-text-color has-link-color has-small-font-size wp-elements-82a485eb0182e1f8c4e0bd5738941f4c\">Photo submitted by Dodanim Lans V\u00e1squez Campos.<br><\/p>\n<\/div><\/div>\n\n\n\n<div class=\"wp-block-media-text is-stacked-on-mobile\"><figure class=\"wp-block-media-text__media\"><img decoding=\"async\" width=\"1024\" height=\"769\" data-src=\"https:\/\/mwc-cmm.org\/wp-content\/uploads\/2025\/06\/1997BruceCampbell-Janz2-1024x769.jpg\" alt=\"\" class=\"wp-image-115197 size-full lazyload\" data-srcset=\"https:\/\/mwc-cmm.org\/wp-content\/uploads\/2025\/06\/1997BruceCampbell-Janz2-1024x769.jpg 1024w, https:\/\/mwc-cmm.org\/wp-content\/uploads\/2025\/06\/1997BruceCampbell-Janz2-300x225.jpg 300w, https:\/\/mwc-cmm.org\/wp-content\/uploads\/2025\/06\/1997BruceCampbell-Janz2-768x576.jpg 768w, https:\/\/mwc-cmm.org\/wp-content\/uploads\/2025\/06\/1997BruceCampbell-Janz2-1536x1153.jpg 1536w, https:\/\/mwc-cmm.org\/wp-content\/uploads\/2025\/06\/1997BruceCampbell-Janz2-2048x1537.jpg 2048w\" data-sizes=\"(max-width: 1024px) 100vw, 1024px\" src=\"data:image\/svg+xml;base64,PHN2ZyB3aWR0aD0iMSIgaGVpZ2h0PSIxIiB4bWxucz0iaHR0cDovL3d3dy53My5vcmcvMjAwMC9zdmciPjwvc3ZnPg==\" style=\"--smush-placeholder-width: 1024px; --smush-placeholder-aspect-ratio: 1024\/769;\" \/><\/figure><div class=\"wp-block-media-text__content\">\n<p><strong>1997 India&nbsp;<\/strong><br>Delegation from DR Congo at MWC Assembly 13 in Kolkata, India.<\/p>\n\n\n\n<p class=\"has-gray-color has-text-color has-link-color has-small-font-size wp-elements-973c72ceb301f967f326fa6e3624e327\">Photo submitted by Bruce Campbell-Janz.<\/p>\n<\/div><\/div>\n\n\n\n<div class=\"wp-block-media-text is-stacked-on-mobile\"><figure class=\"wp-block-media-text__media\"><img decoding=\"async\" width=\"1024\" height=\"684\" data-src=\"https:\/\/mwc-cmm.org\/wp-content\/uploads\/2025\/06\/1997MBMA250-6-126-1024x684.jpg\" alt=\"\" class=\"wp-image-115211 size-full lazyload\" data-srcset=\"https:\/\/mwc-cmm.org\/wp-content\/uploads\/2025\/06\/1997MBMA250-6-126-1024x684.jpg 1024w, https:\/\/mwc-cmm.org\/wp-content\/uploads\/2025\/06\/1997MBMA250-6-126-300x200.jpg 300w, https:\/\/mwc-cmm.org\/wp-content\/uploads\/2025\/06\/1997MBMA250-6-126-768x513.jpg 768w, https:\/\/mwc-cmm.org\/wp-content\/uploads\/2025\/06\/1997MBMA250-6-126-1536x1026.jpg 1536w, https:\/\/mwc-cmm.org\/wp-content\/uploads\/2025\/06\/1997MBMA250-6-126.jpg 1778w\" data-sizes=\"(max-width: 1024px) 100vw, 1024px\" src=\"data:image\/svg+xml;base64,PHN2ZyB3aWR0aD0iMSIgaGVpZ2h0PSIxIiB4bWxucz0iaHR0cDovL3d3dy53My5vcmcvMjAwMC9zdmciPjwvc3ZnPg==\" style=\"--smush-placeholder-width: 1024px; --smush-placeholder-aspect-ratio: 1024\/684;\" \/><\/figure><div class=\"wp-block-media-text__content\">\n<p><strong>1997 India<\/strong><br>Mt. Zion MB Church baptismal ceremony, 1997.<\/p>\n\n\n\n<p class=\"has-gray-color has-text-color has-link-color has-small-font-size wp-elements-f1be96b49d7c4a9a981f9f5e77868f8e\">Mennonite Library &amp; Archives at Fresno Pacific University, Multiply (Mennonite Brethren Missions) \/ India, A250-6-126.jpg. | <a href=\"https:\/\/fresno.canto.com\/v\/MennoniteBrethrenMissions\/album\/H7IE4?display=thumbnail&amp;viewIndex=2&amp;gSortingForward&amp;gOrderProp=name&amp;referenceTo=&amp;from=thumbnail&amp;column=image&amp;id=esp8o9pmst0rfb5bchu7ve7g27\">DigitalFPU<\/a><\/p>\n<\/div><\/div>\n\n\n\n<div class=\"wp-block-media-text is-stacked-on-mobile\"><figure class=\"wp-block-media-text__media\"><img decoding=\"async\" width=\"1024\" height=\"725\" data-src=\"https:\/\/mwc-cmm.org\/wp-content\/uploads\/2025\/06\/2000GenerosoRanaImage-1-1024x725.jpeg\" alt=\"\" class=\"wp-image-115225 size-full lazyload\" data-srcset=\"https:\/\/mwc-cmm.org\/wp-content\/uploads\/2025\/06\/2000GenerosoRanaImage-1-1024x725.jpeg 1024w, https:\/\/mwc-cmm.org\/wp-content\/uploads\/2025\/06\/2000GenerosoRanaImage-1-300x212.jpeg 300w, https:\/\/mwc-cmm.org\/wp-content\/uploads\/2025\/06\/2000GenerosoRanaImage-1-768x544.jpeg 768w, https:\/\/mwc-cmm.org\/wp-content\/uploads\/2025\/06\/2000GenerosoRanaImage-1-1536x1087.jpeg 1536w, https:\/\/mwc-cmm.org\/wp-content\/uploads\/2025\/06\/2000GenerosoRanaImage-1-2048x1450.jpeg 2048w\" data-sizes=\"(max-width: 1024px) 100vw, 1024px\" src=\"data:image\/svg+xml;base64,PHN2ZyB3aWR0aD0iMSIgaGVpZ2h0PSIxIiB4bWxucz0iaHR0cDovL3d3dy53My5vcmcvMjAwMC9zdmciPjwvc3ZnPg==\" style=\"--smush-placeholder-width: 1024px; --smush-placeholder-aspect-ratio: 1024\/725;\" \/><\/figure><div class=\"wp-block-media-text__content\">\n<p><strong>2000 Philippines<\/strong><br>Lumban Mennonite Bible Church.<\/p>\n\n\n\n<p class=\"has-gray-color has-text-color has-link-color has-small-font-size wp-elements-5b1c1006b1502605f8d3e72a31e5a7f3\">Photo submitted by Generoso Rana\/Ebenezer Mondez.<\/p>\n<\/div><\/div>\n\n\n\n<div class=\"wp-block-media-text is-stacked-on-mobile\"><figure class=\"wp-block-media-text__media\"><img decoding=\"async\" width=\"1024\" height=\"768\" data-src=\"https:\/\/mwc-cmm.org\/wp-content\/uploads\/2025\/06\/2003Zimbabwe811-offering-1024x768.jpg\" alt=\"\" class=\"wp-image-115239 size-full lazyload\" data-srcset=\"https:\/\/mwc-cmm.org\/wp-content\/uploads\/2025\/06\/2003Zimbabwe811-offering-1024x768.jpg 1024w, https:\/\/mwc-cmm.org\/wp-content\/uploads\/2025\/06\/2003Zimbabwe811-offering-300x225.jpg 300w, https:\/\/mwc-cmm.org\/wp-content\/uploads\/2025\/06\/2003Zimbabwe811-offering-768x576.jpg 768w, https:\/\/mwc-cmm.org\/wp-content\/uploads\/2025\/06\/2003Zimbabwe811-offering.jpg 1280w\" data-sizes=\"(max-width: 1024px) 100vw, 1024px\" src=\"data:image\/svg+xml;base64,PHN2ZyB3aWR0aD0iMSIgaGVpZ2h0PSIxIiB4bWxucz0iaHR0cDovL3d3dy53My5vcmcvMjAwMC9zdmciPjwvc3ZnPg==\" style=\"--smush-placeholder-width: 1024px; --smush-placeholder-aspect-ratio: 1024\/768;\" \/><\/figure><div class=\"wp-block-media-text__content\">\n<p><strong>2003 Zimbabwe&nbsp;<\/strong><br>Taking an offering at MWC Assembly14 in Bulawayo, Zimbabwe.<\/p>\n\n\n\n<p class=\"has-gray-color has-text-color has-link-color has-small-font-size wp-elements-1719448144c2e24f7148d73e89db9d89\">Photo submitted by <em>unknown<\/em>.<\/p>\n<\/div><\/div>\n\n\n\n<div class=\"wp-block-media-text is-stacked-on-mobile\"><figure class=\"wp-block-media-text__media\"><img decoding=\"async\" width=\"768\" height=\"1024\" data-src=\"https:\/\/mwc-cmm.org\/wp-content\/uploads\/2025\/06\/2003Zimbabwe816-dish-washing-768x1024.jpg\" alt=\"\" class=\"wp-image-115253 size-full lazyload\" data-srcset=\"https:\/\/mwc-cmm.org\/wp-content\/uploads\/2025\/06\/2003Zimbabwe816-dish-washing-768x1024.jpg 768w, https:\/\/mwc-cmm.org\/wp-content\/uploads\/2025\/06\/2003Zimbabwe816-dish-washing-225x300.jpg 225w, https:\/\/mwc-cmm.org\/wp-content\/uploads\/2025\/06\/2003Zimbabwe816-dish-washing.jpg 960w\" data-sizes=\"(max-width: 768px) 100vw, 768px\" src=\"data:image\/svg+xml;base64,PHN2ZyB3aWR0aD0iMSIgaGVpZ2h0PSIxIiB4bWxucz0iaHR0cDovL3d3dy53My5vcmcvMjAwMC9zdmciPjwvc3ZnPg==\" style=\"--smush-placeholder-width: 768px; --smush-placeholder-aspect-ratio: 768\/1024;\" \/><\/figure><div class=\"wp-block-media-text__content\">\n<p><strong>2003 Zimbabwe&nbsp;<\/strong><br>Washing dishes at MWC Assembly 14 in Bulawayo, Zimbabwe.<\/p>\n\n\n\n<p class=\"has-gray-color has-text-color has-link-color has-small-font-size wp-elements-1719448144c2e24f7148d73e89db9d89\">Photo submitted by <em>unknown<\/em>.<\/p>\n<\/div><\/div>\n\n\n\n<div class=\"wp-block-media-text is-stacked-on-mobile\"><figure class=\"wp-block-media-text__media\"><img decoding=\"async\" width=\"1024\" height=\"691\" data-src=\"https:\/\/mwc-cmm.org\/wp-content\/uploads\/2025\/06\/2006GKMISidoarjo_1-1024x691.png\" alt=\"\" class=\"wp-image-115267 size-full lazyload\" data-srcset=\"https:\/\/mwc-cmm.org\/wp-content\/uploads\/2025\/06\/2006GKMISidoarjo_1-1024x691.png 1024w, https:\/\/mwc-cmm.org\/wp-content\/uploads\/2025\/06\/2006GKMISidoarjo_1-300x203.png 300w, https:\/\/mwc-cmm.org\/wp-content\/uploads\/2025\/06\/2006GKMISidoarjo_1-768x518.png 768w, https:\/\/mwc-cmm.org\/wp-content\/uploads\/2025\/06\/2006GKMISidoarjo_1.png 1145w\" data-sizes=\"(max-width: 1024px) 100vw, 1024px\" src=\"data:image\/svg+xml;base64,PHN2ZyB3aWR0aD0iMSIgaGVpZ2h0PSIxIiB4bWxucz0iaHR0cDovL3d3dy53My5vcmcvMjAwMC9zdmciPjwvc3ZnPg==\" style=\"--smush-placeholder-width: 1024px; --smush-placeholder-aspect-ratio: 1024\/691;\" \/><\/figure><div class=\"wp-block-media-text__content\">\n<p><strong>2006 Indonesia&nbsp;<\/strong><br>GKMI Sidoarjo.<\/p>\n\n\n\n<p class=\"has-gray-color has-text-color has-link-color has-small-font-size wp-elements-3306e3d7606125a8355f82859524a9ea\">Photo submitted by Stephanie Setiawan.<\/p>\n<\/div><\/div>\n\n\n\n<div class=\"wp-block-media-text is-stacked-on-mobile\"><figure class=\"wp-block-media-text__media\"><img decoding=\"async\" width=\"1024\" height=\"768\" data-src=\"https:\/\/mwc-cmm.org\/wp-content\/uploads\/2025\/06\/2008ElinaCiptadiPB180774-1024x768.jpg\" alt=\"\" class=\"wp-image-115326 size-full lazyload\" data-srcset=\"https:\/\/mwc-cmm.org\/wp-content\/uploads\/2025\/06\/2008ElinaCiptadiPB180774-1024x768.jpg 1024w, https:\/\/mwc-cmm.org\/wp-content\/uploads\/2025\/06\/2008ElinaCiptadiPB180774-300x225.jpg 300w, https:\/\/mwc-cmm.org\/wp-content\/uploads\/2025\/06\/2008ElinaCiptadiPB180774-768x576.jpg 768w, https:\/\/mwc-cmm.org\/wp-content\/uploads\/2025\/06\/2008ElinaCiptadiPB180774-1536x1152.jpg 1536w, https:\/\/mwc-cmm.org\/wp-content\/uploads\/2025\/06\/2008ElinaCiptadiPB180774-2048x1536.jpg 2048w\" data-sizes=\"(max-width: 1024px) 100vw, 1024px\" src=\"data:image\/svg+xml;base64,PHN2ZyB3aWR0aD0iMSIgaGVpZ2h0PSIxIiB4bWxucz0iaHR0cDovL3d3dy53My5vcmcvMjAwMC9zdmciPjwvc3ZnPg==\" style=\"--smush-placeholder-width: 1024px; --smush-placeholder-aspect-ratio: 1024\/768;\" \/><\/figure><div class=\"wp-block-media-text__content\">\n<p><strong>2008 Vietnam&nbsp;<\/strong><br>Vietnam Mennonite Church.<\/p>\n\n\n\n<p class=\"has-gray-color has-text-color has-link-color has-small-font-size wp-elements-7bbb668353e308a3bfe83eb18a3165ea\">Photo submitted by Elina Ciptadi.<\/p>\n<\/div><\/div>\n\n\n\n<div class=\"wp-block-media-text is-stacked-on-mobile\"><figure class=\"wp-block-media-text__media\"><img decoding=\"async\" width=\"1024\" height=\"683\" data-src=\"https:\/\/mwc-cmm.org\/wp-content\/uploads\/2025\/06\/2009ParaguayPARAGUAY-Asuncion-Mennonite-World-Conference-18-Jul-200_002-lowell-brown-1024x683.jpg\" alt=\"\" class=\"wp-image-115295 size-full lazyload\" data-srcset=\"https:\/\/mwc-cmm.org\/wp-content\/uploads\/2025\/06\/2009ParaguayPARAGUAY-Asuncion-Mennonite-World-Conference-18-Jul-200_002-lowell-brown-1024x683.jpg 1024w, https:\/\/mwc-cmm.org\/wp-content\/uploads\/2025\/06\/2009ParaguayPARAGUAY-Asuncion-Mennonite-World-Conference-18-Jul-200_002-lowell-brown-300x200.jpg 300w, https:\/\/mwc-cmm.org\/wp-content\/uploads\/2025\/06\/2009ParaguayPARAGUAY-Asuncion-Mennonite-World-Conference-18-Jul-200_002-lowell-brown-768x512.jpg 768w, https:\/\/mwc-cmm.org\/wp-content\/uploads\/2025\/06\/2009ParaguayPARAGUAY-Asuncion-Mennonite-World-Conference-18-Jul-200_002-lowell-brown-1536x1024.jpg 1536w, https:\/\/mwc-cmm.org\/wp-content\/uploads\/2025\/06\/2009ParaguayPARAGUAY-Asuncion-Mennonite-World-Conference-18-Jul-200_002-lowell-brown-2048x1365.jpg 2048w\" data-sizes=\"(max-width: 1024px) 100vw, 1024px\" src=\"data:image\/svg+xml;base64,PHN2ZyB3aWR0aD0iMSIgaGVpZ2h0PSIxIiB4bWxucz0iaHR0cDovL3d3dy53My5vcmcvMjAwMC9zdmciPjwvc3ZnPg==\" style=\"--smush-placeholder-width: 1024px; --smush-placeholder-aspect-ratio: 1024\/683;\" \/><\/figure><div class=\"wp-block-media-text__content\">\n<p><strong>2009 Paraguay<\/strong><br>MWC Assembly 15 in Asunci\u00f3n, Paraguay.<\/p>\n\n\n\n<p class=\"has-gray-color has-text-color has-link-color has-small-font-size wp-elements-195e9246bef29ed9ab4a1df661a660b7\">Photo submitted by Lowell Brown.<\/p>\n<\/div><\/div>\n\n\n\n<div class=\"wp-block-media-text is-stacked-on-mobile\"><figure class=\"wp-block-media-text__media\"><img decoding=\"async\" width=\"1024\" height=\"685\" data-src=\"https:\/\/mwc-cmm.org\/wp-content\/uploads\/2025\/06\/2009ParaguayGYS-wilhelm-1024x685.jpg\" alt=\"\" class=\"wp-image-115281 size-full lazyload\" data-srcset=\"https:\/\/mwc-cmm.org\/wp-content\/uploads\/2025\/06\/2009ParaguayGYS-wilhelm-1024x685.jpg 1024w, https:\/\/mwc-cmm.org\/wp-content\/uploads\/2025\/06\/2009ParaguayGYS-wilhelm-300x201.jpg 300w, https:\/\/mwc-cmm.org\/wp-content\/uploads\/2025\/06\/2009ParaguayGYS-wilhelm-768x514.jpg 768w, https:\/\/mwc-cmm.org\/wp-content\/uploads\/2025\/06\/2009ParaguayGYS-wilhelm-1536x1028.jpg 1536w, https:\/\/mwc-cmm.org\/wp-content\/uploads\/2025\/06\/2009ParaguayGYS-wilhelm-2048x1371.jpg 2048w\" data-sizes=\"(max-width: 1024px) 100vw, 1024px\" src=\"data:image\/svg+xml;base64,PHN2ZyB3aWR0aD0iMSIgaGVpZ2h0PSIxIiB4bWxucz0iaHR0cDovL3d3dy53My5vcmcvMjAwMC9zdmciPjwvc3ZnPg==\" style=\"--smush-placeholder-width: 1024px; --smush-placeholder-aspect-ratio: 1024\/685;\" \/><\/figure><div class=\"wp-block-media-text__content\">\n<p><strong>2009 Paraguay&nbsp;<\/strong><br>GYS participants at MWC Assembly 15 in Asunci\u00f3n, Paraguay.<\/p>\n\n\n\n<p class=\"has-gray-color has-text-color has-link-color has-small-font-size wp-elements-2e456481d8ef727c18e780a5cb68d17d\">Photo submitted by Wilhem Unger.<\/p>\n<\/div><\/div>\n\n\n\n<p><\/p>\n<\/details>\n\n\n\n<h2 class=\"wp-block-heading\"><strong>2009\u201320<\/strong>18&nbsp;<\/h2>\n\n\n\n<details class=\"wp-block-details is-layout-flow wp-block-details-is-layout-flow\"><summary>click arrow to view photos<\/summary>\n<div class=\"wp-block-media-text is-stacked-on-mobile\"><figure class=\"wp-block-media-text__media\"><img decoding=\"async\" width=\"640\" height=\"427\" data-src=\"https:\/\/mwc-cmm.org\/wp-content\/uploads\/2025\/06\/2009RayBrubacherAmigos-Jan05-Ross-Muir-CM.jpeg\" alt=\"\" class=\"wp-image-115309 size-full lazyload\" data-srcset=\"https:\/\/mwc-cmm.org\/wp-content\/uploads\/2025\/06\/2009RayBrubacherAmigos-Jan05-Ross-Muir-CM.jpeg 640w, https:\/\/mwc-cmm.org\/wp-content\/uploads\/2025\/06\/2009RayBrubacherAmigos-Jan05-Ross-Muir-CM-300x200.jpeg 300w\" data-sizes=\"(max-width: 640px) 100vw, 640px\" src=\"data:image\/svg+xml;base64,PHN2ZyB3aWR0aD0iMSIgaGVpZ2h0PSIxIiB4bWxucz0iaHR0cDovL3d3dy53My5vcmcvMjAwMC9zdmciPjwvc3ZnPg==\" style=\"--smush-placeholder-width: 640px; --smush-placeholder-aspect-ratio: 640\/427;\" \/><\/figure><div class=\"wp-block-media-text__content\">\n<p><strong>2009 Canada&nbsp;<\/strong><br>Amigos (l-r): Sarah Thompson, Amandus Reimer, Elina Ciptadi, Khohlwani Moyo, Barbara Kaercher.<\/p>\n\n\n\n<p class=\"has-gray-color has-text-color has-link-color has-small-font-size wp-elements-f2a70f1cc5fa4e5b171986c9f8d26ea8\">Photo submitted by Ray Brubacher.<\/p>\n<\/div><\/div>\n\n\n\n<div class=\"wp-block-media-text is-stacked-on-mobile\"><figure class=\"wp-block-media-text__media\"><img decoding=\"async\" width=\"800\" height=\"531\" data-src=\"https:\/\/mwc-cmm.org\/wp-content\/uploads\/2025\/06\/2013AngoladS3vvZ8CTILqXw6RY2aNTLxDp8Y3nAVF6rNwBFc1SN0.jpeg\" alt=\"\" class=\"wp-image-115341 size-full lazyload\" data-srcset=\"https:\/\/mwc-cmm.org\/wp-content\/uploads\/2025\/06\/2013AngoladS3vvZ8CTILqXw6RY2aNTLxDp8Y3nAVF6rNwBFc1SN0.jpeg 800w, https:\/\/mwc-cmm.org\/wp-content\/uploads\/2025\/06\/2013AngoladS3vvZ8CTILqXw6RY2aNTLxDp8Y3nAVF6rNwBFc1SN0-300x199.jpeg 300w, https:\/\/mwc-cmm.org\/wp-content\/uploads\/2025\/06\/2013AngoladS3vvZ8CTILqXw6RY2aNTLxDp8Y3nAVF6rNwBFc1SN0-768x510.jpeg 768w\" data-sizes=\"(max-width: 800px) 100vw, 800px\" src=\"data:image\/svg+xml;base64,PHN2ZyB3aWR0aD0iMSIgaGVpZ2h0PSIxIiB4bWxucz0iaHR0cDovL3d3dy53My5vcmcvMjAwMC9zdmciPjwvc3ZnPg==\" style=\"--smush-placeholder-width: 800px; --smush-placeholder-aspect-ratio: 800\/531;\" \/><\/figure><div class=\"wp-block-media-text__content\">\n<p><strong>2013 Angola<\/strong><br>Angola Deacon visit April 2013.<\/p>\n\n\n\n<p class=\"has-gray-color has-text-color has-link-color has-small-font-size wp-elements-4ae8df3408767d18de59449bd2332c57\">Photo submitted by <em>unknown<\/em>.<\/p>\n<\/div><\/div>\n\n\n\n<div class=\"wp-block-media-text is-stacked-on-mobile\"><figure class=\"wp-block-media-text__media\"><img decoding=\"async\" width=\"1024\" height=\"680\" data-src=\"https:\/\/mwc-cmm.org\/wp-content\/uploads\/2025\/06\/2013JanetPlenertDSC_0518-2-1024x680.jpg\" alt=\"\" class=\"wp-image-115355 size-full lazyload\" data-srcset=\"https:\/\/mwc-cmm.org\/wp-content\/uploads\/2025\/06\/2013JanetPlenertDSC_0518-2-1024x680.jpg 1024w, https:\/\/mwc-cmm.org\/wp-content\/uploads\/2025\/06\/2013JanetPlenertDSC_0518-2-300x199.jpg 300w, https:\/\/mwc-cmm.org\/wp-content\/uploads\/2025\/06\/2013JanetPlenertDSC_0518-2-768x510.jpg 768w, https:\/\/mwc-cmm.org\/wp-content\/uploads\/2025\/06\/2013JanetPlenertDSC_0518-2-1536x1020.jpg 1536w, https:\/\/mwc-cmm.org\/wp-content\/uploads\/2025\/06\/2013JanetPlenertDSC_0518-2-2048x1360.jpg 2048w\" data-sizes=\"(max-width: 1024px) 100vw, 1024px\" src=\"data:image\/svg+xml;base64,PHN2ZyB3aWR0aD0iMSIgaGVpZ2h0PSIxIiB4bWxucz0iaHR0cDovL3d3dy53My5vcmcvMjAwMC9zdmciPjwvc3ZnPg==\" style=\"--smush-placeholder-width: 1024px; --smush-placeholder-aspect-ratio: 1024\/680;\" \/><\/figure><div class=\"wp-block-media-text__content\">\n<p><strong>2013 Chile<\/strong><br>Cono Sur Chile 2013<\/p>\n\n\n\n<p class=\"has-gray-color has-text-color has-link-color has-small-font-size wp-elements-2cb808017a6a9971e71b6904191b7e3f\">Photo submitted by Janet Plenert.<\/p>\n<\/div><\/div>\n\n\n\n<div class=\"wp-block-media-text is-stacked-on-mobile\"><figure class=\"wp-block-media-text__media\"><img decoding=\"async\" width=\"1024\" height=\"571\" data-src=\"https:\/\/mwc-cmm.org\/wp-content\/uploads\/2025\/06\/20171011HenkStenvers29-11-Oct.-Chato-Chico-Almirante-Grau-lunch-1024x571.jpg\" alt=\"\" class=\"wp-image-115425 size-full lazyload\" data-srcset=\"https:\/\/mwc-cmm.org\/wp-content\/uploads\/2025\/06\/20171011HenkStenvers29-11-Oct.-Chato-Chico-Almirante-Grau-lunch-1024x571.jpg 1024w, https:\/\/mwc-cmm.org\/wp-content\/uploads\/2025\/06\/20171011HenkStenvers29-11-Oct.-Chato-Chico-Almirante-Grau-lunch-300x167.jpg 300w, https:\/\/mwc-cmm.org\/wp-content\/uploads\/2025\/06\/20171011HenkStenvers29-11-Oct.-Chato-Chico-Almirante-Grau-lunch-768x428.jpg 768w, https:\/\/mwc-cmm.org\/wp-content\/uploads\/2025\/06\/20171011HenkStenvers29-11-Oct.-Chato-Chico-Almirante-Grau-lunch-1536x856.jpg 1536w, https:\/\/mwc-cmm.org\/wp-content\/uploads\/2025\/06\/20171011HenkStenvers29-11-Oct.-Chato-Chico-Almirante-Grau-lunch-2048x1142.jpg 2048w\" data-sizes=\"(max-width: 1024px) 100vw, 1024px\" src=\"data:image\/svg+xml;base64,PHN2ZyB3aWR0aD0iMSIgaGVpZ2h0PSIxIiB4bWxucz0iaHR0cDovL3d3dy53My5vcmcvMjAwMC9zdmciPjwvc3ZnPg==\" style=\"--smush-placeholder-width: 1024px; --smush-placeholder-aspect-ratio: 1024\/571;\" \/><\/figure><div class=\"wp-block-media-text__content\">\n<p><strong>2017 Peru<\/strong><br>Deacons visit to Conferencia Peruana Hermanos Menonitas (CPHM) after catastrophic flooding in Piura, Peru.<\/p>\n\n\n\n<p class=\"has-gray-color has-text-color has-link-color has-small-font-size wp-elements-622397f5cc856e9f1a6684549a10b74f\">Photo submitted by Henk Stenvers.\u00a0<\/p>\n<\/div><\/div>\n\n\n\n<div class=\"wp-block-media-text is-stacked-on-mobile\"><figure class=\"wp-block-media-text__media\"><img decoding=\"async\" width=\"1024\" height=\"678\" data-src=\"https:\/\/mwc-cmm.org\/wp-content\/uploads\/2025\/06\/20170212Renewal_Harry-Unger114-1024x678.jpg\" alt=\"\" class=\"wp-image-115383 size-full lazyload\" data-srcset=\"https:\/\/mwc-cmm.org\/wp-content\/uploads\/2025\/06\/20170212Renewal_Harry-Unger114-1024x678.jpg 1024w, https:\/\/mwc-cmm.org\/wp-content\/uploads\/2025\/06\/20170212Renewal_Harry-Unger114-300x199.jpg 300w, https:\/\/mwc-cmm.org\/wp-content\/uploads\/2025\/06\/20170212Renewal_Harry-Unger114-768x509.jpg 768w, https:\/\/mwc-cmm.org\/wp-content\/uploads\/2025\/06\/20170212Renewal_Harry-Unger114-1536x1017.jpg 1536w, https:\/\/mwc-cmm.org\/wp-content\/uploads\/2025\/06\/20170212Renewal_Harry-Unger114-2048x1356.jpg 2048w\" data-sizes=\"(max-width: 1024px) 100vw, 1024px\" src=\"data:image\/svg+xml;base64,PHN2ZyB3aWR0aD0iMSIgaGVpZ2h0PSIxIiB4bWxucz0iaHR0cDovL3d3dy53My5vcmcvMjAwMC9zdmciPjwvc3ZnPg==\" style=\"--smush-placeholder-width: 1024px; --smush-placeholder-aspect-ratio: 1024\/678;\" \/><\/figure><div class=\"wp-block-media-text__content\">\n<p><strong>2017 Germany&nbsp;<\/strong><br>Renewal 2017 in Haus Sankt Ulrich, Augsburg, Germany.<\/p>\n\n\n\n<p class=\"has-gray-color has-text-color has-link-color has-small-font-size wp-elements-1ff3f19eb6e32127dd8dc22b66557930\">Photo submitted by Harry Unger.<\/p>\n<\/div><\/div>\n\n\n\n<div class=\"wp-block-media-text is-stacked-on-mobile\"><figure class=\"wp-block-media-text__media\"><img decoding=\"async\" width=\"1024\" height=\"576\" data-src=\"https:\/\/mwc-cmm.org\/wp-content\/uploads\/2025\/06\/20170721BarbaraNkala.jpeg\" alt=\"\" class=\"wp-image-115397 size-full lazyload\" data-srcset=\"https:\/\/mwc-cmm.org\/wp-content\/uploads\/2025\/06\/20170721BarbaraNkala.jpeg 1024w, https:\/\/mwc-cmm.org\/wp-content\/uploads\/2025\/06\/20170721BarbaraNkala-300x169.jpeg 300w, https:\/\/mwc-cmm.org\/wp-content\/uploads\/2025\/06\/20170721BarbaraNkala-768x432.jpeg 768w\" data-sizes=\"(max-width: 1024px) 100vw, 1024px\" src=\"data:image\/svg+xml;base64,PHN2ZyB3aWR0aD0iMSIgaGVpZ2h0PSIxIiB4bWxucz0iaHR0cDovL3d3dy53My5vcmcvMjAwMC9zdmciPjwvc3ZnPg==\" style=\"--smush-placeholder-width: 1024px; --smush-placeholder-aspect-ratio: 1024\/576;\" \/><\/figure><div class=\"wp-block-media-text__content\">\n<p><strong>2017 Malawi&nbsp;<\/strong><br>Barbara Nkala visited Malawi.<\/p>\n\n\n\n<p class=\"has-gray-color has-text-color has-link-color has-small-font-size wp-elements-6a82af21cc35f6c93cf64dc2464233b5\">Photo submitted by Barbara Nkala.<\/p>\n<\/div><\/div>\n\n\n\n<div class=\"wp-block-media-text is-stacked-on-mobile\"><figure class=\"wp-block-media-text__media\"><img decoding=\"async\" width=\"1024\" height=\"683\" data-src=\"https:\/\/mwc-cmm.org\/wp-content\/uploads\/2025\/06\/20171015LiesaUngerDSC_0321-1024x683.jpg\" alt=\"\" class=\"wp-image-115439 size-full lazyload\" data-srcset=\"https:\/\/mwc-cmm.org\/wp-content\/uploads\/2025\/06\/20171015LiesaUngerDSC_0321-1024x683.jpg 1024w, https:\/\/mwc-cmm.org\/wp-content\/uploads\/2025\/06\/20171015LiesaUngerDSC_0321-300x200.jpg 300w, https:\/\/mwc-cmm.org\/wp-content\/uploads\/2025\/06\/20171015LiesaUngerDSC_0321-768x512.jpg 768w, https:\/\/mwc-cmm.org\/wp-content\/uploads\/2025\/06\/20171015LiesaUngerDSC_0321-1536x1024.jpg 1536w, https:\/\/mwc-cmm.org\/wp-content\/uploads\/2025\/06\/20171015LiesaUngerDSC_0321-2048x1365.jpg 2048w\" data-sizes=\"(max-width: 1024px) 100vw, 1024px\" src=\"data:image\/svg+xml;base64,PHN2ZyB3aWR0aD0iMSIgaGVpZ2h0PSIxIiB4bWxucz0iaHR0cDovL3d3dy53My5vcmcvMjAwMC9zdmciPjwvc3ZnPg==\" style=\"--smush-placeholder-width: 1024px; --smush-placeholder-aspect-ratio: 1024\/683;\" \/><\/figure><div class=\"wp-block-media-text__content\">\n<p><strong>2017 Kenya<\/strong><\/p>\n\n\n\n<p class=\"has-gray-color has-text-color has-link-color has-small-font-size wp-elements-5211a06e25ae007f171ab4a359e5f08a\">Photo submitted by Liesa Unger.<\/p>\n<\/div><\/div>\n\n\n\n<div class=\"wp-block-media-text is-stacked-on-mobile\"><figure class=\"wp-block-media-text__media\"><img decoding=\"async\" width=\"1024\" height=\"683\" data-src=\"https:\/\/mwc-cmm.org\/wp-content\/uploads\/2025\/06\/20170921AnnaVogtIMG_8488-1024x683.jpg\" alt=\"\" class=\"wp-image-115411 size-full lazyload\" data-srcset=\"https:\/\/mwc-cmm.org\/wp-content\/uploads\/2025\/06\/20170921AnnaVogtIMG_8488-1024x683.jpg 1024w, https:\/\/mwc-cmm.org\/wp-content\/uploads\/2025\/06\/20170921AnnaVogtIMG_8488-300x200.jpg 300w, https:\/\/mwc-cmm.org\/wp-content\/uploads\/2025\/06\/20170921AnnaVogtIMG_8488-768x512.jpg 768w, https:\/\/mwc-cmm.org\/wp-content\/uploads\/2025\/06\/20170921AnnaVogtIMG_8488-1536x1024.jpg 1536w, https:\/\/mwc-cmm.org\/wp-content\/uploads\/2025\/06\/20170921AnnaVogtIMG_8488-2048x1365.jpg 2048w\" data-sizes=\"(max-width: 1024px) 100vw, 1024px\" src=\"data:image\/svg+xml;base64,PHN2ZyB3aWR0aD0iMSIgaGVpZ2h0PSIxIiB4bWxucz0iaHR0cDovL3d3dy53My5vcmcvMjAwMC9zdmciPjwvc3ZnPg==\" style=\"--smush-placeholder-width: 1024px; --smush-placeholder-aspect-ratio: 1024\/683;\" \/><\/figure><div class=\"wp-block-media-text__content\">\n<p><strong>2017 Colombia&nbsp;<\/strong><br>Pan y Paz in Bogota, Colombia.<\/p>\n\n\n\n<p class=\"has-gray-color has-text-color has-link-color has-small-font-size wp-elements-a6a889817c637eb75275be3e46d82c5d\">Photo submitted by Anna Voght.<\/p>\n<\/div><\/div>\n\n\n\n<div class=\"wp-block-media-text is-stacked-on-mobile\"><figure class=\"wp-block-media-text__media\"><img decoding=\"async\" width=\"1024\" height=\"576\" data-src=\"https:\/\/mwc-cmm.org\/wp-content\/uploads\/2025\/06\/20171208HenkStenvers20171208_154733-1024x576.jpg\" alt=\"\" class=\"wp-image-115453 size-full lazyload\" data-srcset=\"https:\/\/mwc-cmm.org\/wp-content\/uploads\/2025\/06\/20171208HenkStenvers20171208_154733-1024x576.jpg 1024w, https:\/\/mwc-cmm.org\/wp-content\/uploads\/2025\/06\/20171208HenkStenvers20171208_154733-300x169.jpg 300w, https:\/\/mwc-cmm.org\/wp-content\/uploads\/2025\/06\/20171208HenkStenvers20171208_154733-768x432.jpg 768w, https:\/\/mwc-cmm.org\/wp-content\/uploads\/2025\/06\/20171208HenkStenvers20171208_154733-1536x864.jpg 1536w, https:\/\/mwc-cmm.org\/wp-content\/uploads\/2025\/06\/20171208HenkStenvers20171208_154733-2048x1152.jpg 2048w\" data-sizes=\"(max-width: 1024px) 100vw, 1024px\" src=\"data:image\/svg+xml;base64,PHN2ZyB3aWR0aD0iMSIgaGVpZ2h0PSIxIiB4bWxucz0iaHR0cDovL3d3dy53My5vcmcvMjAwMC9zdmciPjwvc3ZnPg==\" style=\"--smush-placeholder-width: 1024px; --smush-placeholder-aspect-ratio: 1024\/576;\" \/><\/figure><div class=\"wp-block-media-text__content\">\n<p><strong>2017 Nepal<\/strong><br>Surunga BIC Church celebrated the inauguration of a long-awaited church building 10 December 2017.&nbsp;<\/p>\n\n\n\n<p class=\"has-gray-color has-text-color has-link-color has-small-font-size wp-elements-a8d6510faf3cf6d05bdf194ce3eb2c59\">Photo submitted by Henk Stenvers.<\/p>\n<\/div><\/div>\n\n\n\n<div class=\"wp-block-media-text is-stacked-on-mobile\"><figure class=\"wp-block-media-text__media\"><img decoding=\"async\" width=\"1024\" height=\"683\" data-src=\"https:\/\/mwc-cmm.org\/wp-content\/uploads\/2025\/06\/20180224HenkStenversIMG_3342-1-1024x683.jpg\" alt=\"\" class=\"wp-image-115467 size-full lazyload\" data-srcset=\"https:\/\/mwc-cmm.org\/wp-content\/uploads\/2025\/06\/20180224HenkStenversIMG_3342-1-1024x683.jpg 1024w, https:\/\/mwc-cmm.org\/wp-content\/uploads\/2025\/06\/20180224HenkStenversIMG_3342-1-300x200.jpg 300w, https:\/\/mwc-cmm.org\/wp-content\/uploads\/2025\/06\/20180224HenkStenversIMG_3342-1-768x512.jpg 768w, https:\/\/mwc-cmm.org\/wp-content\/uploads\/2025\/06\/20180224HenkStenversIMG_3342-1-1536x1024.jpg 1536w, https:\/\/mwc-cmm.org\/wp-content\/uploads\/2025\/06\/20180224HenkStenversIMG_3342-1-2048x1365.jpg 2048w\" data-sizes=\"(max-width: 1024px) 100vw, 1024px\" src=\"data:image\/svg+xml;base64,PHN2ZyB3aWR0aD0iMSIgaGVpZ2h0PSIxIiB4bWxucz0iaHR0cDovL3d3dy53My5vcmcvMjAwMC9zdmciPjwvc3ZnPg==\" style=\"--smush-placeholder-width: 1024px; --smush-placeholder-aspect-ratio: 1024\/683;\" \/><\/figure><div class=\"wp-block-media-text__content\">\n<p><strong>2018 Spain<\/strong><br>Spain Mennonite Conference.<\/p>\n\n\n\n<p class=\"has-gray-color has-text-color has-link-color has-small-font-size wp-elements-a8d6510faf3cf6d05bdf194ce3eb2c59\">Photo submitted by Henk Stenvers.<\/p>\n<\/div><\/div>\n\n\n\n<p><\/p>\n<\/details>\n\n\n\n<h2 class=\"wp-block-heading\"><strong>2018\u201320<\/strong>23<\/h2>\n\n\n\n<details class=\"wp-block-details is-layout-flow wp-block-details-is-layout-flow\"><summary>click arrow to view photos<\/summary>\n<div class=\"wp-block-media-text is-stacked-on-mobile\"><figure class=\"wp-block-media-text__media\"><img decoding=\"async\" width=\"1024\" height=\"678\" data-src=\"https:\/\/mwc-cmm.org\/wp-content\/uploads\/2025\/06\/20180421WilhelmUngerDSC_2431-1024x678.jpg\" alt=\"\" class=\"wp-image-115481 size-full lazyload\" data-srcset=\"https:\/\/mwc-cmm.org\/wp-content\/uploads\/2025\/06\/20180421WilhelmUngerDSC_2431-1024x678.jpg 1024w, https:\/\/mwc-cmm.org\/wp-content\/uploads\/2025\/06\/20180421WilhelmUngerDSC_2431-300x199.jpg 300w, https:\/\/mwc-cmm.org\/wp-content\/uploads\/2025\/06\/20180421WilhelmUngerDSC_2431-768x509.jpg 768w, https:\/\/mwc-cmm.org\/wp-content\/uploads\/2025\/06\/20180421WilhelmUngerDSC_2431-1536x1017.jpg 1536w, https:\/\/mwc-cmm.org\/wp-content\/uploads\/2025\/06\/20180421WilhelmUngerDSC_2431-2048x1356.jpg 2048w\" data-sizes=\"(max-width: 1024px) 100vw, 1024px\" src=\"data:image\/svg+xml;base64,PHN2ZyB3aWR0aD0iMSIgaGVpZ2h0PSIxIiB4bWxucz0iaHR0cDovL3d3dy53My5vcmcvMjAwMC9zdmciPjwvc3ZnPg==\" style=\"--smush-placeholder-width: 1024px; --smush-placeholder-aspect-ratio: 1024\/678;\" \/><\/figure><div class=\"wp-block-media-text__content\">\n<p><strong>2018 Kenya<\/strong><br>Renewal 2028 in Kisumu, Kenya.<\/p>\n\n\n\n<p class=\"has-gray-color has-text-color has-link-color has-small-font-size wp-elements-2e456481d8ef727c18e780a5cb68d17d\">Photo submitted by Wilhem Unger.<\/p>\n<\/div><\/div>\n\n\n\n<div class=\"wp-block-media-text is-stacked-on-mobile\"><figure class=\"wp-block-media-text__media\"><img decoding=\"async\" width=\"1024\" height=\"683\" data-src=\"https:\/\/mwc-cmm.org\/wp-content\/uploads\/2025\/06\/20181020Liesa_UngerDSC_0353-1024x683.jpg\" alt=\"\" class=\"wp-image-115495 size-full lazyload\" data-srcset=\"https:\/\/mwc-cmm.org\/wp-content\/uploads\/2025\/06\/20181020Liesa_UngerDSC_0353-1024x683.jpg 1024w, https:\/\/mwc-cmm.org\/wp-content\/uploads\/2025\/06\/20181020Liesa_UngerDSC_0353-300x200.jpg 300w, https:\/\/mwc-cmm.org\/wp-content\/uploads\/2025\/06\/20181020Liesa_UngerDSC_0353-768x512.jpg 768w, https:\/\/mwc-cmm.org\/wp-content\/uploads\/2025\/06\/20181020Liesa_UngerDSC_0353-1536x1024.jpg 1536w, https:\/\/mwc-cmm.org\/wp-content\/uploads\/2025\/06\/20181020Liesa_UngerDSC_0353-2048x1365.jpg 2048w\" data-sizes=\"(max-width: 1024px) 100vw, 1024px\" src=\"data:image\/svg+xml;base64,PHN2ZyB3aWR0aD0iMSIgaGVpZ2h0PSIxIiB4bWxucz0iaHR0cDovL3d3dy53My5vcmcvMjAwMC9zdmciPjwvc3ZnPg==\" style=\"--smush-placeholder-width: 1024px; --smush-placeholder-aspect-ratio: 1024\/683;\" \/><\/figure><div class=\"wp-block-media-text__content\">\n<p><strong>2018 Ukraine&nbsp;<\/strong><br><\/p>\n\n\n\n<p class=\"has-gray-color has-text-color has-link-color has-small-font-size wp-elements-378e41e6f305a836d39cb0c0d275c9da\">Photo submitted by Liesa Unger.<\/p>\n<\/div><\/div>\n\n\n\n<div class=\"wp-block-media-text is-stacked-on-mobile\"><figure class=\"wp-block-media-text__media\"><img decoding=\"async\" width=\"1024\" height=\"683\" data-src=\"https:\/\/mwc-cmm.org\/wp-content\/uploads\/2025\/06\/20181216Henk_StenversIMG_5115-1024x683.jpg\" alt=\"\" class=\"wp-image-115509 size-full lazyload\" data-srcset=\"https:\/\/mwc-cmm.org\/wp-content\/uploads\/2025\/06\/20181216Henk_StenversIMG_5115-1024x683.jpg 1024w, https:\/\/mwc-cmm.org\/wp-content\/uploads\/2025\/06\/20181216Henk_StenversIMG_5115-300x200.jpg 300w, https:\/\/mwc-cmm.org\/wp-content\/uploads\/2025\/06\/20181216Henk_StenversIMG_5115-768x512.jpg 768w, https:\/\/mwc-cmm.org\/wp-content\/uploads\/2025\/06\/20181216Henk_StenversIMG_5115-1536x1024.jpg 1536w, https:\/\/mwc-cmm.org\/wp-content\/uploads\/2025\/06\/20181216Henk_StenversIMG_5115-2048x1365.jpg 2048w\" data-sizes=\"(max-width: 1024px) 100vw, 1024px\" src=\"data:image\/svg+xml;base64,PHN2ZyB3aWR0aD0iMSIgaGVpZ2h0PSIxIiB4bWxucz0iaHR0cDovL3d3dy53My5vcmcvMjAwMC9zdmciPjwvc3ZnPg==\" style=\"--smush-placeholder-width: 1024px; --smush-placeholder-aspect-ratio: 1024\/683;\" \/><\/figure><div class=\"wp-block-media-text__content\">\n<p><strong>2018 India<\/strong><br>Deacons visit to Bhartiya General Conference Mennonite.<\/p>\n\n\n\n<p class=\"has-gray-color has-text-color has-link-color has-small-font-size wp-elements-622397f5cc856e9f1a6684549a10b74f\">Photo submitted by Henk Stenvers.\u00a0<\/p>\n<\/div><\/div>\n\n\n\n<div class=\"wp-block-media-text is-stacked-on-mobile\"><figure class=\"wp-block-media-text__media\"><img decoding=\"async\" width=\"1024\" height=\"647\" data-src=\"https:\/\/mwc-cmm.org\/wp-content\/uploads\/2025\/06\/2018Orodara_EEMO_2018_straight-1-1024x647.jpg\" alt=\"\" class=\"wp-image-115873 size-full lazyload\" data-srcset=\"https:\/\/mwc-cmm.org\/wp-content\/uploads\/2025\/06\/2018Orodara_EEMO_2018_straight-1-1024x647.jpg 1024w, https:\/\/mwc-cmm.org\/wp-content\/uploads\/2025\/06\/2018Orodara_EEMO_2018_straight-1-300x189.jpg 300w, https:\/\/mwc-cmm.org\/wp-content\/uploads\/2025\/06\/2018Orodara_EEMO_2018_straight-1-768x485.jpg 768w, https:\/\/mwc-cmm.org\/wp-content\/uploads\/2025\/06\/2018Orodara_EEMO_2018_straight-1-1536x970.jpg 1536w, https:\/\/mwc-cmm.org\/wp-content\/uploads\/2025\/06\/2018Orodara_EEMO_2018_straight-1-2048x1294.jpg 2048w\" data-sizes=\"(max-width: 1024px) 100vw, 1024px\" src=\"data:image\/svg+xml;base64,PHN2ZyB3aWR0aD0iMSIgaGVpZ2h0PSIxIiB4bWxucz0iaHR0cDovL3d3dy53My5vcmcvMjAwMC9zdmciPjwvc3ZnPg==\" style=\"--smush-placeholder-width: 1024px; --smush-placeholder-aspect-ratio: 1024\/647;\" \/><\/figure><div class=\"wp-block-media-text__content\">\n<p><strong>2018 Burkina Faso<\/strong><br>\u00c9glise \u00e9vang\u00e9lique mennonite d\u2019Orodara.<\/p>\n\n\n\n<p class=\"has-gray-color has-text-color has-link-color has-small-font-size wp-elements-9e1a2da484cd6cf5ad1e073ac36f81b3\">Photo submitted by Anicka Fast.<\/p>\n<\/div><\/div>\n\n\n\n<div class=\"wp-block-media-text is-stacked-on-mobile\"><figure class=\"wp-block-media-text__media\"><img decoding=\"async\" width=\"1024\" height=\"682\" data-src=\"https:\/\/mwc-cmm.org\/wp-content\/uploads\/2025\/06\/20190406LenRempel2019-04-Costa-Rica-525-1024x682.jpg\" alt=\"\" class=\"wp-image-115691 size-full lazyload\" data-srcset=\"https:\/\/mwc-cmm.org\/wp-content\/uploads\/2025\/06\/20190406LenRempel2019-04-Costa-Rica-525-1024x682.jpg 1024w, https:\/\/mwc-cmm.org\/wp-content\/uploads\/2025\/06\/20190406LenRempel2019-04-Costa-Rica-525-300x200.jpg 300w, https:\/\/mwc-cmm.org\/wp-content\/uploads\/2025\/06\/20190406LenRempel2019-04-Costa-Rica-525-768x511.jpg 768w, https:\/\/mwc-cmm.org\/wp-content\/uploads\/2025\/06\/20190406LenRempel2019-04-Costa-Rica-525-1536x1023.jpg 1536w, https:\/\/mwc-cmm.org\/wp-content\/uploads\/2025\/06\/20190406LenRempel2019-04-Costa-Rica-525-2048x1364.jpg 2048w\" data-sizes=\"(max-width: 1024px) 100vw, 1024px\" src=\"data:image\/svg+xml;base64,PHN2ZyB3aWR0aD0iMSIgaGVpZ2h0PSIxIiB4bWxucz0iaHR0cDovL3d3dy53My5vcmcvMjAwMC9zdmciPjwvc3ZnPg==\" style=\"--smush-placeholder-width: 1024px; --smush-placeholder-aspect-ratio: 1024\/682;\" \/><\/figure><div class=\"wp-block-media-text__content\">\n<p><strong>2019 Costa Rica&nbsp;<\/strong><br>Renewal 2019 in Heredia, Costa Rica.<\/p>\n\n\n\n<p class=\"has-small-font-size\">Photo submitted by Len Rempel.<\/p>\n<\/div><\/div>\n\n\n\n<div class=\"wp-block-media-text is-stacked-on-mobile\"><figure class=\"wp-block-media-text__media\"><img decoding=\"async\" width=\"1024\" height=\"768\" data-src=\"https:\/\/mwc-cmm.org\/wp-content\/uploads\/2025\/06\/20190809HenkStenvers154946-1024x768.jpg\" alt=\"\" class=\"wp-image-115705 size-full lazyload\" data-srcset=\"https:\/\/mwc-cmm.org\/wp-content\/uploads\/2025\/06\/20190809HenkStenvers154946-1024x768.jpg 1024w, https:\/\/mwc-cmm.org\/wp-content\/uploads\/2025\/06\/20190809HenkStenvers154946-300x225.jpg 300w, https:\/\/mwc-cmm.org\/wp-content\/uploads\/2025\/06\/20190809HenkStenvers154946-768x576.jpg 768w, https:\/\/mwc-cmm.org\/wp-content\/uploads\/2025\/06\/20190809HenkStenvers154946-1536x1152.jpg 1536w, https:\/\/mwc-cmm.org\/wp-content\/uploads\/2025\/06\/20190809HenkStenvers154946-2048x1536.jpg 2048w\" data-sizes=\"(max-width: 1024px) 100vw, 1024px\" src=\"data:image\/svg+xml;base64,PHN2ZyB3aWR0aD0iMSIgaGVpZ2h0PSIxIiB4bWxucz0iaHR0cDovL3d3dy53My5vcmcvMjAwMC9zdmciPjwvc3ZnPg==\" style=\"--smush-placeholder-width: 1024px; --smush-placeholder-aspect-ratio: 1024\/768;\" \/><\/figure><div class=\"wp-block-media-text__content\">\n<p><strong>2019 Uganda<\/strong><br>Uganda Mennonite Church.<\/p>\n\n\n\n<p class=\"has-gray-color has-text-color has-link-color has-small-font-size wp-elements-622397f5cc856e9f1a6684549a10b74f\">Photo submitted by Henk Stenvers.\u00a0<\/p>\n<\/div><\/div>\n\n\n\n<div class=\"wp-block-media-text is-stacked-on-mobile\"><figure class=\"wp-block-media-text__media\"><img decoding=\"async\" width=\"1024\" height=\"755\" data-src=\"https:\/\/mwc-cmm.org\/wp-content\/uploads\/2025\/06\/2020-02-JNelsonKraybill-DC-Burkina-delegation5-1024x755.jpg\" alt=\"\" class=\"wp-image-115537 size-full lazyload\" data-srcset=\"https:\/\/mwc-cmm.org\/wp-content\/uploads\/2025\/06\/2020-02-JNelsonKraybill-DC-Burkina-delegation5-1024x755.jpg 1024w, https:\/\/mwc-cmm.org\/wp-content\/uploads\/2025\/06\/2020-02-JNelsonKraybill-DC-Burkina-delegation5-300x221.jpg 300w, https:\/\/mwc-cmm.org\/wp-content\/uploads\/2025\/06\/2020-02-JNelsonKraybill-DC-Burkina-delegation5-768x566.jpg 768w, https:\/\/mwc-cmm.org\/wp-content\/uploads\/2025\/06\/2020-02-JNelsonKraybill-DC-Burkina-delegation5-1536x1132.jpg 1536w, https:\/\/mwc-cmm.org\/wp-content\/uploads\/2025\/06\/2020-02-JNelsonKraybill-DC-Burkina-delegation5-2048x1510.jpg 2048w\" data-sizes=\"(max-width: 1024px) 100vw, 1024px\" src=\"data:image\/svg+xml;base64,PHN2ZyB3aWR0aD0iMSIgaGVpZ2h0PSIxIiB4bWxucz0iaHR0cDovL3d3dy53My5vcmcvMjAwMC9zdmciPjwvc3ZnPg==\" style=\"--smush-placeholder-width: 1024px; --smush-placeholder-aspect-ratio: 1024\/755;\" \/><\/figure><div class=\"wp-block-media-text__content\">\n<p><strong>2020 Burkina Faso&nbsp;<\/strong><br>Deacons Commission visited Burkina Faso.<\/p>\n\n\n\n<p class=\"has-gray-color has-text-color has-link-color has-small-font-size wp-elements-60c0475b6b879db78d91ce7bc62129a1\">Photo submitted by J.\u202fNelson Kraybill.<\/p>\n<\/div><\/div>\n\n\n\n<div class=\"wp-block-media-text is-stacked-on-mobile\"><figure class=\"wp-block-media-text__media\"><img decoding=\"async\" width=\"1024\" height=\"768\" data-src=\"https:\/\/mwc-cmm.org\/wp-content\/uploads\/2025\/06\/20221220JeremiahChoiKorea3-1024x768.jpeg\" alt=\"\" class=\"wp-image-115733 size-full lazyload\" data-srcset=\"https:\/\/mwc-cmm.org\/wp-content\/uploads\/2025\/06\/20221220JeremiahChoiKorea3-1024x768.jpeg 1024w, https:\/\/mwc-cmm.org\/wp-content\/uploads\/2025\/06\/20221220JeremiahChoiKorea3-300x225.jpeg 300w, https:\/\/mwc-cmm.org\/wp-content\/uploads\/2025\/06\/20221220JeremiahChoiKorea3-768x576.jpeg 768w, https:\/\/mwc-cmm.org\/wp-content\/uploads\/2025\/06\/20221220JeremiahChoiKorea3.jpeg 1280w\" data-sizes=\"(max-width: 1024px) 100vw, 1024px\" src=\"data:image\/svg+xml;base64,PHN2ZyB3aWR0aD0iMSIgaGVpZ2h0PSIxIiB4bWxucz0iaHR0cDovL3d3dy53My5vcmcvMjAwMC9zdmciPjwvc3ZnPg==\" style=\"--smush-placeholder-width: 1024px; --smush-placeholder-aspect-ratio: 1024\/768;\" \/><\/figure><div class=\"wp-block-media-text__content\">\n<p><strong>2022 South Korea<\/strong><br>Nonsan Peace and Joy Mennonite Church in South Korea.<\/p>\n\n\n\n<p class=\"has-gray-color has-text-color has-link-color has-small-font-size wp-elements-69a7e0540703de16690f63ca9ec46ff7\">Photo submitted by Jeremiah Choi.<br><\/p>\n<\/div><\/div>\n\n\n\n<div class=\"wp-block-media-text is-stacked-on-mobile\"><figure class=\"wp-block-media-text__media\"><img decoding=\"async\" width=\"1008\" height=\"756\" data-src=\"https:\/\/mwc-cmm.org\/wp-content\/uploads\/2025\/06\/20220819DanisaNdlovu1.01.45-PM.jpeg\" alt=\"\" class=\"wp-image-115719 size-full lazyload\" data-srcset=\"https:\/\/mwc-cmm.org\/wp-content\/uploads\/2025\/06\/20220819DanisaNdlovu1.01.45-PM.jpeg 1008w, https:\/\/mwc-cmm.org\/wp-content\/uploads\/2025\/06\/20220819DanisaNdlovu1.01.45-PM-300x225.jpeg 300w, https:\/\/mwc-cmm.org\/wp-content\/uploads\/2025\/06\/20220819DanisaNdlovu1.01.45-PM-768x576.jpeg 768w\" data-sizes=\"(max-width: 1008px) 100vw, 1008px\" src=\"data:image\/svg+xml;base64,PHN2ZyB3aWR0aD0iMSIgaGVpZ2h0PSIxIiB4bWxucz0iaHR0cDovL3d3dy53My5vcmcvMjAwMC9zdmciPjwvc3ZnPg==\" style=\"--smush-placeholder-width: 1008px; --smush-placeholder-aspect-ratio: 1008\/756;\" \/><\/figure><div class=\"wp-block-media-text__content\">\n<p><strong>2022 Mozambique<br><\/strong>Danisa Ndlovu visited BICC AGM.<\/p>\n\n\n\n<p class=\"has-gray-color has-text-color has-link-color has-small-font-size wp-elements-9297f2c019b5e32bc6fefc0fcbf3dabb\">Photo submitted by Danisa Ndlovu.<strong><br><\/strong><\/p>\n<\/div><\/div>\n\n\n\n<div class=\"wp-block-media-text is-stacked-on-mobile\"><figure class=\"wp-block-media-text__media\"><img decoding=\"async\" width=\"1024\" height=\"683\" data-src=\"https:\/\/mwc-cmm.org\/wp-content\/uploads\/2025\/06\/20230122DanielCangangelaNelsonDSC_2272-1024x683.jpg\" alt=\"\" class=\"wp-image-115747 size-full lazyload\" data-srcset=\"https:\/\/mwc-cmm.org\/wp-content\/uploads\/2025\/06\/20230122DanielCangangelaNelsonDSC_2272-1024x683.jpg 1024w, https:\/\/mwc-cmm.org\/wp-content\/uploads\/2025\/06\/20230122DanielCangangelaNelsonDSC_2272-300x200.jpg 300w, https:\/\/mwc-cmm.org\/wp-content\/uploads\/2025\/06\/20230122DanielCangangelaNelsonDSC_2272-768x512.jpg 768w, https:\/\/mwc-cmm.org\/wp-content\/uploads\/2025\/06\/20230122DanielCangangelaNelsonDSC_2272-1536x1024.jpg 1536w, https:\/\/mwc-cmm.org\/wp-content\/uploads\/2025\/06\/20230122DanielCangangelaNelsonDSC_2272-2048x1365.jpg 2048w\" data-sizes=\"(max-width: 1024px) 100vw, 1024px\" src=\"data:image\/svg+xml;base64,PHN2ZyB3aWR0aD0iMSIgaGVpZ2h0PSIxIiB4bWxucz0iaHR0cDovL3d3dy53My5vcmcvMjAwMC9zdmciPjwvc3ZnPg==\" style=\"--smush-placeholder-width: 1024px; --smush-placeholder-aspect-ratio: 1024\/683;\" \/><\/figure><div class=\"wp-block-media-text__content\">\n<p><strong>2023 Angola&nbsp;<\/strong><br>Anabaptist World Fellowship Sunday celebration at IEMA Le Jourdain, Cafunfo, Agola.<\/p>\n\n\n\n<p class=\"has-gray-color has-text-color has-link-color has-small-font-size wp-elements-afe0eb113f7b88face6ac3a586a1d01b\">Photo submitted by Daniel Cangangela Nelson.\u00a0<\/p>\n<\/div><\/div>\n\n\n\n<p><\/p>\n<\/details>\n\n\n\n<h2 class=\"wp-block-heading\"><strong>20<\/strong>23<\/h2>\n\n\n\n<details class=\"wp-block-details is-layout-flow wp-block-details-is-layout-flow\"><summary>click arrow to view photos<\/summary>\n<div class=\"wp-block-media-text is-stacked-on-mobile\"><figure class=\"wp-block-media-text__media\"><img decoding=\"async\" width=\"1024\" height=\"768\" data-src=\"https:\/\/mwc-cmm.org\/wp-content\/uploads\/2025\/06\/20230122HesperValenzuela325007303_463996729259867_3668319425013621192_n-1024x768.jpg\" alt=\"\" class=\"wp-image-115761 size-full lazyload\" data-srcset=\"https:\/\/mwc-cmm.org\/wp-content\/uploads\/2025\/06\/20230122HesperValenzuela325007303_463996729259867_3668319425013621192_n-1024x768.jpg 1024w, https:\/\/mwc-cmm.org\/wp-content\/uploads\/2025\/06\/20230122HesperValenzuela325007303_463996729259867_3668319425013621192_n-300x225.jpg 300w, https:\/\/mwc-cmm.org\/wp-content\/uploads\/2025\/06\/20230122HesperValenzuela325007303_463996729259867_3668319425013621192_n-768x576.jpg 768w, https:\/\/mwc-cmm.org\/wp-content\/uploads\/2025\/06\/20230122HesperValenzuela325007303_463996729259867_3668319425013621192_n-1536x1152.jpg 1536w, https:\/\/mwc-cmm.org\/wp-content\/uploads\/2025\/06\/20230122HesperValenzuela325007303_463996729259867_3668319425013621192_n.jpg 2048w\" data-sizes=\"(max-width: 1024px) 100vw, 1024px\" src=\"data:image\/svg+xml;base64,PHN2ZyB3aWR0aD0iMSIgaGVpZ2h0PSIxIiB4bWxucz0iaHR0cDovL3d3dy53My5vcmcvMjAwMC9zdmciPjwvc3ZnPg==\" style=\"--smush-placeholder-width: 1024px; --smush-placeholder-aspect-ratio: 1024\/768;\" \/><\/figure><div class=\"wp-block-media-text__content\">\n<p><strong>2023 Philippines<\/strong><br>Anabaptist Mennonite Community Church Casta\u00f1eda Nueva Vizcaya celebrates Anabaptist World Fellowship Sunday 2023.<\/p>\n\n\n\n<p class=\"has-gray-color has-text-color has-link-color has-small-font-size wp-elements-ce5c0507166cbde57ccf929d960ea78a\">Photo submitted by Hesper Valenzuela.<\/p>\n<\/div><\/div>\n\n\n\n<div class=\"wp-block-media-text is-stacked-on-mobile\"><figure class=\"wp-block-media-text__media\"><img decoding=\"async\" width=\"1024\" height=\"768\" data-src=\"https:\/\/mwc-cmm.org\/wp-content\/uploads\/2025\/06\/20230319HenkStenvers20230319_082444-1024x768.jpg\" alt=\"\" class=\"wp-image-115789 size-full lazyload\" data-srcset=\"https:\/\/mwc-cmm.org\/wp-content\/uploads\/2025\/06\/20230319HenkStenvers20230319_082444-1024x768.jpg 1024w, https:\/\/mwc-cmm.org\/wp-content\/uploads\/2025\/06\/20230319HenkStenvers20230319_082444-300x225.jpg 300w, https:\/\/mwc-cmm.org\/wp-content\/uploads\/2025\/06\/20230319HenkStenvers20230319_082444-768x576.jpg 768w, https:\/\/mwc-cmm.org\/wp-content\/uploads\/2025\/06\/20230319HenkStenvers20230319_082444-1536x1152.jpg 1536w, https:\/\/mwc-cmm.org\/wp-content\/uploads\/2025\/06\/20230319HenkStenvers20230319_082444-2048x1536.jpg 2048w\" data-sizes=\"(max-width: 1024px) 100vw, 1024px\" src=\"data:image\/svg+xml;base64,PHN2ZyB3aWR0aD0iMSIgaGVpZ2h0PSIxIiB4bWxucz0iaHR0cDovL3d3dy53My5vcmcvMjAwMC9zdmciPjwvc3ZnPg==\" style=\"--smush-placeholder-width: 1024px; --smush-placeholder-aspect-ratio: 1024\/768;\" \/><\/figure><div class=\"wp-block-media-text__content\">\n<p><strong>2023 Colombia&nbsp;<\/strong><br>Henk Stenvers visited Iglesia Cristiana Menonita de Colombia<\/p>\n\n\n\n<p class=\"has-gray-color has-text-color has-link-color has-small-font-size wp-elements-4f2c796c21144a5722ee0d1cf07fda1a\">Photo submitted by Henk Stenvers.<\/p>\n<\/div><\/div>\n\n\n\n<div class=\"wp-block-media-text is-stacked-on-mobile\"><figure class=\"wp-block-media-text__media\"><img decoding=\"async\" width=\"1024\" height=\"577\" data-src=\"https:\/\/mwc-cmm.org\/wp-content\/uploads\/2025\/06\/20230129AbelMendozaIMG-20230130-WA0048-1024x577.jpg\" alt=\"\" class=\"wp-image-115775 size-full lazyload\" data-srcset=\"https:\/\/mwc-cmm.org\/wp-content\/uploads\/2025\/06\/20230129AbelMendozaIMG-20230130-WA0048-1024x577.jpg 1024w, https:\/\/mwc-cmm.org\/wp-content\/uploads\/2025\/06\/20230129AbelMendozaIMG-20230130-WA0048-300x169.jpg 300w, https:\/\/mwc-cmm.org\/wp-content\/uploads\/2025\/06\/20230129AbelMendozaIMG-20230130-WA0048-768x433.jpg 768w, https:\/\/mwc-cmm.org\/wp-content\/uploads\/2025\/06\/20230129AbelMendozaIMG-20230130-WA0048-1536x866.jpg 1536w, https:\/\/mwc-cmm.org\/wp-content\/uploads\/2025\/06\/20230129AbelMendozaIMG-20230130-WA0048.jpg 1595w\" data-sizes=\"(max-width: 1024px) 100vw, 1024px\" src=\"data:image\/svg+xml;base64,PHN2ZyB3aWR0aD0iMSIgaGVpZ2h0PSIxIiB4bWxucz0iaHR0cDovL3d3dy53My5vcmcvMjAwMC9zdmciPjwvc3ZnPg==\" style=\"--smush-placeholder-width: 1024px; --smush-placeholder-aspect-ratio: 1024\/577;\" \/><\/figure><div class=\"wp-block-media-text__content\">\n<p><strong>2023 Nicaragua<\/strong><br>Iglesia Del Dios Viviente Rama, part of Convenci\u00f3n Menonita de Nicaragua, celebrated the 498th anniversary of the Anabaptism movement with the Anabaptist World Fellowship Sunday worship materials.<\/p>\n\n\n\n<p class=\"has-gray-color has-text-color has-link-color has-small-font-size wp-elements-ccc0484fa74825690e5e081f6ea8ccfe\">Photo submitted by Abel Mendoza.<\/p>\n<\/div><\/div>\n\n\n\n<div class=\"wp-block-media-text is-stacked-on-mobile\"><figure class=\"wp-block-media-text__media\"><img decoding=\"async\" width=\"1024\" height=\"576\" data-src=\"https:\/\/mwc-cmm.org\/wp-content\/uploads\/2025\/06\/202306AmosChinWhatsApp-Image-2023-06-08-at-23.59.59-1-1024x576.jpeg\" alt=\"\" class=\"wp-image-115579 size-full lazyload\" data-srcset=\"https:\/\/mwc-cmm.org\/wp-content\/uploads\/2025\/06\/202306AmosChinWhatsApp-Image-2023-06-08-at-23.59.59-1-1024x576.jpeg 1024w, https:\/\/mwc-cmm.org\/wp-content\/uploads\/2025\/06\/202306AmosChinWhatsApp-Image-2023-06-08-at-23.59.59-1-300x169.jpeg 300w, https:\/\/mwc-cmm.org\/wp-content\/uploads\/2025\/06\/202306AmosChinWhatsApp-Image-2023-06-08-at-23.59.59-1-768x432.jpeg 768w, https:\/\/mwc-cmm.org\/wp-content\/uploads\/2025\/06\/202306AmosChinWhatsApp-Image-2023-06-08-at-23.59.59-1.jpeg 1280w\" data-sizes=\"(max-width: 1024px) 100vw, 1024px\" src=\"data:image\/svg+xml;base64,PHN2ZyB3aWR0aD0iMSIgaGVpZ2h0PSIxIiB4bWxucz0iaHR0cDovL3d3dy53My5vcmcvMjAwMC9zdmciPjwvc3ZnPg==\" style=\"--smush-placeholder-width: 1024px; --smush-placeholder-aspect-ratio: 1024\/576;\" \/><\/figure><div class=\"wp-block-media-text__content\">\n<p><strong>2023 Myanmar&nbsp;<\/strong><br>Baptism at youth peace convention.<\/p>\n\n\n\n<p class=\"has-gray-color has-text-color has-link-color has-small-font-size wp-elements-c0651332f8424d4dd9d2c0decb141923\">Photo submitted by Amos Chin.\u00a0<\/p>\n<\/div><\/div>\n\n\n\n<div class=\"wp-block-media-text is-stacked-on-mobile\"><figure class=\"wp-block-media-text__media\"><img decoding=\"async\" width=\"1024\" height=\"768\" data-src=\"https:\/\/mwc-cmm.org\/wp-content\/uploads\/2025\/06\/202312GborbiteyIsaacNiiTorgborIMG-20231223-WA0050-1024x768.jpg\" alt=\"\" class=\"wp-image-115621 size-full lazyload\" data-srcset=\"https:\/\/mwc-cmm.org\/wp-content\/uploads\/2025\/06\/202312GborbiteyIsaacNiiTorgborIMG-20231223-WA0050-1024x768.jpg 1024w, https:\/\/mwc-cmm.org\/wp-content\/uploads\/2025\/06\/202312GborbiteyIsaacNiiTorgborIMG-20231223-WA0050-300x225.jpg 300w, https:\/\/mwc-cmm.org\/wp-content\/uploads\/2025\/06\/202312GborbiteyIsaacNiiTorgborIMG-20231223-WA0050-768x576.jpg 768w, https:\/\/mwc-cmm.org\/wp-content\/uploads\/2025\/06\/202312GborbiteyIsaacNiiTorgborIMG-20231223-WA0050-1536x1152.jpg 1536w, https:\/\/mwc-cmm.org\/wp-content\/uploads\/2025\/06\/202312GborbiteyIsaacNiiTorgborIMG-20231223-WA0050-2048x1536.jpg 2048w\" data-sizes=\"(max-width: 1024px) 100vw, 1024px\" src=\"data:image\/svg+xml;base64,PHN2ZyB3aWR0aD0iMSIgaGVpZ2h0PSIxIiB4bWxucz0iaHR0cDovL3d3dy53My5vcmcvMjAwMC9zdmciPjwvc3ZnPg==\" style=\"--smush-placeholder-width: 1024px; --smush-placeholder-aspect-ratio: 1024\/768;\" \/><\/figure><div class=\"wp-block-media-text__content\">\n<p><strong>2023 Tanzania<\/strong><br>The Tamekwa choir from Tarime Diocese sings and dances on stage at the annual Tanzanian Mennonite youth conference.<\/p>\n\n\n\n<p class=\"has-gray-color has-text-color has-link-color has-small-font-size wp-elements-ed98e788e899f0e62d623e15abc6ed6d\">Photo submitted by Isaac Nii Torgbor Gborbitey.\u00a0<\/p>\n<\/div><\/div>\n\n\n\n<div class=\"wp-block-media-text is-stacked-on-mobile\"><figure class=\"wp-block-media-text__media\"><img decoding=\"async\" width=\"768\" height=\"1024\" data-src=\"https:\/\/mwc-cmm.org\/wp-content\/uploads\/2025\/06\/202309LiesaUngerWhatsApp-Image-2023-09-22-at-21.48.50-1-768x1024.jpeg\" alt=\"\" class=\"wp-image-115607 size-full lazyload\" data-srcset=\"https:\/\/mwc-cmm.org\/wp-content\/uploads\/2025\/06\/202309LiesaUngerWhatsApp-Image-2023-09-22-at-21.48.50-1-768x1024.jpeg 768w, https:\/\/mwc-cmm.org\/wp-content\/uploads\/2025\/06\/202309LiesaUngerWhatsApp-Image-2023-09-22-at-21.48.50-1-225x300.jpeg 225w, https:\/\/mwc-cmm.org\/wp-content\/uploads\/2025\/06\/202309LiesaUngerWhatsApp-Image-2023-09-22-at-21.48.50-1-1152x1536.jpeg 1152w, https:\/\/mwc-cmm.org\/wp-content\/uploads\/2025\/06\/202309LiesaUngerWhatsApp-Image-2023-09-22-at-21.48.50-1.jpeg 1512w\" data-sizes=\"(max-width: 768px) 100vw, 768px\" src=\"data:image\/svg+xml;base64,PHN2ZyB3aWR0aD0iMSIgaGVpZ2h0PSIxIiB4bWxucz0iaHR0cDovL3d3dy53My5vcmcvMjAwMC9zdmciPjwvc3ZnPg==\" style=\"--smush-placeholder-width: 768px; --smush-placeholder-aspect-ratio: 768\/1024;\" \/><\/figure><div class=\"wp-block-media-text__content\">\n<p><strong>2023 Ethiopia&nbsp;<\/strong><br>Planting an MWC tree in preparation for the next Assembly. Liesa Unger and C\u00e9sar Garc\u00eda.<\/p>\n\n\n\n<p class=\"has-gray-color has-text-color has-link-color has-small-font-size wp-elements-5211a06e25ae007f171ab4a359e5f08a\">Photo submitted by Liesa Unger.<\/p>\n<\/div><\/div>\n\n\n\n<div class=\"wp-block-media-text is-stacked-on-mobile\"><figure class=\"wp-block-media-text__media\"><img decoding=\"async\" width=\"1024\" height=\"683\" data-src=\"https:\/\/mwc-cmm.org\/wp-content\/uploads\/2025\/06\/202308HenkStenversIMG_7355-1024x683.jpg\" alt=\"\" class=\"wp-image-115593 size-full lazyload\" data-srcset=\"https:\/\/mwc-cmm.org\/wp-content\/uploads\/2025\/06\/202308HenkStenversIMG_7355-1024x683.jpg 1024w, https:\/\/mwc-cmm.org\/wp-content\/uploads\/2025\/06\/202308HenkStenversIMG_7355-300x200.jpg 300w, https:\/\/mwc-cmm.org\/wp-content\/uploads\/2025\/06\/202308HenkStenversIMG_7355-768x512.jpg 768w, https:\/\/mwc-cmm.org\/wp-content\/uploads\/2025\/06\/202308HenkStenversIMG_7355-1536x1024.jpg 1536w, https:\/\/mwc-cmm.org\/wp-content\/uploads\/2025\/06\/202308HenkStenversIMG_7355-2048x1365.jpg 2048w\" data-sizes=\"(max-width: 1024px) 100vw, 1024px\" src=\"data:image\/svg+xml;base64,PHN2ZyB3aWR0aD0iMSIgaGVpZ2h0PSIxIiB4bWxucz0iaHR0cDovL3d3dy53My5vcmcvMjAwMC9zdmciPjwvc3ZnPg==\" style=\"--smush-placeholder-width: 1024px; --smush-placeholder-aspect-ratio: 1024\/683;\" \/><\/figure><div class=\"wp-block-media-text__content\">\n<p><strong>2023 Kenya&nbsp;<\/strong><br>KMC national convention.<\/p>\n\n\n\n<p class=\"has-gray-color has-text-color has-link-color has-small-font-size wp-elements-a8d6510faf3cf6d05bdf194ce3eb2c59\">Photo submitted by Henk Stenvers.<\/p>\n<\/div><\/div>\n\n\n\n<div class=\"wp-block-media-text is-stacked-on-mobile\"><figure class=\"wp-block-media-text__media\"><img decoding=\"async\" width=\"1024\" height=\"768\" data-src=\"https:\/\/mwc-cmm.org\/wp-content\/uploads\/2025\/06\/20231007IsaacGborbiteyIMG_1420-1024x768.jpg\" alt=\"\" class=\"wp-image-115831 size-full lazyload\" data-srcset=\"https:\/\/mwc-cmm.org\/wp-content\/uploads\/2025\/06\/20231007IsaacGborbiteyIMG_1420-1024x768.jpg 1024w, https:\/\/mwc-cmm.org\/wp-content\/uploads\/2025\/06\/20231007IsaacGborbiteyIMG_1420-300x225.jpg 300w, https:\/\/mwc-cmm.org\/wp-content\/uploads\/2025\/06\/20231007IsaacGborbiteyIMG_1420-768x576.jpg 768w, https:\/\/mwc-cmm.org\/wp-content\/uploads\/2025\/06\/20231007IsaacGborbiteyIMG_1420-1536x1152.jpg 1536w, https:\/\/mwc-cmm.org\/wp-content\/uploads\/2025\/06\/20231007IsaacGborbiteyIMG_1420-2048x1536.jpg 2048w\" data-sizes=\"(max-width: 1024px) 100vw, 1024px\" src=\"data:image\/svg+xml;base64,PHN2ZyB3aWR0aD0iMSIgaGVpZ2h0PSIxIiB4bWxucz0iaHR0cDovL3d3dy53My5vcmcvMjAwMC9zdmciPjwvc3ZnPg==\" style=\"--smush-placeholder-width: 1024px; --smush-placeholder-aspect-ratio: 1024\/768;\" \/><\/figure><div class=\"wp-block-media-text__content\">\n<p><strong>2023 Ghana<\/strong><br>Siaka Traore visited Ghana Mennonite Church.<\/p>\n\n\n\n<p class=\"has-gray-color has-text-color has-link-color has-small-font-size wp-elements-34d021b9530efb4e1750c3cdd959c679\">Photo submitted by Isaac Nii Torgbor Gborbitey.<\/p>\n<\/div><\/div>\n\n\n\n<div class=\"wp-block-media-text is-stacked-on-mobile\"><figure class=\"wp-block-media-text__media\"><img decoding=\"async\" width=\"1024\" height=\"683\" data-src=\"https:\/\/mwc-cmm.org\/wp-content\/uploads\/2025\/06\/20230326PreshitRaoDSC03776-1024x683.jpg\" alt=\"\" class=\"wp-image-115817 size-full lazyload\" data-srcset=\"https:\/\/mwc-cmm.org\/wp-content\/uploads\/2025\/06\/20230326PreshitRaoDSC03776-1024x683.jpg 1024w, https:\/\/mwc-cmm.org\/wp-content\/uploads\/2025\/06\/20230326PreshitRaoDSC03776-300x200.jpg 300w, https:\/\/mwc-cmm.org\/wp-content\/uploads\/2025\/06\/20230326PreshitRaoDSC03776-768x512.jpg 768w, https:\/\/mwc-cmm.org\/wp-content\/uploads\/2025\/06\/20230326PreshitRaoDSC03776-1536x1024.jpg 1536w, https:\/\/mwc-cmm.org\/wp-content\/uploads\/2025\/06\/20230326PreshitRaoDSC03776-2048x1365.jpg 2048w\" data-sizes=\"(max-width: 1024px) 100vw, 1024px\" src=\"data:image\/svg+xml;base64,PHN2ZyB3aWR0aD0iMSIgaGVpZ2h0PSIxIiB4bWxucz0iaHR0cDovL3d3dy53My5vcmcvMjAwMC9zdmciPjwvc3ZnPg==\" style=\"--smush-placeholder-width: 1024px; --smush-placeholder-aspect-ratio: 1024\/683;\" \/><\/figure><div class=\"wp-block-media-text__content\">\n<p><strong>2023 Canada&nbsp;<\/strong><br>Renewal 2023 at South Abbotsford Church (MB), Abbotsford, B.C., Canada.<\/p>\n\n\n\n<p class=\"has-gray-color has-text-color has-link-color has-small-font-size wp-elements-34b79e90345522a7e74570001aba3667\">Photo submitted by Preshit Rao.<\/p>\n<\/div><\/div>\n\n\n\n<div class=\"wp-block-media-text is-stacked-on-mobile\"><figure class=\"wp-block-media-text__media\"><img decoding=\"async\" width=\"1024\" height=\"769\" data-src=\"https:\/\/mwc-cmm.org\/wp-content\/uploads\/2025\/06\/20230326KarlaBraunIMG_0110-1024x769.jpg\" alt=\"\" class=\"wp-image-115803 size-full lazyload\" data-srcset=\"https:\/\/mwc-cmm.org\/wp-content\/uploads\/2025\/06\/20230326KarlaBraunIMG_0110-1024x769.jpg 1024w, https:\/\/mwc-cmm.org\/wp-content\/uploads\/2025\/06\/20230326KarlaBraunIMG_0110-300x225.jpg 300w, https:\/\/mwc-cmm.org\/wp-content\/uploads\/2025\/06\/20230326KarlaBraunIMG_0110-768x577.jpg 768w, https:\/\/mwc-cmm.org\/wp-content\/uploads\/2025\/06\/20230326KarlaBraunIMG_0110-1536x1153.jpg 1536w, https:\/\/mwc-cmm.org\/wp-content\/uploads\/2025\/06\/20230326KarlaBraunIMG_0110-2048x1538.jpg 2048w\" data-sizes=\"(max-width: 1024px) 100vw, 1024px\" src=\"data:image\/svg+xml;base64,PHN2ZyB3aWR0aD0iMSIgaGVpZ2h0PSIxIiB4bWxucz0iaHR0cDovL3d3dy53My5vcmcvMjAwMC9zdmciPjwvc3ZnPg==\" style=\"--smush-placeholder-width: 1024px; --smush-placeholder-aspect-ratio: 1024\/769;\" \/><\/figure><div class=\"wp-block-media-text__content\">\n<p><strong>2023 Canada&nbsp;<\/strong><br>Officers plant an MWC tree at the Mennonite Heritage Museum, Abbotsford, B.C., Canada.<\/p>\n\n\n\n<p class=\"has-gray-color has-text-color has-link-color has-small-font-size wp-elements-116375a151e8a87539338a15c4e25735\">Photo submitted by Karla Braun.\u00a0<\/p>\n<\/div><\/div>\n\n\n\n<p><\/p>\n<\/details>\n\n\n\n<h2 class=\"wp-block-heading\"><strong>2024\u201320<\/strong>25<\/h2>\n\n\n\n<details class=\"wp-block-details is-layout-flow wp-block-details-is-layout-flow\"><summary>click arrow to view photos<\/summary>\n<div class=\"wp-block-media-text is-stacked-on-mobile\"><figure class=\"wp-block-media-text__media\"><img decoding=\"async\" width=\"1024\" height=\"682\" data-src=\"https:\/\/mwc-cmm.org\/wp-content\/uploads\/2025\/06\/202409EvangelicalMennoniteChurchofTanzaniaimg-20240516-wa0033-1024x682.jpg\" alt=\"\" class=\"wp-image-115887 size-full lazyload\" data-srcset=\"https:\/\/mwc-cmm.org\/wp-content\/uploads\/2025\/06\/202409EvangelicalMennoniteChurchofTanzaniaimg-20240516-wa0033-1024x682.jpg 1024w, https:\/\/mwc-cmm.org\/wp-content\/uploads\/2025\/06\/202409EvangelicalMennoniteChurchofTanzaniaimg-20240516-wa0033-300x200.jpg 300w, https:\/\/mwc-cmm.org\/wp-content\/uploads\/2025\/06\/202409EvangelicalMennoniteChurchofTanzaniaimg-20240516-wa0033-768x512.jpg 768w, https:\/\/mwc-cmm.org\/wp-content\/uploads\/2025\/06\/202409EvangelicalMennoniteChurchofTanzaniaimg-20240516-wa0033.jpg 1280w\" data-sizes=\"(max-width: 1024px) 100vw, 1024px\" src=\"data:image\/svg+xml;base64,PHN2ZyB3aWR0aD0iMSIgaGVpZ2h0PSIxIiB4bWxucz0iaHR0cDovL3d3dy53My5vcmcvMjAwMC9zdmciPjwvc3ZnPg==\" style=\"--smush-placeholder-width: 1024px; --smush-placeholder-aspect-ratio: 1024\/682;\" \/><\/figure><div class=\"wp-block-media-text__content\">\n<p><strong>2024 Tanzania<\/strong><br>Evangelical Mennonite church of Tanzania celebrates Peace Sunday 2024.<\/p>\n\n\n\n<p class=\"has-gray-color has-text-color has-link-color has-small-font-size wp-elements-291ca502885d7b05861321635d0af7eb\">Photo submitted by Evangelical Mennonite Church of Tanzania.<\/p>\n<\/div><\/div>\n\n\n\n<div class=\"wp-block-media-text is-stacked-on-mobile\"><figure class=\"wp-block-media-text__media\"><img decoding=\"async\" width=\"1024\" height=\"683\" data-src=\"https:\/\/mwc-cmm.org\/wp-content\/uploads\/2025\/06\/202404IrmaSulistyorinip1090277-1024x683.jpg\" alt=\"\" class=\"wp-image-115663 size-full lazyload\" data-srcset=\"https:\/\/mwc-cmm.org\/wp-content\/uploads\/2025\/06\/202404IrmaSulistyorinip1090277-1024x683.jpg 1024w, https:\/\/mwc-cmm.org\/wp-content\/uploads\/2025\/06\/202404IrmaSulistyorinip1090277-300x200.jpg 300w, https:\/\/mwc-cmm.org\/wp-content\/uploads\/2025\/06\/202404IrmaSulistyorinip1090277-768x512.jpg 768w, https:\/\/mwc-cmm.org\/wp-content\/uploads\/2025\/06\/202404IrmaSulistyorinip1090277-1536x1025.jpg 1536w, https:\/\/mwc-cmm.org\/wp-content\/uploads\/2025\/06\/202404IrmaSulistyorinip1090277-2048x1367.jpg 2048w\" data-sizes=\"(max-width: 1024px) 100vw, 1024px\" src=\"data:image\/svg+xml;base64,PHN2ZyB3aWR0aD0iMSIgaGVpZ2h0PSIxIiB4bWxucz0iaHR0cDovL3d3dy53My5vcmcvMjAwMC9zdmciPjwvc3ZnPg==\" style=\"--smush-placeholder-width: 1024px; --smush-placeholder-aspect-ratio: 1024\/683;\" \/><\/figure><div class=\"wp-block-media-text__content\">\n<p><strong>2024 Brazil&nbsp;<\/strong><br>Renewal 2024 in Brazil.<\/p>\n\n\n\n<p class=\"has-gray-color has-text-color has-link-color has-small-font-size wp-elements-dfa2af270f1c18711a24739c39934a59\">Photo submitted by Irma Sulistyorini.<\/p>\n<\/div><\/div>\n\n\n\n<div class=\"wp-block-media-text is-stacked-on-mobile\"><figure class=\"wp-block-media-text__media\"><img decoding=\"async\" width=\"1024\" height=\"768\" data-src=\"https:\/\/mwc-cmm.org\/wp-content\/uploads\/2025\/06\/202401JeremiahChoiWhatsApp-Image-2024-01-23-at-17.17.15-1024x768.jpeg\" alt=\"\" class=\"wp-image-115635 size-full lazyload\" data-srcset=\"https:\/\/mwc-cmm.org\/wp-content\/uploads\/2025\/06\/202401JeremiahChoiWhatsApp-Image-2024-01-23-at-17.17.15-1024x768.jpeg 1024w, https:\/\/mwc-cmm.org\/wp-content\/uploads\/2025\/06\/202401JeremiahChoiWhatsApp-Image-2024-01-23-at-17.17.15-300x225.jpeg 300w, https:\/\/mwc-cmm.org\/wp-content\/uploads\/2025\/06\/202401JeremiahChoiWhatsApp-Image-2024-01-23-at-17.17.15-768x576.jpeg 768w, https:\/\/mwc-cmm.org\/wp-content\/uploads\/2025\/06\/202401JeremiahChoiWhatsApp-Image-2024-01-23-at-17.17.15-1536x1152.jpeg 1536w, https:\/\/mwc-cmm.org\/wp-content\/uploads\/2025\/06\/202401JeremiahChoiWhatsApp-Image-2024-01-23-at-17.17.15.jpeg 2048w\" data-sizes=\"(max-width: 1024px) 100vw, 1024px\" src=\"data:image\/svg+xml;base64,PHN2ZyB3aWR0aD0iMSIgaGVpZ2h0PSIxIiB4bWxucz0iaHR0cDovL3d3dy53My5vcmcvMjAwMC9zdmciPjwvc3ZnPg==\" style=\"--smush-placeholder-width: 1024px; --smush-placeholder-aspect-ratio: 1024\/768;\" \/><\/figure><div class=\"wp-block-media-text__content\">\n<p><strong>2024 Japan<\/strong><br>Jeremiah Choi visited Honancho Mennonite Church.&nbsp;<\/p>\n\n\n\n<p class=\"has-gray-color has-text-color has-link-color has-small-font-size wp-elements-c4262e299475d25a12a00878ea1403b1\">Photo submitted by Jeremiah Choi.<\/p>\n<\/div><\/div>\n\n\n\n<div class=\"wp-block-media-text is-stacked-on-mobile\"><figure class=\"wp-block-media-text__media\"><img decoding=\"async\" width=\"1024\" height=\"576\" data-src=\"https:\/\/mwc-cmm.org\/wp-content\/uploads\/2025\/06\/202402DniproHopeMissionIMG-20240226-WA0013-1024x576.jpg\" alt=\"\" class=\"wp-image-115649 size-full lazyload\" data-srcset=\"https:\/\/mwc-cmm.org\/wp-content\/uploads\/2025\/06\/202402DniproHopeMissionIMG-20240226-WA0013-1024x576.jpg 1024w, https:\/\/mwc-cmm.org\/wp-content\/uploads\/2025\/06\/202402DniproHopeMissionIMG-20240226-WA0013-300x169.jpg 300w, https:\/\/mwc-cmm.org\/wp-content\/uploads\/2025\/06\/202402DniproHopeMissionIMG-20240226-WA0013-768x432.jpg 768w, https:\/\/mwc-cmm.org\/wp-content\/uploads\/2025\/06\/202402DniproHopeMissionIMG-20240226-WA0013-1536x864.jpg 1536w, https:\/\/mwc-cmm.org\/wp-content\/uploads\/2025\/06\/202402DniproHopeMissionIMG-20240226-WA0013.jpg 2048w\" data-sizes=\"(max-width: 1024px) 100vw, 1024px\" src=\"data:image\/svg+xml;base64,PHN2ZyB3aWR0aD0iMSIgaGVpZ2h0PSIxIiB4bWxucz0iaHR0cDovL3d3dy53My5vcmcvMjAwMC9zdmciPjwvc3ZnPg==\" style=\"--smush-placeholder-width: 1024px; --smush-placeholder-aspect-ratio: 1024\/576;\" \/><\/figure><div class=\"wp-block-media-text__content\">\n<p><strong>2024 Ukraine<\/strong><br>Henk Stenvers visited Ukraine with a team from Dnipro Hope Mission (DHM).<\/p>\n\n\n\n<p class=\"has-gray-color has-text-color has-link-color has-small-font-size wp-elements-2bd8166aa849764cd4d3806c36c69ba0\">Photo submitted by Dnipro Hope Mission (DHM).<\/p>\n<\/div><\/div>\n\n\n\n<div class=\"wp-block-media-text is-stacked-on-mobile\"><figure class=\"wp-block-media-text__media\"><img decoding=\"async\" width=\"1024\" height=\"768\" data-src=\"https:\/\/mwc-cmm.org\/wp-content\/uploads\/2025\/06\/20240114HenkStenvers20240114_110725-1024x768.jpg\" alt=\"\" class=\"wp-image-115845 size-full lazyload\" data-srcset=\"https:\/\/mwc-cmm.org\/wp-content\/uploads\/2025\/06\/20240114HenkStenvers20240114_110725-1024x768.jpg 1024w, https:\/\/mwc-cmm.org\/wp-content\/uploads\/2025\/06\/20240114HenkStenvers20240114_110725-300x225.jpg 300w, https:\/\/mwc-cmm.org\/wp-content\/uploads\/2025\/06\/20240114HenkStenvers20240114_110725-768x576.jpg 768w, https:\/\/mwc-cmm.org\/wp-content\/uploads\/2025\/06\/20240114HenkStenvers20240114_110725-1536x1152.jpg 1536w, https:\/\/mwc-cmm.org\/wp-content\/uploads\/2025\/06\/20240114HenkStenvers20240114_110725-2048x1536.jpg 2048w\" data-sizes=\"(max-width: 1024px) 100vw, 1024px\" src=\"data:image\/svg+xml;base64,PHN2ZyB3aWR0aD0iMSIgaGVpZ2h0PSIxIiB4bWxucz0iaHR0cDovL3d3dy53My5vcmcvMjAwMC9zdmciPjwvc3ZnPg==\" style=\"--smush-placeholder-width: 1024px; --smush-placeholder-aspect-ratio: 1024\/768;\" \/><\/figure><div class=\"wp-block-media-text__content\">\n<p><strong>2024 Ethiopia<\/strong><br>Meserete Kristos Church.<\/p>\n\n\n\n<p class=\"has-gray-color has-text-color has-link-color has-small-font-size wp-elements-a8d6510faf3cf6d05bdf194ce3eb2c59\">Photo submitted by Henk Stenvers.<\/p>\n<\/div><\/div>\n\n\n\n<div class=\"wp-block-media-text is-stacked-on-mobile\"><figure class=\"wp-block-media-text__media\"><img decoding=\"async\" width=\"1024\" height=\"768\" data-src=\"https:\/\/mwc-cmm.org\/wp-content\/uploads\/2025\/06\/2024JeremiahChoiWhatsApp-Image-2025-03-21-at-20.31.33-1024x768.jpeg\" alt=\"\" class=\"wp-image-115551 size-full lazyload\" data-srcset=\"https:\/\/mwc-cmm.org\/wp-content\/uploads\/2025\/06\/2024JeremiahChoiWhatsApp-Image-2025-03-21-at-20.31.33-1024x768.jpeg 1024w, https:\/\/mwc-cmm.org\/wp-content\/uploads\/2025\/06\/2024JeremiahChoiWhatsApp-Image-2025-03-21-at-20.31.33-300x225.jpeg 300w, https:\/\/mwc-cmm.org\/wp-content\/uploads\/2025\/06\/2024JeremiahChoiWhatsApp-Image-2025-03-21-at-20.31.33-768x576.jpeg 768w, https:\/\/mwc-cmm.org\/wp-content\/uploads\/2025\/06\/2024JeremiahChoiWhatsApp-Image-2025-03-21-at-20.31.33.jpeg 1280w\" data-sizes=\"(max-width: 1024px) 100vw, 1024px\" src=\"data:image\/svg+xml;base64,PHN2ZyB3aWR0aD0iMSIgaGVpZ2h0PSIxIiB4bWxucz0iaHR0cDovL3d3dy53My5vcmcvMjAwMC9zdmciPjwvc3ZnPg==\" style=\"--smush-placeholder-width: 1024px; --smush-placeholder-aspect-ratio: 1024\/768;\" \/><\/figure><div class=\"wp-block-media-text__content\">\n<p><strong>2024 Taiwan<\/strong><br>70th Anniversary of FOMCIT (Fellowship Of Mennonite Churches In Taiwan).<\/p>\n\n\n\n<p class=\"has-gray-color has-text-color has-link-color has-small-font-size wp-elements-c4262e299475d25a12a00878ea1403b1\">Photo submitted by Jeremiah Choi.<\/p>\n<\/div><\/div>\n\n\n\n<div class=\"wp-block-media-text is-stacked-on-mobile\"><figure class=\"wp-block-media-text__media\"><img decoding=\"async\" width=\"1024\" height=\"478\" data-src=\"https:\/\/mwc-cmm.org\/wp-content\/uploads\/2025\/06\/202501AndrewBodden20250123_201939-1024x478.jpg\" alt=\"\" class=\"wp-image-115677 size-full lazyload\" data-srcset=\"https:\/\/mwc-cmm.org\/wp-content\/uploads\/2025\/06\/202501AndrewBodden20250123_201939-1024x478.jpg 1024w, https:\/\/mwc-cmm.org\/wp-content\/uploads\/2025\/06\/202501AndrewBodden20250123_201939-300x140.jpg 300w, https:\/\/mwc-cmm.org\/wp-content\/uploads\/2025\/06\/202501AndrewBodden20250123_201939-768x359.jpg 768w, https:\/\/mwc-cmm.org\/wp-content\/uploads\/2025\/06\/202501AndrewBodden20250123_201939-1536x717.jpg 1536w, https:\/\/mwc-cmm.org\/wp-content\/uploads\/2025\/06\/202501AndrewBodden20250123_201939-2048x956.jpg 2048w\" data-sizes=\"(max-width: 1024px) 100vw, 1024px\" src=\"data:image\/svg+xml;base64,PHN2ZyB3aWR0aD0iMSIgaGVpZ2h0PSIxIiB4bWxucz0iaHR0cDovL3d3dy53My5vcmcvMjAwMC9zdmciPjwvc3ZnPg==\" style=\"--smush-placeholder-width: 1024px; --smush-placeholder-aspect-ratio: 1024\/478;\" \/><\/figure><div class=\"wp-block-media-text__content\">\n<p><strong>2025 Peru&nbsp;<\/strong><br>Peace Summit 2025, Peru.<\/p>\n\n\n\n<p class=\"has-gray-color has-text-color has-link-color has-small-font-size wp-elements-bffefc32b0f5f055830b5cdecbf547e3\">Photo submitted by Andrew Bodden.\u00a0<\/p>\n<\/div><\/div>\n\n\n\n<div class=\"wp-block-media-text is-stacked-on-mobile\"><figure class=\"wp-block-media-text__media\"><img decoding=\"async\" width=\"1024\" height=\"768\" data-src=\"https:\/\/mwc-cmm.org\/wp-content\/uploads\/2025\/06\/20250119PreshitRao20250119_124944-1024x768.jpg\" alt=\"\" class=\"wp-image-115901 size-full lazyload\" data-srcset=\"https:\/\/mwc-cmm.org\/wp-content\/uploads\/2025\/06\/20250119PreshitRao20250119_124944-1024x768.jpg 1024w, https:\/\/mwc-cmm.org\/wp-content\/uploads\/2025\/06\/20250119PreshitRao20250119_124944-300x225.jpg 300w, https:\/\/mwc-cmm.org\/wp-content\/uploads\/2025\/06\/20250119PreshitRao20250119_124944-768x576.jpg 768w, https:\/\/mwc-cmm.org\/wp-content\/uploads\/2025\/06\/20250119PreshitRao20250119_124944-1536x1152.jpg 1536w, https:\/\/mwc-cmm.org\/wp-content\/uploads\/2025\/06\/20250119PreshitRao20250119_124944-2048x1536.jpg 2048w\" data-sizes=\"(max-width: 1024px) 100vw, 1024px\" src=\"data:image\/svg+xml;base64,PHN2ZyB3aWR0aD0iMSIgaGVpZ2h0PSIxIiB4bWxucz0iaHR0cDovL3d3dy53My5vcmcvMjAwMC9zdmciPjwvc3ZnPg==\" style=\"--smush-placeholder-width: 1024px; --smush-placeholder-aspect-ratio: 1024\/768;\" \/><\/figure><div class=\"wp-block-media-text__content\">\n<p><strong>2025 India<\/strong><br>Mennonite Church Rajnandgaon celebrated Anabaptist World Fellowship Sunday 2025.<\/p>\n\n\n\n<p class=\"has-gray-color has-text-color has-link-color has-small-font-size wp-elements-34b79e90345522a7e74570001aba3667\">Photo submitted by Preshit Rao.<\/p>\n<\/div><\/div>\n\n\n\n<div class=\"wp-block-media-text is-stacked-on-mobile\"><figure class=\"wp-block-media-text__media\"><img decoding=\"async\" width=\"1024\" height=\"478\" data-src=\"https:\/\/mwc-cmm.org\/wp-content\/uploads\/2025\/06\/2025JeremiahChoi-WhatsApp-Image-2025-03-20-at-17.12.05-1024x478.jpeg\" alt=\"\" class=\"wp-image-115565 size-full lazyload\" data-srcset=\"https:\/\/mwc-cmm.org\/wp-content\/uploads\/2025\/06\/2025JeremiahChoi-WhatsApp-Image-2025-03-20-at-17.12.05-1024x478.jpeg 1024w, https:\/\/mwc-cmm.org\/wp-content\/uploads\/2025\/06\/2025JeremiahChoi-WhatsApp-Image-2025-03-20-at-17.12.05-300x140.jpeg 300w, https:\/\/mwc-cmm.org\/wp-content\/uploads\/2025\/06\/2025JeremiahChoi-WhatsApp-Image-2025-03-20-at-17.12.05-768x359.jpeg 768w, https:\/\/mwc-cmm.org\/wp-content\/uploads\/2025\/06\/2025JeremiahChoi-WhatsApp-Image-2025-03-20-at-17.12.05-1536x717.jpeg 1536w, https:\/\/mwc-cmm.org\/wp-content\/uploads\/2025\/06\/2025JeremiahChoi-WhatsApp-Image-2025-03-20-at-17.12.05.jpeg 1600w\" data-sizes=\"(max-width: 1024px) 100vw, 1024px\" src=\"data:image\/svg+xml;base64,PHN2ZyB3aWR0aD0iMSIgaGVpZ2h0PSIxIiB4bWxucz0iaHR0cDovL3d3dy53My5vcmcvMjAwMC9zdmciPjwvc3ZnPg==\" style=\"--smush-placeholder-width: 1024px; --smush-placeholder-aspect-ratio: 1024\/478;\" \/><\/figure><div class=\"wp-block-media-text__content\">\n<p><strong>2025 Hong Kong<\/strong><br>Hong Kong Joint worship for 500th Anabaptist Anniversary.<\/p>\n\n\n\n<p class=\"has-gray-color has-text-color has-link-color has-small-font-size wp-elements-c4262e299475d25a12a00878ea1403b1\">Photo submitted by Jeremiah Choi.<\/p>\n<\/div><\/div>\n\n\n\n<div class=\"wp-block-media-text is-stacked-on-mobile\"><figure class=\"wp-block-media-text__media\"><img decoding=\"async\" width=\"1024\" height=\"768\" data-src=\"https:\/\/mwc-cmm.org\/wp-content\/uploads\/2025\/06\/20250119EunicePedrozaFB_IMG_1737479729942-1024x768.jpg\" alt=\"\" class=\"wp-image-115859 size-full lazyload\" data-srcset=\"https:\/\/mwc-cmm.org\/wp-content\/uploads\/2025\/06\/20250119EunicePedrozaFB_IMG_1737479729942-1024x768.jpg 1024w, https:\/\/mwc-cmm.org\/wp-content\/uploads\/2025\/06\/20250119EunicePedrozaFB_IMG_1737479729942-300x225.jpg 300w, https:\/\/mwc-cmm.org\/wp-content\/uploads\/2025\/06\/20250119EunicePedrozaFB_IMG_1737479729942-768x576.jpg 768w, https:\/\/mwc-cmm.org\/wp-content\/uploads\/2025\/06\/20250119EunicePedrozaFB_IMG_1737479729942.jpg 1080w\" data-sizes=\"(max-width: 1024px) 100vw, 1024px\" src=\"data:image\/svg+xml;base64,PHN2ZyB3aWR0aD0iMSIgaGVpZ2h0PSIxIiB4bWxucz0iaHR0cDovL3d3dy53My5vcmcvMjAwMC9zdmciPjwvc3ZnPg==\" style=\"--smush-placeholder-width: 1024px; --smush-placeholder-aspect-ratio: 1024\/768;\" \/><\/figure><div class=\"wp-block-media-text__content\">\n<p><strong>2025 Honduras&nbsp;<\/strong><br>Camino de Santidad Mennonite Church San Pedro Sula Honduras celebrated Anabaptist World Fellowship Sunday 2025.<\/p>\n\n\n\n<p class=\"has-gray-color has-text-color has-link-color has-small-font-size wp-elements-d84bf877f48622bad8734a3663078b94\">Photo submitted by Eunice Pedroza.\u00a0<\/p>\n<\/div><\/div>\n\n\n\n<p><\/p>\n<\/details>\n","protected":false},"featured_media":0,"template":"","network":[],"resourcetype":[],"language":[],"resourcecategory":[],"resourcetheme":[],"eventcategory":[],"class_list":["post-114137","mwcresource","type-mwcresource","status-publish","hentry"],"acf":[],"yoast_head":"<!-- This site is optimized with the Yoast SEO plugin v27.5 - https:\/\/yoast.com\/product\/yoast-seo-wordpress\/ -->\n<title>MWC 100 Challenge: Photos - Mennonite World Conference<\/title>\n<meta name=\"robots\" content=\"index, follow, max-snippet:-1, max-image-preview:large, max-video-preview:-1\" \/>\n<link rel=\"canonical\" href=\"https:\/\/mwc-cmm.org\/en\/resources\/mwc-100-challenge-photos\/\" \/>\n<meta property=\"og:locale\" content=\"en_US\" \/>\n<meta property=\"og:type\" content=\"article\" \/>\n<meta property=\"og:title\" content=\"MWC 100 Challenge: Photos - Mennonite World Conference\" \/>\n<meta property=\"og:description\" content=\"1925-1951 1952-1964 1964\u20131975 1976-1983 1984\u20131991 1995\u20132009&nbsp; 2009\u20132018&nbsp; 2018\u20132023 2023 2024\u20132025\" \/>\n<meta property=\"og:url\" content=\"https:\/\/mwc-cmm.org\/en\/resources\/mwc-100-challenge-photos\/\" \/>\n<meta property=\"og:site_name\" content=\"Mennonite World Conference\" \/>\n<meta property=\"article:publisher\" content=\"https:\/\/www.facebook.com\/MennoniteWorldConference\" \/>\n<meta property=\"article:modified_time\" content=\"2025-08-04T13:16:11+00:00\" \/>\n<meta property=\"og:image\" content=\"https:\/\/mwc-cmm.org\/wp-content\/uploads\/2025\/07\/100th-MWC.jpg\" \/>\n\t<meta property=\"og:image:width\" content=\"1366\" \/>\n\t<meta property=\"og:image:height\" content=\"768\" \/>\n\t<meta property=\"og:image:type\" content=\"image\/jpeg\" \/>\n<script type=\"application\/ld+json\" class=\"yoast-schema-graph\">{\"@context\":\"https:\\\/\\\/schema.org\",\"@graph\":[{\"@type\":\"WebPage\",\"@id\":\"https:\\\/\\\/mwc-cmm.org\\\/en\\\/resources\\\/mwc-100-challenge-photos\\\/\",\"url\":\"https:\\\/\\\/mwc-cmm.org\\\/en\\\/resources\\\/mwc-100-challenge-photos\\\/\",\"name\":\"MWC 100 Challenge: Photos - Mennonite World Conference\",\"isPartOf\":{\"@id\":\"https:\\\/\\\/mwc-cmm.org\\\/en\\\/#website\"},\"primaryImageOfPage\":{\"@id\":\"https:\\\/\\\/mwc-cmm.org\\\/en\\\/resources\\\/mwc-100-challenge-photos\\\/#primaryimage\"},\"image\":{\"@id\":\"https:\\\/\\\/mwc-cmm.org\\\/en\\\/resources\\\/mwc-100-challenge-photos\\\/#primaryimage\"},\"thumbnailUrl\":\"https:\\\/\\\/mwc-cmm.org\\\/wp-content\\\/uploads\\\/2025\\\/07\\\/100th-MWC-1024x576.jpg\",\"datePublished\":\"2025-08-04T13:16:03+00:00\",\"dateModified\":\"2025-08-04T13:16:11+00:00\",\"breadcrumb\":{\"@id\":\"https:\\\/\\\/mwc-cmm.org\\\/en\\\/resources\\\/mwc-100-challenge-photos\\\/#breadcrumb\"},\"inLanguage\":\"en-US\",\"potentialAction\":[{\"@type\":\"ReadAction\",\"target\":[\"https:\\\/\\\/mwc-cmm.org\\\/en\\\/resources\\\/mwc-100-challenge-photos\\\/\"]}]},{\"@type\":\"ImageObject\",\"inLanguage\":\"en-US\",\"@id\":\"https:\\\/\\\/mwc-cmm.org\\\/en\\\/resources\\\/mwc-100-challenge-photos\\\/#primaryimage\",\"url\":\"https:\\\/\\\/mwc-cmm.org\\\/wp-content\\\/uploads\\\/2025\\\/07\\\/100th-MWC-1024x576.jpg\",\"contentUrl\":\"https:\\\/\\\/mwc-cmm.org\\\/wp-content\\\/uploads\\\/2025\\\/07\\\/100th-MWC-1024x576.jpg\"},{\"@type\":\"BreadcrumbList\",\"@id\":\"https:\\\/\\\/mwc-cmm.org\\\/en\\\/resources\\\/mwc-100-challenge-photos\\\/#breadcrumb\",\"itemListElement\":[{\"@type\":\"ListItem\",\"position\":1,\"name\":\"Home\",\"item\":\"https:\\\/\\\/mwc-cmm.org\\\/en\\\/\"},{\"@type\":\"ListItem\",\"position\":2,\"name\":\"MWC 100 Challenge: Photos\"}]},{\"@type\":\"WebSite\",\"@id\":\"https:\\\/\\\/mwc-cmm.org\\\/en\\\/#website\",\"url\":\"https:\\\/\\\/mwc-cmm.org\\\/en\\\/\",\"name\":\"Mennonite World Conference\",\"description\":\"A communion of Anabaptist-related churches\",\"publisher\":{\"@id\":\"https:\\\/\\\/mwc-cmm.org\\\/en\\\/#organization\"},\"alternateName\":\"MWC\",\"potentialAction\":[{\"@type\":\"SearchAction\",\"target\":{\"@type\":\"EntryPoint\",\"urlTemplate\":\"https:\\\/\\\/mwc-cmm.org\\\/en\\\/?s={search_term_string}\"},\"query-input\":{\"@type\":\"PropertyValueSpecification\",\"valueRequired\":true,\"valueName\":\"search_term_string\"}}],\"inLanguage\":\"en-US\"},{\"@type\":\"Organization\",\"@id\":\"https:\\\/\\\/mwc-cmm.org\\\/en\\\/#organization\",\"name\":\"Mennonite World Conference\",\"alternateName\":\"MWC\",\"url\":\"https:\\\/\\\/mwc-cmm.org\\\/en\\\/\",\"logo\":{\"@type\":\"ImageObject\",\"inLanguage\":\"en-US\",\"@id\":\"https:\\\/\\\/mwc-cmm.org\\\/en\\\/#\\\/schema\\\/logo\\\/image\\\/\",\"url\":\"https:\\\/\\\/mwc-cmm.org\\\/wp-content\\\/uploads\\\/2026\\\/01\\\/MWC_Sig_Blue_Horiz_webheader1-logo.svg\",\"contentUrl\":\"https:\\\/\\\/mwc-cmm.org\\\/wp-content\\\/uploads\\\/2026\\\/01\\\/MWC_Sig_Blue_Horiz_webheader1-logo.svg\",\"width\":786,\"height\":82,\"caption\":\"Mennonite World Conference\"},\"image\":{\"@id\":\"https:\\\/\\\/mwc-cmm.org\\\/en\\\/#\\\/schema\\\/logo\\\/image\\\/\"},\"sameAs\":[\"https:\\\/\\\/www.facebook.com\\\/MennoniteWorldConference\",\"https:\\\/\\\/www.linkedin.com\\\/company\\\/mennonite-world-conference-mwc\\\/\",\"https:\\\/\\\/www.instagram.com\\\/mwcmm\\\/\",\"https:\\\/\\\/www.youtube.com\\\/user\\\/mwccmm\",\"https:\\\/\\\/bsky.app\\\/profile\\\/mwcmm.bsky.social\"]}]}<\/script>\n<!-- \/ Yoast SEO plugin. -->","yoast_head_json":{"title":"MWC 100 Challenge: Photos - Mennonite World Conference","robots":{"index":"index","follow":"follow","max-snippet":"max-snippet:-1","max-image-preview":"max-image-preview:large","max-video-preview":"max-video-preview:-1"},"canonical":"https:\/\/mwc-cmm.org\/en\/resources\/mwc-100-challenge-photos\/","og_locale":"en_US","og_type":"article","og_title":"MWC 100 Challenge: Photos - Mennonite World Conference","og_description":"1925-1951 1952-1964 1964\u20131975 1976-1983 1984\u20131991 1995\u20132009&nbsp; 2009\u20132018&nbsp; 2018\u20132023 2023 2024\u20132025","og_url":"https:\/\/mwc-cmm.org\/en\/resources\/mwc-100-challenge-photos\/","og_site_name":"Mennonite World Conference","article_publisher":"https:\/\/www.facebook.com\/MennoniteWorldConference","article_modified_time":"2025-08-04T13:16:11+00:00","og_image":[{"width":1366,"height":768,"url":"https:\/\/mwc-cmm.org\/wp-content\/uploads\/2025\/07\/100th-MWC.jpg","type":"image\/jpeg"}],"schema":{"@context":"https:\/\/schema.org","@graph":[{"@type":"WebPage","@id":"https:\/\/mwc-cmm.org\/en\/resources\/mwc-100-challenge-photos\/","url":"https:\/\/mwc-cmm.org\/en\/resources\/mwc-100-challenge-photos\/","name":"MWC 100 Challenge: Photos - Mennonite World Conference","isPartOf":{"@id":"https:\/\/mwc-cmm.org\/en\/#website"},"primaryImageOfPage":{"@id":"https:\/\/mwc-cmm.org\/en\/resources\/mwc-100-challenge-photos\/#primaryimage"},"image":{"@id":"https:\/\/mwc-cmm.org\/en\/resources\/mwc-100-challenge-photos\/#primaryimage"},"thumbnailUrl":"https:\/\/mwc-cmm.org\/wp-content\/uploads\/2025\/07\/100th-MWC-1024x576.jpg","datePublished":"2025-08-04T13:16:03+00:00","dateModified":"2025-08-04T13:16:11+00:00","breadcrumb":{"@id":"https:\/\/mwc-cmm.org\/en\/resources\/mwc-100-challenge-photos\/#breadcrumb"},"inLanguage":"en-US","potentialAction":[{"@type":"ReadAction","target":["https:\/\/mwc-cmm.org\/en\/resources\/mwc-100-challenge-photos\/"]}]},{"@type":"ImageObject","inLanguage":"en-US","@id":"https:\/\/mwc-cmm.org\/en\/resources\/mwc-100-challenge-photos\/#primaryimage","url":"https:\/\/mwc-cmm.org\/wp-content\/uploads\/2025\/07\/100th-MWC-1024x576.jpg","contentUrl":"https:\/\/mwc-cmm.org\/wp-content\/uploads\/2025\/07\/100th-MWC-1024x576.jpg"},{"@type":"BreadcrumbList","@id":"https:\/\/mwc-cmm.org\/en\/resources\/mwc-100-challenge-photos\/#breadcrumb","itemListElement":[{"@type":"ListItem","position":1,"name":"Home","item":"https:\/\/mwc-cmm.org\/en\/"},{"@type":"ListItem","position":2,"name":"MWC 100 Challenge: Photos"}]},{"@type":"WebSite","@id":"https:\/\/mwc-cmm.org\/en\/#website","url":"https:\/\/mwc-cmm.org\/en\/","name":"Mennonite World Conference","description":"A communion of Anabaptist-related churches","publisher":{"@id":"https:\/\/mwc-cmm.org\/en\/#organization"},"alternateName":"MWC","potentialAction":[{"@type":"SearchAction","target":{"@type":"EntryPoint","urlTemplate":"https:\/\/mwc-cmm.org\/en\/?s={search_term_string}"},"query-input":{"@type":"PropertyValueSpecification","valueRequired":true,"valueName":"search_term_string"}}],"inLanguage":"en-US"},{"@type":"Organization","@id":"https:\/\/mwc-cmm.org\/en\/#organization","name":"Mennonite World Conference","alternateName":"MWC","url":"https:\/\/mwc-cmm.org\/en\/","logo":{"@type":"ImageObject","inLanguage":"en-US","@id":"https:\/\/mwc-cmm.org\/en\/#\/schema\/logo\/image\/","url":"https:\/\/mwc-cmm.org\/wp-content\/uploads\/2026\/01\/MWC_Sig_Blue_Horiz_webheader1-logo.svg","contentUrl":"https:\/\/mwc-cmm.org\/wp-content\/uploads\/2026\/01\/MWC_Sig_Blue_Horiz_webheader1-logo.svg","width":786,"height":82,"caption":"Mennonite World Conference"},"image":{"@id":"https:\/\/mwc-cmm.org\/en\/#\/schema\/logo\/image\/"},"sameAs":["https:\/\/www.facebook.com\/MennoniteWorldConference","https:\/\/www.linkedin.com\/company\/mennonite-world-conference-mwc\/","https:\/\/www.instagram.com\/mwcmm\/","https:\/\/www.youtube.com\/user\/mwccmm","https:\/\/bsky.app\/profile\/mwcmm.bsky.social"]}]}},"_links":{"self":[{"href":"https:\/\/mwc-cmm.org\/en\/wp-json\/wp\/v2\/mwcresource\/114137","targetHints":{"allow":["GET"]}}],"collection":[{"href":"https:\/\/mwc-cmm.org\/en\/wp-json\/wp\/v2\/mwcresource"}],"about":[{"href":"https:\/\/mwc-cmm.org\/en\/wp-json\/wp\/v2\/types\/mwcresource"}],"wp:attachment":[{"href":"https:\/\/mwc-cmm.org\/en\/wp-json\/wp\/v2\/media?parent=114137"}],"wp:term":[{"taxonomy":"network","embeddable":true,"href":"https:\/\/mwc-cmm.org\/en\/wp-json\/wp\/v2\/network?post=114137"},{"taxonomy":"resourcetype","embeddable":true,"href":"https:\/\/mwc-cmm.org\/en\/wp-json\/wp\/v2\/resourcetype?post=114137"},{"taxonomy":"language","embeddable":true,"href":"https:\/\/mwc-cmm.org\/en\/wp-json\/wp\/v2\/language?post=114137"},{"taxonomy":"resourcecategory","embeddable":true,"href":"https:\/\/mwc-cmm.org\/en\/wp-json\/wp\/v2\/resourcecategory?post=114137"},{"taxonomy":"resourcetheme","embeddable":true,"href":"https:\/\/mwc-cmm.org\/en\/wp-json\/wp\/v2\/resourcetheme?post=114137"},{"taxonomy":"eventcategory","embeddable":true,"href":"https:\/\/mwc-cmm.org\/en\/wp-json\/wp\/v2\/eventcategory?post=114137"}],"curies":[{"name":"wp","href":"https:\/\/api.w.org\/{rel}","templated":true}]}}