{"id":17116,"date":"2023-08-19T17:39:50","date_gmt":"2023-08-19T17:39:50","guid":{"rendered":"https:\/\/mwc-cmm.org\/en\/resources\/friedenssonntag-2023-gebetsanliegen\/"},"modified":"2024-12-13T01:10:45","modified_gmt":"2024-12-13T01:10:45","slug":"friedenssonntag-2023-gebetsanliegen","status":"publish","type":"mwcresource","link":"https:\/\/mwc-cmm.org\/de\/resources\/friedenssonntag-2023-gebetsanliegen\/","title":{"rendered":"Friedenssonntag 2023 \u2013 Gebetsanliegen"},"content":{"rendered":"\n<figure class=\"wp-block-image alignright size-large is-resized\"><img decoding=\"async\" width=\"711\" height=\"1024\" data-src=\"https:\/\/mwc-cmm.org\/wp-content\/uploads\/2024\/11\/image-32-711x1024.png\" alt=\"\" class=\"wp-image-107300 lazyload\" style=\"--smush-placeholder-width: 711px; --smush-placeholder-aspect-ratio: 711\/1024;width:300px\" data-srcset=\"https:\/\/mwc-cmm.org\/wp-content\/uploads\/2024\/11\/image-32-711x1024.png 711w, https:\/\/mwc-cmm.org\/wp-content\/uploads\/2024\/11\/image-32-208x300.png 208w, https:\/\/mwc-cmm.org\/wp-content\/uploads\/2024\/11\/image-32-768x1106.png 768w, https:\/\/mwc-cmm.org\/wp-content\/uploads\/2024\/11\/image-32-1067x1536.png 1067w, https:\/\/mwc-cmm.org\/wp-content\/uploads\/2024\/11\/image-32.png 1214w\" data-sizes=\"(max-width: 711px) 100vw, 711px\" src=\"data:image\/svg+xml;base64,PHN2ZyB3aWR0aD0iMSIgaGVpZ2h0PSIxIiB4bWxucz0iaHR0cDovL3d3dy53My5vcmcvMjAwMC9zdmciPjwvc3ZnPg==\" \/><figcaption class=\"wp-element-caption\">Photo:&nbsp;Juan Francisco Novoa<\/figcaption><\/figure>\n\n\n\n<ul class=\"wp-block-list\">\n<li>F\u00fcr den Konflikt in der Ukraine. M\u00f6gen die an dem Konflikt Beteiligten die Menschlichkeit derjenigen jenseits der Grenze erkennen. M\u00f6gen sie ihre gegenseitige Verbundenheit erkennen und dem Schmerz und dem Leid ein Ende setzen. M\u00f6gen sie erkennen, dass Krieg die Menschen letztlich nur weiter auseinanderrei\u00dft.\u00a0\u00a0<\/li>\n\n\n\n<li>Um ein \u00c4nderung der feindseligen Haltung der indischen Regierung gegen\u00fcber Christen.\u00a0<\/li>\n\n\n\n<li>F\u00fcr die Menschen in Myanmar \u2013 vor allem f\u00fcr unsere mennonitischen Geschwister \u2013, die immer wieder Gewalt erleben.\u00a0<\/li>\n\n\n\n<li>F\u00fcr unsere mennonitischen Geschwister in Nordamerika (z. B. Turtle Island), dass sie Wege finden, Solidarit\u00e4t mit den indigenen V\u00f6lkern zu zeigen, auch in ihrem Kampf um Land, Anerkennung, W\u00fcrde und Wiedergutmachung.<\/li>\n<\/ul>\n\n\n\n<figure class=\"wp-block-image\"><a href=\"https:\/\/mwc-cmm.org\/de\/resources\/friedenssonntag-2023-materialien-fuer-den-gottesdienst\"><img decoding=\"async\" data-src=\"https:\/\/mwc-cmm.org\/sites\/default\/files\/website_files_2020\/ps23_deu.jpg\" alt=\"Friedenssonntag 2023 Gebetsanliegen \" src=\"data:image\/svg+xml;base64,PHN2ZyB3aWR0aD0iMSIgaGVpZ2h0PSIxIiB4bWxucz0iaHR0cDovL3d3dy53My5vcmcvMjAwMC9zdmciPjwvc3ZnPg==\" class=\"lazyload\" \/><\/a><\/figure>\n","protected":false},"featured_media":0,"template":"","network":[1255],"resourcetype":[],"language":[169],"resourcecategory":[146],"resourcetheme":[],"eventcategory":[],"class_list":["post-17116","mwcresource","type-mwcresource","status-publish","hentry","network-peace-commission-de","language-de","resourcecategory-worship-resource"],"acf":[],"yoast_head":"<!-- This site is optimized with the Yoast SEO plugin v27.5 - https:\/\/yoast.com\/product\/yoast-seo-wordpress\/ -->\n<title>Friedenssonntag 2023 \u2013 Gebetsanliegen - Mennonite World Conference<\/title>\n<meta name=\"robots\" content=\"index, follow, max-snippet:-1, max-image-preview:large, max-video-preview:-1\" \/>\n<link rel=\"canonical\" href=\"https:\/\/mwc-cmm.org\/de\/resources\/friedenssonntag-2023-gebetsanliegen\/\" \/>\n<meta property=\"og:locale\" content=\"de_DE\" \/>\n<meta property=\"og:type\" content=\"article\" \/>\n<meta property=\"og:title\" content=\"Friedenssonntag 2023 \u2013 Gebetsanliegen - Mennonite World Conference\" \/>\n<meta property=\"og:url\" content=\"https:\/\/mwc-cmm.org\/de\/resources\/friedenssonntag-2023-gebetsanliegen\/\" \/>\n<meta property=\"og:site_name\" content=\"Mennonite World Conference\" \/>\n<meta property=\"article:publisher\" content=\"https:\/\/www.facebook.com\/MennoniteWorldConference\" \/>\n<meta property=\"article:modified_time\" content=\"2024-12-13T01:10:45+00:00\" \/>\n<meta property=\"og:image\" content=\"https:\/\/mwc-cmm.org\/wp-content\/uploads\/2024\/11\/image-32-711x1024.png\" \/>\n\t<meta property=\"og:image:width\" content=\"711\" \/>\n\t<meta property=\"og:image:height\" content=\"1024\" \/>\n\t<meta property=\"og:image:type\" content=\"image\/png\" \/>\n<script type=\"application\/ld+json\" class=\"yoast-schema-graph\">{\"@context\":\"https:\\\/\\\/schema.org\",\"@graph\":[{\"@type\":\"WebPage\",\"@id\":\"https:\\\/\\\/mwc-cmm.org\\\/de\\\/resources\\\/friedenssonntag-2023-gebetsanliegen\\\/\",\"url\":\"https:\\\/\\\/mwc-cmm.org\\\/de\\\/resources\\\/friedenssonntag-2023-gebetsanliegen\\\/\",\"name\":\"Friedenssonntag 2023 \u2013 Gebetsanliegen - Mennonite World Conference\",\"isPartOf\":{\"@id\":\"https:\\\/\\\/mwc-cmm.org\\\/en\\\/#website\"},\"primaryImageOfPage\":{\"@id\":\"https:\\\/\\\/mwc-cmm.org\\\/de\\\/resources\\\/friedenssonntag-2023-gebetsanliegen\\\/#primaryimage\"},\"image\":{\"@id\":\"https:\\\/\\\/mwc-cmm.org\\\/de\\\/resources\\\/friedenssonntag-2023-gebetsanliegen\\\/#primaryimage\"},\"thumbnailUrl\":\"https:\\\/\\\/mwc-cmm.org\\\/wp-content\\\/uploads\\\/2024\\\/11\\\/image-32-711x1024.png\",\"datePublished\":\"2023-08-19T17:39:50+00:00\",\"dateModified\":\"2024-12-13T01:10:45+00:00\",\"breadcrumb\":{\"@id\":\"https:\\\/\\\/mwc-cmm.org\\\/de\\\/resources\\\/friedenssonntag-2023-gebetsanliegen\\\/#breadcrumb\"},\"inLanguage\":\"de\",\"potentialAction\":[{\"@type\":\"ReadAction\",\"target\":[\"https:\\\/\\\/mwc-cmm.org\\\/de\\\/resources\\\/friedenssonntag-2023-gebetsanliegen\\\/\"]}]},{\"@type\":\"ImageObject\",\"inLanguage\":\"de\",\"@id\":\"https:\\\/\\\/mwc-cmm.org\\\/de\\\/resources\\\/friedenssonntag-2023-gebetsanliegen\\\/#primaryimage\",\"url\":\"https:\\\/\\\/mwc-cmm.org\\\/wp-content\\\/uploads\\\/2024\\\/11\\\/image-32-711x1024.png\",\"contentUrl\":\"https:\\\/\\\/mwc-cmm.org\\\/wp-content\\\/uploads\\\/2024\\\/11\\\/image-32-711x1024.png\"},{\"@type\":\"BreadcrumbList\",\"@id\":\"https:\\\/\\\/mwc-cmm.org\\\/de\\\/resources\\\/friedenssonntag-2023-gebetsanliegen\\\/#breadcrumb\",\"itemListElement\":[{\"@type\":\"ListItem\",\"position\":1,\"name\":\"Home\",\"item\":\"https:\\\/\\\/mwc-cmm.org\\\/de\\\/homepage\\\/\"},{\"@type\":\"ListItem\",\"position\":2,\"name\":\"Friedenssonntag 2023 \u2013 Gebetsanliegen\"}]},{\"@type\":\"WebSite\",\"@id\":\"https:\\\/\\\/mwc-cmm.org\\\/en\\\/#website\",\"url\":\"https:\\\/\\\/mwc-cmm.org\\\/en\\\/\",\"name\":\"Mennonite World Conference\",\"description\":\"A communion of Anabaptist-related churches\",\"publisher\":{\"@id\":\"https:\\\/\\\/mwc-cmm.org\\\/en\\\/#organization\"},\"alternateName\":\"MWC\",\"potentialAction\":[{\"@type\":\"SearchAction\",\"target\":{\"@type\":\"EntryPoint\",\"urlTemplate\":\"https:\\\/\\\/mwc-cmm.org\\\/en\\\/?s={search_term_string}\"},\"query-input\":{\"@type\":\"PropertyValueSpecification\",\"valueRequired\":true,\"valueName\":\"search_term_string\"}}],\"inLanguage\":\"de\"},{\"@type\":\"Organization\",\"@id\":\"https:\\\/\\\/mwc-cmm.org\\\/en\\\/#organization\",\"name\":\"Mennonite World Conference\",\"alternateName\":\"MWC\",\"url\":\"https:\\\/\\\/mwc-cmm.org\\\/en\\\/\",\"logo\":{\"@type\":\"ImageObject\",\"inLanguage\":\"de\",\"@id\":\"https:\\\/\\\/mwc-cmm.org\\\/en\\\/#\\\/schema\\\/logo\\\/image\\\/\",\"url\":\"https:\\\/\\\/mwc-cmm.org\\\/wp-content\\\/uploads\\\/2026\\\/01\\\/MWC_Sig_Blue_Horiz_webheader1-logo.svg\",\"contentUrl\":\"https:\\\/\\\/mwc-cmm.org\\\/wp-content\\\/uploads\\\/2026\\\/01\\\/MWC_Sig_Blue_Horiz_webheader1-logo.svg\",\"width\":786,\"height\":82,\"caption\":\"Mennonite World Conference\"},\"image\":{\"@id\":\"https:\\\/\\\/mwc-cmm.org\\\/en\\\/#\\\/schema\\\/logo\\\/image\\\/\"},\"sameAs\":[\"https:\\\/\\\/www.facebook.com\\\/MennoniteWorldConference\",\"https:\\\/\\\/www.linkedin.com\\\/company\\\/mennonite-world-conference-mwc\\\/\",\"https:\\\/\\\/www.instagram.com\\\/mwcmm\\\/\",\"https:\\\/\\\/www.youtube.com\\\/user\\\/mwccmm\",\"https:\\\/\\\/bsky.app\\\/profile\\\/mwcmm.bsky.social\"]}]}<\/script>\n<!-- \/ Yoast SEO plugin. -->","yoast_head_json":{"title":"Friedenssonntag 2023 \u2013 Gebetsanliegen - Mennonite World Conference","robots":{"index":"index","follow":"follow","max-snippet":"max-snippet:-1","max-image-preview":"max-image-preview:large","max-video-preview":"max-video-preview:-1"},"canonical":"https:\/\/mwc-cmm.org\/de\/resources\/friedenssonntag-2023-gebetsanliegen\/","og_locale":"de_DE","og_type":"article","og_title":"Friedenssonntag 2023 \u2013 Gebetsanliegen - Mennonite World Conference","og_url":"https:\/\/mwc-cmm.org\/de\/resources\/friedenssonntag-2023-gebetsanliegen\/","og_site_name":"Mennonite World Conference","article_publisher":"https:\/\/www.facebook.com\/MennoniteWorldConference","article_modified_time":"2024-12-13T01:10:45+00:00","og_image":[{"width":711,"height":1024,"url":"https:\/\/mwc-cmm.org\/wp-content\/uploads\/2024\/11\/image-32-711x1024.png","type":"image\/png"}],"schema":{"@context":"https:\/\/schema.org","@graph":[{"@type":"WebPage","@id":"https:\/\/mwc-cmm.org\/de\/resources\/friedenssonntag-2023-gebetsanliegen\/","url":"https:\/\/mwc-cmm.org\/de\/resources\/friedenssonntag-2023-gebetsanliegen\/","name":"Friedenssonntag 2023 \u2013 Gebetsanliegen - Mennonite World Conference","isPartOf":{"@id":"https:\/\/mwc-cmm.org\/en\/#website"},"primaryImageOfPage":{"@id":"https:\/\/mwc-cmm.org\/de\/resources\/friedenssonntag-2023-gebetsanliegen\/#primaryimage"},"image":{"@id":"https:\/\/mwc-cmm.org\/de\/resources\/friedenssonntag-2023-gebetsanliegen\/#primaryimage"},"thumbnailUrl":"https:\/\/mwc-cmm.org\/wp-content\/uploads\/2024\/11\/image-32-711x1024.png","datePublished":"2023-08-19T17:39:50+00:00","dateModified":"2024-12-13T01:10:45+00:00","breadcrumb":{"@id":"https:\/\/mwc-cmm.org\/de\/resources\/friedenssonntag-2023-gebetsanliegen\/#breadcrumb"},"inLanguage":"de","potentialAction":[{"@type":"ReadAction","target":["https:\/\/mwc-cmm.org\/de\/resources\/friedenssonntag-2023-gebetsanliegen\/"]}]},{"@type":"ImageObject","inLanguage":"de","@id":"https:\/\/mwc-cmm.org\/de\/resources\/friedenssonntag-2023-gebetsanliegen\/#primaryimage","url":"https:\/\/mwc-cmm.org\/wp-content\/uploads\/2024\/11\/image-32-711x1024.png","contentUrl":"https:\/\/mwc-cmm.org\/wp-content\/uploads\/2024\/11\/image-32-711x1024.png"},{"@type":"BreadcrumbList","@id":"https:\/\/mwc-cmm.org\/de\/resources\/friedenssonntag-2023-gebetsanliegen\/#breadcrumb","itemListElement":[{"@type":"ListItem","position":1,"name":"Home","item":"https:\/\/mwc-cmm.org\/de\/homepage\/"},{"@type":"ListItem","position":2,"name":"Friedenssonntag 2023 \u2013 Gebetsanliegen"}]},{"@type":"WebSite","@id":"https:\/\/mwc-cmm.org\/en\/#website","url":"https:\/\/mwc-cmm.org\/en\/","name":"Mennonite World Conference","description":"A communion of Anabaptist-related churches","publisher":{"@id":"https:\/\/mwc-cmm.org\/en\/#organization"},"alternateName":"MWC","potentialAction":[{"@type":"SearchAction","target":{"@type":"EntryPoint","urlTemplate":"https:\/\/mwc-cmm.org\/en\/?s={search_term_string}"},"query-input":{"@type":"PropertyValueSpecification","valueRequired":true,"valueName":"search_term_string"}}],"inLanguage":"de"},{"@type":"Organization","@id":"https:\/\/mwc-cmm.org\/en\/#organization","name":"Mennonite World Conference","alternateName":"MWC","url":"https:\/\/mwc-cmm.org\/en\/","logo":{"@type":"ImageObject","inLanguage":"de","@id":"https:\/\/mwc-cmm.org\/en\/#\/schema\/logo\/image\/","url":"https:\/\/mwc-cmm.org\/wp-content\/uploads\/2026\/01\/MWC_Sig_Blue_Horiz_webheader1-logo.svg","contentUrl":"https:\/\/mwc-cmm.org\/wp-content\/uploads\/2026\/01\/MWC_Sig_Blue_Horiz_webheader1-logo.svg","width":786,"height":82,"caption":"Mennonite World Conference"},"image":{"@id":"https:\/\/mwc-cmm.org\/en\/#\/schema\/logo\/image\/"},"sameAs":["https:\/\/www.facebook.com\/MennoniteWorldConference","https:\/\/www.linkedin.com\/company\/mennonite-world-conference-mwc\/","https:\/\/www.instagram.com\/mwcmm\/","https:\/\/www.youtube.com\/user\/mwccmm","https:\/\/bsky.app\/profile\/mwcmm.bsky.social"]}]}},"_links":{"self":[{"href":"https:\/\/mwc-cmm.org\/de\/wp-json\/wp\/v2\/mwcresource\/17116","targetHints":{"allow":["GET"]}}],"collection":[{"href":"https:\/\/mwc-cmm.org\/de\/wp-json\/wp\/v2\/mwcresource"}],"about":[{"href":"https:\/\/mwc-cmm.org\/de\/wp-json\/wp\/v2\/types\/mwcresource"}],"wp:attachment":[{"href":"https:\/\/mwc-cmm.org\/de\/wp-json\/wp\/v2\/media?parent=17116"}],"wp:term":[{"taxonomy":"network","embeddable":true,"href":"https:\/\/mwc-cmm.org\/de\/wp-json\/wp\/v2\/network?post=17116"},{"taxonomy":"resourcetype","embeddable":true,"href":"https:\/\/mwc-cmm.org\/de\/wp-json\/wp\/v2\/resourcetype?post=17116"},{"taxonomy":"language","embeddable":true,"href":"https:\/\/mwc-cmm.org\/de\/wp-json\/wp\/v2\/language?post=17116"},{"taxonomy":"resourcecategory","embeddable":true,"href":"https:\/\/mwc-cmm.org\/de\/wp-json\/wp\/v2\/resourcecategory?post=17116"},{"taxonomy":"resourcetheme","embeddable":true,"href":"https:\/\/mwc-cmm.org\/de\/wp-json\/wp\/v2\/resourcetheme?post=17116"},{"taxonomy":"eventcategory","embeddable":true,"href":"https:\/\/mwc-cmm.org\/de\/wp-json\/wp\/v2\/eventcategory?post=17116"}],"curies":[{"name":"wp","href":"https:\/\/api.w.org\/{rel}","templated":true}]}}