{"id":121746,"date":"2025-10-17T10:52:31","date_gmt":"2025-10-17T10:52:31","guid":{"rendered":"https:\/\/mwc-cmm.org\/resources\/mennonitischer-weltgemeinschaftssonntag-2026\/"},"modified":"2026-01-22T16:59:59","modified_gmt":"2026-01-22T16:59:59","slug":"mennonitischer-weltgemeinschaftssonntag-2026","status":"publish","type":"mwcresource","link":"https:\/\/mwc-cmm.org\/de\/resources\/mennonitischer-weltgemeinschaftssonntag-2026\/","title":{"rendered":"Mennonitischer Weltgemeinschaftssonntag 2026"},"content":{"rendered":"\n<div class=\"wp-block-columns is-layout-flex wp-container-core-columns-is-layout-28f84493 wp-block-columns-is-layout-flex\">\n<div class=\"wp-block-column is-layout-flow wp-block-column-is-layout-flow\" style=\"flex-basis:66.66%\">\n<h2 class=\"wp-block-heading\">Thema <\/h2>\n\n\n\n<p>Solidarit\u00e4t <\/p>\n\n\n\n<h2 class=\"wp-block-heading\">Warum dieses Thema gew\u00e4hlt wurde <\/h2>\n\n\n\n<p>\u201eEinheit leben\u201d geh\u00f6rt zum Mittelpunkt unserer Identit\u00e4t als Mennonitische Weltkonferenz (vgl. den MWK-Slogan \u201eJesus folgen. Einheit leben. Frieden verwirklichen.\u201c). Mit unseren t\u00e4uferischen Geschwistern \u00fcben wir uns in Einheit \u00fcber Konfessionsgrenzen hinweg, lokal und weltweit. Wir sind solidarisch mit dem Leib Christi im weiten Sinne und mit zus\u00e4tzlichen Partnern, um Frieden zu bauen und Gerechtigkeit zu suchen.  <\/p>\n\n\n\n<p>Solidarit\u00e4t ist ein anderes Wort f\u00fcr die Verbindungen, die wir im Leib Christi leben. Indem die Einheit in Taten zum Ausdruck kommt, werden unsere Bem\u00fchungen kraftvoll: Wir erheben unsere Stimmen und stellen unsere finanziellen Mittel zur Unterst\u00fctzung bereit. Wir stehen zusammen und ermutigen uns gegenseitig. Wir achten darauf, dass niemand zur\u00fcckbleibt.   <\/p>\n\n\n\n<h2 class=\"wp-block-heading\">Biblische Texte <\/h2>\n\n\n\n<ul class=\"wp-block-list\">\n<li>Altes Testament: Micha 6,8  <\/li>\n\n\n\n<li>Psalm: Psalm 40,1-11&nbsp;<\/li>\n\n\n\n<li>Evangelium: Lukas 10,25-37  <\/li>\n\n\n\n<li>Neues Testament: 1. Korinther 13,13  <\/li>\n<\/ul>\n\n\n\n<h2 class=\"wp-block-heading\">Ressourcen in diesem Paket  <\/h2>\n\n\n\n<ul class=\"wp-block-list\">\n<li>Liturgien und Symbole f\u00fcr Versammlungen und Segnungen  <\/li>\n\n\n\n<li><a href=\"https:\/\/mwc-cmm.org\/de\/stories\/mennonitischerweltgemeinschaftssonntag-2026-predigt\/\">Predigten&nbsp;<\/a><\/li>\n\n\n\n<li><span class=\"TextRun SCXW37722680 BCX0\" lang=\"DE-DE\" xml:lang=\"DE-DE\" data-contrast=\"auto\"><span class=\"NormalTextRun SCXW37722680 BCX0\">Zeugnisse aus Europa&nbsp;<\/span><\/span><span class=\"EOP SCXW37722680 BCX0\" data-ccp-props=\"{}\">&nbsp;<\/span><\/li>\n\n\n\n<li><span class=\"TextRun SCXW142641439 BCX0\" lang=\"DE-DE\" xml:lang=\"DE-DE\" data-contrast=\"auto\"><span class=\"NormalTextRun SCXW142641439 BCX0\">Malvorlagen f\u00fcr Kinder<\/span><\/span><span class=\"EOP SCXW142641439 BCX0\" data-ccp-props=\"{}\">&nbsp;<\/span><\/li>\n\n\n\n<li><span class=\"TextRun SCXW105059960 BCX0\" lang=\"DE-DE\" xml:lang=\"DE-DE\" data-contrast=\"auto\"><span class=\"NormalTextRun SCXW105059960 BCX0\">Vorschl\u00e4ge f\u00fcr den Zehnten und Opfergaben&nbsp;<\/span><\/span><span class=\"EOP SCXW105059960 BCX0\" data-ccp-props=\"{}\">&nbsp;<\/span><\/li>\n\n\n\n<li>Ideen f\u00fcr Feierlichkeiten  <\/li>\n\n\n\n<li><span class=\"TextRun SCXW65059376 BCX0\" lang=\"DE-DE\" xml:lang=\"DE-DE\" data-contrast=\"auto\"><span class=\"NormalTextRun SCXW65059376 BCX0\">Poster<\/span><\/span><span class=\"EOP SCXW65059376 BCX0\" data-ccp-props=\"{}\">&nbsp;<\/span><\/li>\n<\/ul>\n\n\n\n<h2 class=\"wp-block-heading\">Zus\u00e4tzliche Ressourcen  <\/h2>\n\n\n\n<ul class=\"wp-block-list\">\n<li><a href=\"https:\/\/www.youtube.com\/playlist?list=PLrO98PUzjOB26YTBCis_5mLo-6A7H43S1\">Videos<\/a><\/li>\n\n\n\n<li><a href=\"https:\/\/flickr.com\/photos\/mwcmm\/albums\/72177720323369248\/\">Photos<\/a><\/li>\n\n\n\n<li>Feierkarte <\/li>\n\n\n\n<li><a href=\"https:\/\/mwc-cmm.org\/en\/stories\/how-mennonites-came-be\/\"><span class=\"TextRun SCXW212833135 BCX0\" lang=\"DE-DE\" xml:lang=\"DE-DE\" data-contrast=\"auto\"><span class=\"NormalTextRun SCXW212833135 BCX0\">Historischer Kontext der T\u00e4ufer<\/span><\/span><\/a><\/li>\n<\/ul>\n<\/div>\n\n\n\n<div class=\"wp-block-column is-layout-flow wp-block-column-is-layout-flow\" style=\"flex-basis:33.33%\">\n<div data-wp-interactive=\"core\/file\" class=\"wp-block-file\"><object data-wp-bind--hidden=\"!state.hasPdfPreview\" hidden class=\"wp-block-file__embed\" data=\"https:\/\/mwc-cmm.org\/wp-content\/uploads\/2025\/10\/AWFS-2026-GER.pdf\" type=\"application\/pdf\" style=\"width:100%;height:448px\" aria-label=\"Einbettung von AWFS 2026 GER.\"><\/object><a id=\"wp-block-file--media-a8c66fbf-224b-42a8-a881-e9376ad7cbf6\" href=\"https:\/\/mwc-cmm.org\/wp-content\/uploads\/2025\/10\/AWFS-2026-GER.pdf\">AWFS 2026 GER<\/a><a href=\"https:\/\/mwc-cmm.org\/wp-content\/uploads\/2025\/10\/AWFS-2026-GER.pdf\" class=\"wp-block-file__button wp-element-button\" download aria-describedby=\"wp-block-file--media-a8c66fbf-224b-42a8-a881-e9376ad7cbf6\">Herunterladen<\/a><\/div>\n<\/div>\n<\/div>\n\n\n\n<p><\/p>\n","protected":false},"featured_media":120487,"template":"","network":[],"resourcetype":[381],"language":[165,168,167],"resourcecategory":[1365],"resourcetheme":[327,328,336],"eventcategory":[300],"class_list":["post-121746","mwcresource","type-mwcresource","status-publish","has-post-thumbnail","hentry","resourcetype-pdf","language-en","language-es","language-fr","resourcecategory-worship-resource-2","resourcetheme-identity","resourcetheme-unity","resourcetheme-worship","eventcategory-anabaptist-world-fellowship-sunday"],"acf":[],"yoast_head":"<!-- This site is optimized with the Yoast SEO plugin v27.5 - https:\/\/yoast.com\/product\/yoast-seo-wordpress\/ -->\n<title>Mennonitischer Weltgemeinschaftssonntag 2026 - Mennonite World Conference<\/title>\n<meta name=\"description\" content=\"Sermons, songs, prayers and testimonies for celebrating Anabaptist World Fellowship Sunday in 2026.\" \/>\n<meta name=\"robots\" content=\"index, follow, max-snippet:-1, max-image-preview:large, max-video-preview:-1\" \/>\n<link rel=\"canonical\" href=\"https:\/\/mwc-cmm.org\/de\/resources\/mennonitischer-weltgemeinschaftssonntag-2026\/\" \/>\n<meta property=\"og:locale\" content=\"de_DE\" \/>\n<meta property=\"og:type\" content=\"article\" \/>\n<meta property=\"og:title\" content=\"Mennonitischer Weltgemeinschaftssonntag 2026 - Mennonite World Conference\" \/>\n<meta property=\"og:description\" content=\"Sermons, songs, prayers and testimonies for celebrating Anabaptist World Fellowship Sunday in 2026.\" \/>\n<meta property=\"og:url\" content=\"https:\/\/mwc-cmm.org\/de\/resources\/mennonitischer-weltgemeinschaftssonntag-2026\/\" \/>\n<meta property=\"og:site_name\" content=\"Mennonite World Conference\" \/>\n<meta property=\"article:publisher\" content=\"https:\/\/www.facebook.com\/MennoniteWorldConference\" \/>\n<meta property=\"article:modified_time\" content=\"2026-01-22T16:59:59+00:00\" \/>\n<meta property=\"og:image\" content=\"https:\/\/mwc-cmm.org\/wp-content\/uploads\/2025\/10\/AWFS-2026-EN.png\" \/>\n\t<meta property=\"og:image:width\" content=\"1063\" \/>\n\t<meta property=\"og:image:height\" content=\"1397\" \/>\n\t<meta property=\"og:image:type\" content=\"image\/png\" \/>\n<script type=\"application\/ld+json\" class=\"yoast-schema-graph\">{\"@context\":\"https:\\\/\\\/schema.org\",\"@graph\":[{\"@type\":\"WebPage\",\"@id\":\"https:\\\/\\\/mwc-cmm.org\\\/de\\\/resources\\\/mennonitischer-weltgemeinschaftssonntag-2026\\\/\",\"url\":\"https:\\\/\\\/mwc-cmm.org\\\/de\\\/resources\\\/mennonitischer-weltgemeinschaftssonntag-2026\\\/\",\"name\":\"Mennonitischer Weltgemeinschaftssonntag 2026 - Mennonite World Conference\",\"isPartOf\":{\"@id\":\"https:\\\/\\\/mwc-cmm.org\\\/en\\\/#website\"},\"primaryImageOfPage\":{\"@id\":\"https:\\\/\\\/mwc-cmm.org\\\/de\\\/resources\\\/mennonitischer-weltgemeinschaftssonntag-2026\\\/#primaryimage\"},\"image\":{\"@id\":\"https:\\\/\\\/mwc-cmm.org\\\/de\\\/resources\\\/mennonitischer-weltgemeinschaftssonntag-2026\\\/#primaryimage\"},\"thumbnailUrl\":\"https:\\\/\\\/mwc-cmm.org\\\/wp-content\\\/uploads\\\/2025\\\/10\\\/AWFS-2026-EN.png\",\"datePublished\":\"2025-10-17T10:52:31+00:00\",\"dateModified\":\"2026-01-22T16:59:59+00:00\",\"description\":\"Sermons, songs, prayers and testimonies for celebrating Anabaptist World Fellowship Sunday in 2026.\",\"breadcrumb\":{\"@id\":\"https:\\\/\\\/mwc-cmm.org\\\/de\\\/resources\\\/mennonitischer-weltgemeinschaftssonntag-2026\\\/#breadcrumb\"},\"inLanguage\":\"de\",\"potentialAction\":[{\"@type\":\"ReadAction\",\"target\":[\"https:\\\/\\\/mwc-cmm.org\\\/de\\\/resources\\\/mennonitischer-weltgemeinschaftssonntag-2026\\\/\"]}]},{\"@type\":\"ImageObject\",\"inLanguage\":\"de\",\"@id\":\"https:\\\/\\\/mwc-cmm.org\\\/de\\\/resources\\\/mennonitischer-weltgemeinschaftssonntag-2026\\\/#primaryimage\",\"url\":\"https:\\\/\\\/mwc-cmm.org\\\/wp-content\\\/uploads\\\/2025\\\/10\\\/AWFS-2026-EN.png\",\"contentUrl\":\"https:\\\/\\\/mwc-cmm.org\\\/wp-content\\\/uploads\\\/2025\\\/10\\\/AWFS-2026-EN.png\",\"width\":1063,\"height\":1397},{\"@type\":\"BreadcrumbList\",\"@id\":\"https:\\\/\\\/mwc-cmm.org\\\/de\\\/resources\\\/mennonitischer-weltgemeinschaftssonntag-2026\\\/#breadcrumb\",\"itemListElement\":[{\"@type\":\"ListItem\",\"position\":1,\"name\":\"Home\",\"item\":\"https:\\\/\\\/mwc-cmm.org\\\/de\\\/homepage\\\/\"},{\"@type\":\"ListItem\",\"position\":2,\"name\":\"Mennonitischer Weltgemeinschaftssonntag 2026\"}]},{\"@type\":\"WebSite\",\"@id\":\"https:\\\/\\\/mwc-cmm.org\\\/en\\\/#website\",\"url\":\"https:\\\/\\\/mwc-cmm.org\\\/en\\\/\",\"name\":\"Mennonite World Conference\",\"description\":\"A communion of Anabaptist-related churches\",\"publisher\":{\"@id\":\"https:\\\/\\\/mwc-cmm.org\\\/en\\\/#organization\"},\"alternateName\":\"MWC\",\"potentialAction\":[{\"@type\":\"SearchAction\",\"target\":{\"@type\":\"EntryPoint\",\"urlTemplate\":\"https:\\\/\\\/mwc-cmm.org\\\/en\\\/?s={search_term_string}\"},\"query-input\":{\"@type\":\"PropertyValueSpecification\",\"valueRequired\":true,\"valueName\":\"search_term_string\"}}],\"inLanguage\":\"de\"},{\"@type\":\"Organization\",\"@id\":\"https:\\\/\\\/mwc-cmm.org\\\/en\\\/#organization\",\"name\":\"Mennonite World Conference\",\"alternateName\":\"MWC\",\"url\":\"https:\\\/\\\/mwc-cmm.org\\\/en\\\/\",\"logo\":{\"@type\":\"ImageObject\",\"inLanguage\":\"de\",\"@id\":\"https:\\\/\\\/mwc-cmm.org\\\/en\\\/#\\\/schema\\\/logo\\\/image\\\/\",\"url\":\"https:\\\/\\\/mwc-cmm.org\\\/wp-content\\\/uploads\\\/2026\\\/01\\\/MWC_Sig_Blue_Horiz_webheader1-logo.svg\",\"contentUrl\":\"https:\\\/\\\/mwc-cmm.org\\\/wp-content\\\/uploads\\\/2026\\\/01\\\/MWC_Sig_Blue_Horiz_webheader1-logo.svg\",\"width\":786,\"height\":82,\"caption\":\"Mennonite World Conference\"},\"image\":{\"@id\":\"https:\\\/\\\/mwc-cmm.org\\\/en\\\/#\\\/schema\\\/logo\\\/image\\\/\"},\"sameAs\":[\"https:\\\/\\\/www.facebook.com\\\/MennoniteWorldConference\",\"https:\\\/\\\/www.linkedin.com\\\/company\\\/mennonite-world-conference-mwc\\\/\",\"https:\\\/\\\/www.instagram.com\\\/mwcmm\\\/\",\"https:\\\/\\\/www.youtube.com\\\/user\\\/mwccmm\",\"https:\\\/\\\/bsky.app\\\/profile\\\/mwcmm.bsky.social\"]}]}<\/script>\n<!-- \/ Yoast SEO plugin. -->","yoast_head_json":{"title":"Mennonitischer Weltgemeinschaftssonntag 2026 - Mennonite World Conference","description":"Sermons, songs, prayers and testimonies for celebrating Anabaptist World Fellowship Sunday in 2026.","robots":{"index":"index","follow":"follow","max-snippet":"max-snippet:-1","max-image-preview":"max-image-preview:large","max-video-preview":"max-video-preview:-1"},"canonical":"https:\/\/mwc-cmm.org\/de\/resources\/mennonitischer-weltgemeinschaftssonntag-2026\/","og_locale":"de_DE","og_type":"article","og_title":"Mennonitischer Weltgemeinschaftssonntag 2026 - Mennonite World Conference","og_description":"Sermons, songs, prayers and testimonies for celebrating Anabaptist World Fellowship Sunday in 2026.","og_url":"https:\/\/mwc-cmm.org\/de\/resources\/mennonitischer-weltgemeinschaftssonntag-2026\/","og_site_name":"Mennonite World Conference","article_publisher":"https:\/\/www.facebook.com\/MennoniteWorldConference","article_modified_time":"2026-01-22T16:59:59+00:00","og_image":[{"width":1063,"height":1397,"url":"https:\/\/mwc-cmm.org\/wp-content\/uploads\/2025\/10\/AWFS-2026-EN.png","type":"image\/png"}],"schema":{"@context":"https:\/\/schema.org","@graph":[{"@type":"WebPage","@id":"https:\/\/mwc-cmm.org\/de\/resources\/mennonitischer-weltgemeinschaftssonntag-2026\/","url":"https:\/\/mwc-cmm.org\/de\/resources\/mennonitischer-weltgemeinschaftssonntag-2026\/","name":"Mennonitischer Weltgemeinschaftssonntag 2026 - Mennonite World Conference","isPartOf":{"@id":"https:\/\/mwc-cmm.org\/en\/#website"},"primaryImageOfPage":{"@id":"https:\/\/mwc-cmm.org\/de\/resources\/mennonitischer-weltgemeinschaftssonntag-2026\/#primaryimage"},"image":{"@id":"https:\/\/mwc-cmm.org\/de\/resources\/mennonitischer-weltgemeinschaftssonntag-2026\/#primaryimage"},"thumbnailUrl":"https:\/\/mwc-cmm.org\/wp-content\/uploads\/2025\/10\/AWFS-2026-EN.png","datePublished":"2025-10-17T10:52:31+00:00","dateModified":"2026-01-22T16:59:59+00:00","description":"Sermons, songs, prayers and testimonies for celebrating Anabaptist World Fellowship Sunday in 2026.","breadcrumb":{"@id":"https:\/\/mwc-cmm.org\/de\/resources\/mennonitischer-weltgemeinschaftssonntag-2026\/#breadcrumb"},"inLanguage":"de","potentialAction":[{"@type":"ReadAction","target":["https:\/\/mwc-cmm.org\/de\/resources\/mennonitischer-weltgemeinschaftssonntag-2026\/"]}]},{"@type":"ImageObject","inLanguage":"de","@id":"https:\/\/mwc-cmm.org\/de\/resources\/mennonitischer-weltgemeinschaftssonntag-2026\/#primaryimage","url":"https:\/\/mwc-cmm.org\/wp-content\/uploads\/2025\/10\/AWFS-2026-EN.png","contentUrl":"https:\/\/mwc-cmm.org\/wp-content\/uploads\/2025\/10\/AWFS-2026-EN.png","width":1063,"height":1397},{"@type":"BreadcrumbList","@id":"https:\/\/mwc-cmm.org\/de\/resources\/mennonitischer-weltgemeinschaftssonntag-2026\/#breadcrumb","itemListElement":[{"@type":"ListItem","position":1,"name":"Home","item":"https:\/\/mwc-cmm.org\/de\/homepage\/"},{"@type":"ListItem","position":2,"name":"Mennonitischer Weltgemeinschaftssonntag 2026"}]},{"@type":"WebSite","@id":"https:\/\/mwc-cmm.org\/en\/#website","url":"https:\/\/mwc-cmm.org\/en\/","name":"Mennonite World Conference","description":"A communion of Anabaptist-related churches","publisher":{"@id":"https:\/\/mwc-cmm.org\/en\/#organization"},"alternateName":"MWC","potentialAction":[{"@type":"SearchAction","target":{"@type":"EntryPoint","urlTemplate":"https:\/\/mwc-cmm.org\/en\/?s={search_term_string}"},"query-input":{"@type":"PropertyValueSpecification","valueRequired":true,"valueName":"search_term_string"}}],"inLanguage":"de"},{"@type":"Organization","@id":"https:\/\/mwc-cmm.org\/en\/#organization","name":"Mennonite World Conference","alternateName":"MWC","url":"https:\/\/mwc-cmm.org\/en\/","logo":{"@type":"ImageObject","inLanguage":"de","@id":"https:\/\/mwc-cmm.org\/en\/#\/schema\/logo\/image\/","url":"https:\/\/mwc-cmm.org\/wp-content\/uploads\/2026\/01\/MWC_Sig_Blue_Horiz_webheader1-logo.svg","contentUrl":"https:\/\/mwc-cmm.org\/wp-content\/uploads\/2026\/01\/MWC_Sig_Blue_Horiz_webheader1-logo.svg","width":786,"height":82,"caption":"Mennonite World Conference"},"image":{"@id":"https:\/\/mwc-cmm.org\/en\/#\/schema\/logo\/image\/"},"sameAs":["https:\/\/www.facebook.com\/MennoniteWorldConference","https:\/\/www.linkedin.com\/company\/mennonite-world-conference-mwc\/","https:\/\/www.instagram.com\/mwcmm\/","https:\/\/www.youtube.com\/user\/mwccmm","https:\/\/bsky.app\/profile\/mwcmm.bsky.social"]}]}},"_links":{"self":[{"href":"https:\/\/mwc-cmm.org\/de\/wp-json\/wp\/v2\/mwcresource\/121746","targetHints":{"allow":["GET"]}}],"collection":[{"href":"https:\/\/mwc-cmm.org\/de\/wp-json\/wp\/v2\/mwcresource"}],"about":[{"href":"https:\/\/mwc-cmm.org\/de\/wp-json\/wp\/v2\/types\/mwcresource"}],"wp:featuredmedia":[{"embeddable":true,"href":"https:\/\/mwc-cmm.org\/de\/wp-json\/wp\/v2\/media\/120487"}],"wp:attachment":[{"href":"https:\/\/mwc-cmm.org\/de\/wp-json\/wp\/v2\/media?parent=121746"}],"wp:term":[{"taxonomy":"network","embeddable":true,"href":"https:\/\/mwc-cmm.org\/de\/wp-json\/wp\/v2\/network?post=121746"},{"taxonomy":"resourcetype","embeddable":true,"href":"https:\/\/mwc-cmm.org\/de\/wp-json\/wp\/v2\/resourcetype?post=121746"},{"taxonomy":"language","embeddable":true,"href":"https:\/\/mwc-cmm.org\/de\/wp-json\/wp\/v2\/language?post=121746"},{"taxonomy":"resourcecategory","embeddable":true,"href":"https:\/\/mwc-cmm.org\/de\/wp-json\/wp\/v2\/resourcecategory?post=121746"},{"taxonomy":"resourcetheme","embeddable":true,"href":"https:\/\/mwc-cmm.org\/de\/wp-json\/wp\/v2\/resourcetheme?post=121746"},{"taxonomy":"eventcategory","embeddable":true,"href":"https:\/\/mwc-cmm.org\/de\/wp-json\/wp\/v2\/eventcategory?post=121746"}],"curies":[{"name":"wp","href":"https:\/\/api.w.org\/{rel}","templated":true}]}}