{"id":118650,"date":"2025-08-20T05:07:27","date_gmt":"2025-08-20T05:07:27","guid":{"rendered":"https:\/\/mwc-cmm.org\/?post_type=mwcresource&#038;p=118650"},"modified":"2025-09-17T05:31:58","modified_gmt":"2025-09-17T05:31:58","slug":"friedenssonntag-2025-materialien-fuer-den-gottesdienst","status":"publish","type":"mwcresource","link":"https:\/\/mwc-cmm.org\/de\/resources\/friedenssonntag-2025-materialien-fuer-den-gottesdienst\/","title":{"rendered":"Friedenssonntag 2025 \u2013 Materialien f\u00fcr den Gottesdienst"},"content":{"rendered":"\n<div class=\"wp-block-columns alignwide is-layout-flex wp-container-core-columns-is-layout-28f84493 wp-block-columns-is-layout-flex\">\n<div class=\"wp-block-column is-layout-flow wp-block-column-is-layout-flow\" style=\"flex-basis:66.66%\">\n<h3 class=\"wp-block-heading\">Thema<\/h3>\n\n\n\n<p>Mut zur Liebe<\/p>\n\n\n\n<h3 class=\"wp-block-heading\" style=\"text-transform:none\">Warum wir dieses Thema gew\u00e4hlt haben<\/h3>\n\n\n\n<p>Um Liebe zu leben braucht es Mut.<br>Jesus ermutigt seine Nachfolger \u2013 und auch alle, die ihm zuh\u00f6ren \u2013 immer<br>wieder, Liebe in Taten sichtbar werden zu lassen. Dabei macht er deutlich, wie<br>gef\u00e4hrlich \u2013 und damit auch mutig \u2013 solche Taten sein k\u00f6nnen.<br>Diese Unterlagen f\u00fcr den Friedenssonntag laden dazu ein, Wege zu entdecken, zu erkunden und zu st\u00e4rken, wie wir den Mut zur Liebe aufbringen \u2013 f\u00fcr unsere Welt und in ihr.<\/p>\n\n\n\n<h3 class=\"wp-block-heading\">Bibeltext<\/h3>\n\n\n\n<ul class=\"wp-block-list\">\n<li>Matth\u00e4us 22,34-40<\/li>\n<\/ul>\n\n\n\n<h3 class=\"wp-block-heading\">Zus\u00e4tzliche Materialien<\/h3>\n\n\n\n<ul class=\"wp-block-list\">\n<li>Gebete und Liturgien<\/li>\n\n\n\n<li>Anregungen f\u00fcr die Predigt<\/li>\n\n\n\n<li>Einblicke<\/li>\n\n\n\n<li>Gebetsanliegen<\/li>\n\n\n\n<li>Aktivit\u00e4ten<\/li>\n<\/ul>\n\n\n\n<h3 class=\"wp-block-heading\" style=\"text-transform:none\">Zus\u00e4tzliche online verf\u00fcgbare Ressourcen<\/h3>\n\n\n\n<ul class=\"wp-block-list\">\n<li><a href=\"https:\/\/flic.kr\/s\/aHBqjCrSC5\">Bilder<\/a><\/li>\n\n\n\n<li>Liedvorschl\u00e4ge<\/li>\n<\/ul>\n<\/div>\n\n\n\n<div class=\"wp-block-column is-layout-flow wp-block-column-is-layout-flow\" style=\"flex-basis:33.33%\">\n<div data-wp-interactive=\"core\/file\" class=\"wp-block-file\"><object data-wp-bind--hidden=\"!state.hasPdfPreview\" hidden class=\"wp-block-file__embed\" data=\"https:\/\/mwc-cmm.org\/wp-content\/uploads\/2025\/09\/Peace-Sunday-2025-GER_FIN.pdf\" type=\"application\/pdf\" style=\"width:100%;height:500px\" aria-label=\"Einbettung von Friedenssonntag 2025.\"><\/object><a id=\"wp-block-file--media-4509c6be-b624-4768-9a18-3c06f61234c2\" href=\"https:\/\/mwc-cmm.org\/wp-content\/uploads\/2025\/09\/Peace-Sunday-2025-GER_FIN.pdf\">Friedenssonntag 2025<\/a><a href=\"https:\/\/mwc-cmm.org\/wp-content\/uploads\/2025\/09\/Peace-Sunday-2025-GER_FIN.pdf\" class=\"wp-block-file__button wp-element-button\" download aria-describedby=\"wp-block-file--media-4509c6be-b624-4768-9a18-3c06f61234c2\">Download<\/a><\/div>\n<\/div>\n<\/div>\n\n\n\n<hr class=\"wp-block-separator has-alpha-channel-opacity\"\/>\n\n\n\n<div class=\"wp-block-buttons alignwide is-layout-flex wp-block-buttons-is-layout-flex\">\n<div class=\"wp-block-button\"><a class=\"wp-block-button__link has-magenta-background-color has-background wp-element-button\" href=\"https:\/\/mwc-cmm.org\/en\/donate-now\/\">Donate<\/a><\/div>\n<\/div>\n\n\n\n<p><\/p>\n","protected":false},"featured_media":118135,"template":"","network":[],"resourcetype":[],"language":[],"resourcecategory":[],"resourcetheme":[],"eventcategory":[],"class_list":["post-118650","mwcresource","type-mwcresource","status-publish","has-post-thumbnail","hentry"],"acf":[],"yoast_head":"<!-- This site is optimized with the Yoast SEO plugin v27.5 - https:\/\/yoast.com\/product\/yoast-seo-wordpress\/ -->\n<title>Friedenssonntag 2025 \u2013 Materialien f\u00fcr den Gottesdienst - Mennonite World Conference<\/title>\n<meta name=\"robots\" content=\"index, follow, max-snippet:-1, max-image-preview:large, max-video-preview:-1\" \/>\n<link rel=\"canonical\" href=\"https:\/\/mwc-cmm.org\/de\/resources\/friedenssonntag-2025-materialien-fuer-den-gottesdienst\/\" \/>\n<meta property=\"og:locale\" content=\"de_DE\" \/>\n<meta property=\"og:type\" content=\"article\" \/>\n<meta property=\"og:title\" content=\"Friedenssonntag 2025 \u2013 Materialien f\u00fcr den Gottesdienst - Mennonite World Conference\" \/>\n<meta property=\"og:description\" content=\"Thema Mut zur Liebe Warum wir dieses Thema gew\u00e4hlt haben Um Liebe zu leben braucht es Mut.Jesus ermutigt seine Nachfolger \u2013 und auch alle, die ihm zuh\u00f6ren \u2013 immerwieder, Liebe in Taten sichtbar werden zu lassen. Dabei macht er deutlich, wiegef\u00e4hrlich \u2013 und damit auch mutig \u2013 solche Taten sein k\u00f6nnen.Diese Unterlagen f\u00fcr den Friedenssonntag [&hellip;]\" \/>\n<meta property=\"og:url\" content=\"https:\/\/mwc-cmm.org\/de\/resources\/friedenssonntag-2025-materialien-fuer-den-gottesdienst\/\" \/>\n<meta property=\"og:site_name\" content=\"Mennonite World Conference\" \/>\n<meta property=\"article:publisher\" content=\"https:\/\/www.facebook.com\/MennoniteWorldConference\" \/>\n<meta property=\"article:modified_time\" content=\"2025-09-17T05:31:58+00:00\" \/>\n<meta property=\"og:image\" content=\"https:\/\/mwc-cmm.org\/wp-content\/uploads\/2025\/08\/Screenshot-2025-08-28-at-22.40.45.png\" \/>\n\t<meta property=\"og:image:width\" content=\"1074\" \/>\n\t<meta property=\"og:image:height\" content=\"1396\" \/>\n\t<meta property=\"og:image:type\" content=\"image\/png\" \/>\n<script type=\"application\/ld+json\" class=\"yoast-schema-graph\">{\"@context\":\"https:\\\/\\\/schema.org\",\"@graph\":[{\"@type\":\"WebPage\",\"@id\":\"https:\\\/\\\/mwc-cmm.org\\\/de\\\/resources\\\/friedenssonntag-2025-materialien-fuer-den-gottesdienst\\\/\",\"url\":\"https:\\\/\\\/mwc-cmm.org\\\/de\\\/resources\\\/friedenssonntag-2025-materialien-fuer-den-gottesdienst\\\/\",\"name\":\"Friedenssonntag 2025 \u2013 Materialien f\u00fcr den Gottesdienst - Mennonite World Conference\",\"isPartOf\":{\"@id\":\"https:\\\/\\\/mwc-cmm.org\\\/en\\\/#website\"},\"primaryImageOfPage\":{\"@id\":\"https:\\\/\\\/mwc-cmm.org\\\/de\\\/resources\\\/friedenssonntag-2025-materialien-fuer-den-gottesdienst\\\/#primaryimage\"},\"image\":{\"@id\":\"https:\\\/\\\/mwc-cmm.org\\\/de\\\/resources\\\/friedenssonntag-2025-materialien-fuer-den-gottesdienst\\\/#primaryimage\"},\"thumbnailUrl\":\"https:\\\/\\\/mwc-cmm.org\\\/wp-content\\\/uploads\\\/2025\\\/08\\\/Screenshot-2025-08-28-at-22.40.45.png\",\"datePublished\":\"2025-08-20T05:07:27+00:00\",\"dateModified\":\"2025-09-17T05:31:58+00:00\",\"breadcrumb\":{\"@id\":\"https:\\\/\\\/mwc-cmm.org\\\/de\\\/resources\\\/friedenssonntag-2025-materialien-fuer-den-gottesdienst\\\/#breadcrumb\"},\"inLanguage\":\"de\",\"potentialAction\":[{\"@type\":\"ReadAction\",\"target\":[\"https:\\\/\\\/mwc-cmm.org\\\/de\\\/resources\\\/friedenssonntag-2025-materialien-fuer-den-gottesdienst\\\/\"]}]},{\"@type\":\"ImageObject\",\"inLanguage\":\"de\",\"@id\":\"https:\\\/\\\/mwc-cmm.org\\\/de\\\/resources\\\/friedenssonntag-2025-materialien-fuer-den-gottesdienst\\\/#primaryimage\",\"url\":\"https:\\\/\\\/mwc-cmm.org\\\/wp-content\\\/uploads\\\/2025\\\/08\\\/Screenshot-2025-08-28-at-22.40.45.png\",\"contentUrl\":\"https:\\\/\\\/mwc-cmm.org\\\/wp-content\\\/uploads\\\/2025\\\/08\\\/Screenshot-2025-08-28-at-22.40.45.png\",\"width\":1074,\"height\":1396,\"caption\":\"Peace Sunday 2025 EN\"},{\"@type\":\"BreadcrumbList\",\"@id\":\"https:\\\/\\\/mwc-cmm.org\\\/de\\\/resources\\\/friedenssonntag-2025-materialien-fuer-den-gottesdienst\\\/#breadcrumb\",\"itemListElement\":[{\"@type\":\"ListItem\",\"position\":1,\"name\":\"Home\",\"item\":\"https:\\\/\\\/mwc-cmm.org\\\/de\\\/homepage\\\/\"},{\"@type\":\"ListItem\",\"position\":2,\"name\":\"Friedenssonntag 2025 \u2013 Materialien f\u00fcr den Gottesdienst\"}]},{\"@type\":\"WebSite\",\"@id\":\"https:\\\/\\\/mwc-cmm.org\\\/en\\\/#website\",\"url\":\"https:\\\/\\\/mwc-cmm.org\\\/en\\\/\",\"name\":\"Mennonite World Conference\",\"description\":\"A communion of Anabaptist-related churches\",\"publisher\":{\"@id\":\"https:\\\/\\\/mwc-cmm.org\\\/en\\\/#organization\"},\"alternateName\":\"MWC\",\"potentialAction\":[{\"@type\":\"SearchAction\",\"target\":{\"@type\":\"EntryPoint\",\"urlTemplate\":\"https:\\\/\\\/mwc-cmm.org\\\/en\\\/?s={search_term_string}\"},\"query-input\":{\"@type\":\"PropertyValueSpecification\",\"valueRequired\":true,\"valueName\":\"search_term_string\"}}],\"inLanguage\":\"de\"},{\"@type\":\"Organization\",\"@id\":\"https:\\\/\\\/mwc-cmm.org\\\/en\\\/#organization\",\"name\":\"Mennonite World Conference\",\"alternateName\":\"MWC\",\"url\":\"https:\\\/\\\/mwc-cmm.org\\\/en\\\/\",\"logo\":{\"@type\":\"ImageObject\",\"inLanguage\":\"de\",\"@id\":\"https:\\\/\\\/mwc-cmm.org\\\/en\\\/#\\\/schema\\\/logo\\\/image\\\/\",\"url\":\"https:\\\/\\\/mwc-cmm.org\\\/wp-content\\\/uploads\\\/2026\\\/01\\\/MWC_Sig_Blue_Horiz_webheader1-logo.svg\",\"contentUrl\":\"https:\\\/\\\/mwc-cmm.org\\\/wp-content\\\/uploads\\\/2026\\\/01\\\/MWC_Sig_Blue_Horiz_webheader1-logo.svg\",\"width\":786,\"height\":82,\"caption\":\"Mennonite World Conference\"},\"image\":{\"@id\":\"https:\\\/\\\/mwc-cmm.org\\\/en\\\/#\\\/schema\\\/logo\\\/image\\\/\"},\"sameAs\":[\"https:\\\/\\\/www.facebook.com\\\/MennoniteWorldConference\",\"https:\\\/\\\/www.linkedin.com\\\/company\\\/mennonite-world-conference-mwc\\\/\",\"https:\\\/\\\/www.instagram.com\\\/mwcmm\\\/\",\"https:\\\/\\\/www.youtube.com\\\/user\\\/mwccmm\",\"https:\\\/\\\/bsky.app\\\/profile\\\/mwcmm.bsky.social\"]}]}<\/script>\n<!-- \/ Yoast SEO plugin. -->","yoast_head_json":{"title":"Friedenssonntag 2025 \u2013 Materialien f\u00fcr den Gottesdienst - Mennonite World Conference","robots":{"index":"index","follow":"follow","max-snippet":"max-snippet:-1","max-image-preview":"max-image-preview:large","max-video-preview":"max-video-preview:-1"},"canonical":"https:\/\/mwc-cmm.org\/de\/resources\/friedenssonntag-2025-materialien-fuer-den-gottesdienst\/","og_locale":"de_DE","og_type":"article","og_title":"Friedenssonntag 2025 \u2013 Materialien f\u00fcr den Gottesdienst - Mennonite World Conference","og_description":"Thema Mut zur Liebe Warum wir dieses Thema gew\u00e4hlt haben Um Liebe zu leben braucht es Mut.Jesus ermutigt seine Nachfolger \u2013 und auch alle, die ihm zuh\u00f6ren \u2013 immerwieder, Liebe in Taten sichtbar werden zu lassen. Dabei macht er deutlich, wiegef\u00e4hrlich \u2013 und damit auch mutig \u2013 solche Taten sein k\u00f6nnen.Diese Unterlagen f\u00fcr den Friedenssonntag [&hellip;]","og_url":"https:\/\/mwc-cmm.org\/de\/resources\/friedenssonntag-2025-materialien-fuer-den-gottesdienst\/","og_site_name":"Mennonite World Conference","article_publisher":"https:\/\/www.facebook.com\/MennoniteWorldConference","article_modified_time":"2025-09-17T05:31:58+00:00","og_image":[{"width":1074,"height":1396,"url":"https:\/\/mwc-cmm.org\/wp-content\/uploads\/2025\/08\/Screenshot-2025-08-28-at-22.40.45.png","type":"image\/png"}],"schema":{"@context":"https:\/\/schema.org","@graph":[{"@type":"WebPage","@id":"https:\/\/mwc-cmm.org\/de\/resources\/friedenssonntag-2025-materialien-fuer-den-gottesdienst\/","url":"https:\/\/mwc-cmm.org\/de\/resources\/friedenssonntag-2025-materialien-fuer-den-gottesdienst\/","name":"Friedenssonntag 2025 \u2013 Materialien f\u00fcr den Gottesdienst - Mennonite World Conference","isPartOf":{"@id":"https:\/\/mwc-cmm.org\/en\/#website"},"primaryImageOfPage":{"@id":"https:\/\/mwc-cmm.org\/de\/resources\/friedenssonntag-2025-materialien-fuer-den-gottesdienst\/#primaryimage"},"image":{"@id":"https:\/\/mwc-cmm.org\/de\/resources\/friedenssonntag-2025-materialien-fuer-den-gottesdienst\/#primaryimage"},"thumbnailUrl":"https:\/\/mwc-cmm.org\/wp-content\/uploads\/2025\/08\/Screenshot-2025-08-28-at-22.40.45.png","datePublished":"2025-08-20T05:07:27+00:00","dateModified":"2025-09-17T05:31:58+00:00","breadcrumb":{"@id":"https:\/\/mwc-cmm.org\/de\/resources\/friedenssonntag-2025-materialien-fuer-den-gottesdienst\/#breadcrumb"},"inLanguage":"de","potentialAction":[{"@type":"ReadAction","target":["https:\/\/mwc-cmm.org\/de\/resources\/friedenssonntag-2025-materialien-fuer-den-gottesdienst\/"]}]},{"@type":"ImageObject","inLanguage":"de","@id":"https:\/\/mwc-cmm.org\/de\/resources\/friedenssonntag-2025-materialien-fuer-den-gottesdienst\/#primaryimage","url":"https:\/\/mwc-cmm.org\/wp-content\/uploads\/2025\/08\/Screenshot-2025-08-28-at-22.40.45.png","contentUrl":"https:\/\/mwc-cmm.org\/wp-content\/uploads\/2025\/08\/Screenshot-2025-08-28-at-22.40.45.png","width":1074,"height":1396,"caption":"Peace Sunday 2025 EN"},{"@type":"BreadcrumbList","@id":"https:\/\/mwc-cmm.org\/de\/resources\/friedenssonntag-2025-materialien-fuer-den-gottesdienst\/#breadcrumb","itemListElement":[{"@type":"ListItem","position":1,"name":"Home","item":"https:\/\/mwc-cmm.org\/de\/homepage\/"},{"@type":"ListItem","position":2,"name":"Friedenssonntag 2025 \u2013 Materialien f\u00fcr den Gottesdienst"}]},{"@type":"WebSite","@id":"https:\/\/mwc-cmm.org\/en\/#website","url":"https:\/\/mwc-cmm.org\/en\/","name":"Mennonite World Conference","description":"A communion of Anabaptist-related churches","publisher":{"@id":"https:\/\/mwc-cmm.org\/en\/#organization"},"alternateName":"MWC","potentialAction":[{"@type":"SearchAction","target":{"@type":"EntryPoint","urlTemplate":"https:\/\/mwc-cmm.org\/en\/?s={search_term_string}"},"query-input":{"@type":"PropertyValueSpecification","valueRequired":true,"valueName":"search_term_string"}}],"inLanguage":"de"},{"@type":"Organization","@id":"https:\/\/mwc-cmm.org\/en\/#organization","name":"Mennonite World Conference","alternateName":"MWC","url":"https:\/\/mwc-cmm.org\/en\/","logo":{"@type":"ImageObject","inLanguage":"de","@id":"https:\/\/mwc-cmm.org\/en\/#\/schema\/logo\/image\/","url":"https:\/\/mwc-cmm.org\/wp-content\/uploads\/2026\/01\/MWC_Sig_Blue_Horiz_webheader1-logo.svg","contentUrl":"https:\/\/mwc-cmm.org\/wp-content\/uploads\/2026\/01\/MWC_Sig_Blue_Horiz_webheader1-logo.svg","width":786,"height":82,"caption":"Mennonite World Conference"},"image":{"@id":"https:\/\/mwc-cmm.org\/en\/#\/schema\/logo\/image\/"},"sameAs":["https:\/\/www.facebook.com\/MennoniteWorldConference","https:\/\/www.linkedin.com\/company\/mennonite-world-conference-mwc\/","https:\/\/www.instagram.com\/mwcmm\/","https:\/\/www.youtube.com\/user\/mwccmm","https:\/\/bsky.app\/profile\/mwcmm.bsky.social"]}]}},"_links":{"self":[{"href":"https:\/\/mwc-cmm.org\/de\/wp-json\/wp\/v2\/mwcresource\/118650","targetHints":{"allow":["GET"]}}],"collection":[{"href":"https:\/\/mwc-cmm.org\/de\/wp-json\/wp\/v2\/mwcresource"}],"about":[{"href":"https:\/\/mwc-cmm.org\/de\/wp-json\/wp\/v2\/types\/mwcresource"}],"wp:featuredmedia":[{"embeddable":true,"href":"https:\/\/mwc-cmm.org\/de\/wp-json\/wp\/v2\/media\/118135"}],"wp:attachment":[{"href":"https:\/\/mwc-cmm.org\/de\/wp-json\/wp\/v2\/media?parent=118650"}],"wp:term":[{"taxonomy":"network","embeddable":true,"href":"https:\/\/mwc-cmm.org\/de\/wp-json\/wp\/v2\/network?post=118650"},{"taxonomy":"resourcetype","embeddable":true,"href":"https:\/\/mwc-cmm.org\/de\/wp-json\/wp\/v2\/resourcetype?post=118650"},{"taxonomy":"language","embeddable":true,"href":"https:\/\/mwc-cmm.org\/de\/wp-json\/wp\/v2\/language?post=118650"},{"taxonomy":"resourcecategory","embeddable":true,"href":"https:\/\/mwc-cmm.org\/de\/wp-json\/wp\/v2\/resourcecategory?post=118650"},{"taxonomy":"resourcetheme","embeddable":true,"href":"https:\/\/mwc-cmm.org\/de\/wp-json\/wp\/v2\/resourcetheme?post=118650"},{"taxonomy":"eventcategory","embeddable":true,"href":"https:\/\/mwc-cmm.org\/de\/wp-json\/wp\/v2\/eventcategory?post=118650"}],"curies":[{"name":"wp","href":"https:\/\/api.w.org\/{rel}","templated":true}]}}